{"id":3134,"date":"2020-08-15T11:47:46","date_gmt":"2020-08-15T11:47:46","guid":{"rendered":"https:\/\/weber-medien.de\/?post_type=bauman_portfolio&#038;p=3134"},"modified":"2023-04-25T13:46:14","modified_gmt":"2023-04-25T13:46:14","slug":"aalen-michael-weber-fotografie-fotostudio-fotoloft-ellwangen-heidenheim-abtsgmuend-neubronn-schwaebisch-gmuend","status":"publish","type":"bauman_portfolio","link":"https:\/\/weber-medien.de\/?bauman_portfolio=aalen-michael-weber-fotografie-fotostudio-fotoloft-ellwangen-heidenheim-abtsgmuend-neubronn-schwaebisch-gmuend","title":{"rendered":"Aalen Michael Weber Fotografie Fotostudio Fotoloft Ellwangen Heidenheim Abtsgm\u00fcnd Neubronn Schw\u00e4bisch Gm\u00fcnd"},"content":{"rendered":"\n<div class=\"wp-block-bauman-gutenberg-container\" style=\"background-color:#f2f2f2;text-align:left\"><\/div>\n\n\n\n<div id=\"justified-grid\" class=\"wp-block-bauman-gutenberg-collage full has-animation\">\n<div class=\"collage-thumb\"><a class=\"image-link\" href=\"https:\/\/weber-medien.de\/wp-content\/uploads\/2020\/08\/donau-ries-immobilien-loft-kaufen-hochzeitsfotograf-brautkleid-scaled.jpg\"><img decoding=\"async\" src=\"https:\/\/weber-medien.de\/wp-content\/uploads\/2020\/08\/donau-ries-immobilien-loft-kaufen-hochzeitsfotograf-brautkleid-scaled.jpg\" alt=\"\" \/><div class=\"thumb-info\"><h6><\/h6><\/div><\/a><\/div>\n\n\n\n<div class=\"collage-thumb\"><a class=\"image-link\" href=\"https:\/\/weber-medien.de\/wp-content\/uploads\/2020\/08\/ostalbkreis-immobilien-loft-kaufen-hochzeitsfotograf-brautkleid-scaled.jpg\"><img decoding=\"async\" src=\"https:\/\/weber-medien.de\/wp-content\/uploads\/2020\/08\/ostalbkreis-immobilien-loft-kaufen-hochzeitsfotograf-brautkleid-scaled.jpg\" alt=\"\" \/><div class=\"thumb-info\"><h6><\/h6><\/div><\/a><\/div>\n\n\n\n<div class=\"collage-thumb\"><a class=\"image-link\" href=\"https:\/\/weber-medien.de\/wp-content\/uploads\/2020\/08\/nuernberg-immobilien-loft-kaufen-hochzeitsfotograf-brautkleid-scaled.jpg\"><img decoding=\"async\" src=\"https:\/\/weber-medien.de\/wp-content\/uploads\/2020\/08\/nuernberg-immobilien-loft-kaufen-hochzeitsfotograf-brautkleid-scaled.jpg\" alt=\"\" \/><div class=\"thumb-info\"><h6><\/h6><\/div><\/a><\/div>\n\n\n\n<div class=\"collage-thumb\"><a class=\"image-link\" href=\"https:\/\/weber-medien.de\/wp-content\/uploads\/2020\/08\/muenchen-immobilien-loft-kaufen-hochzeitsfotograf-brautkleid-scaled.jpg\"><img decoding=\"async\" src=\"https:\/\/weber-medien.de\/wp-content\/uploads\/2020\/08\/muenchen-immobilien-loft-kaufen-hochzeitsfotograf-brautkleid-scaled.jpg\" alt=\"\" \/><div class=\"thumb-info\"><h6><\/h6><\/div><\/a><\/div>\n\n\n\n<div class=\"collage-thumb\"><a class=\"image-link\" href=\"https:\/\/weber-medien.de\/wp-content\/uploads\/2020\/08\/augsburg-immobilien-loft-kaufen-hochzeitsfotograf-brautkleid-scaled.jpg\"><img decoding=\"async\" src=\"https:\/\/weber-medien.de\/wp-content\/uploads\/2020\/08\/augsburg-immobilien-loft-kaufen-hochzeitsfotograf-brautkleid-scaled.jpg\" alt=\"\" \/><div class=\"thumb-info\"><h6><\/h6><\/div><\/a><\/div>\n\n\n\n<div class=\"collage-thumb\"><a class=\"image-link\" href=\"https:\/\/weber-medien.de\/wp-content\/uploads\/2020\/08\/westhausen-immobilien-loft-kaufen-hochzeitsfotograf-brautkleid-scaled.jpg\"><img decoding=\"async\" src=\"https:\/\/weber-medien.de\/wp-content\/uploads\/2020\/08\/westhausen-immobilien-loft-kaufen-hochzeitsfotograf-brautkleid-scaled.jpg\" alt=\"\" \/><div class=\"thumb-info\"><h6><\/h6><\/div><\/a><\/div>\n\n\n\n<div class=\"collage-thumb\"><a class=\"image-link\" href=\"https:\/\/weber-medien.de\/wp-content\/uploads\/2020\/08\/goeppingen-immobilien-loft-kaufen-hochzeitsfotograf-brautkleid-scaled.jpg\"><img decoding=\"async\" src=\"https:\/\/weber-medien.de\/wp-content\/uploads\/2020\/08\/goeppingen-immobilien-loft-kaufen-hochzeitsfotograf-brautkleid-scaled.jpg\" alt=\"\" \/><div class=\"thumb-info\"><h6><\/h6><\/div><\/a><\/div>\n\n\n\n<div class=\"collage-thumb\"><a class=\"image-link\" href=\"https:\/\/weber-medien.de\/wp-content\/uploads\/2020\/08\/stuttgart-immobilien-loft-kaufen-hochzeitsfotograf-brautkleid-scaled.jpg\"><img decoding=\"async\" src=\"https:\/\/weber-medien.de\/wp-content\/uploads\/2020\/08\/stuttgart-immobilien-loft-kaufen-hochzeitsfotograf-brautkleid-scaled.jpg\" alt=\"\" \/><div class=\"thumb-info\"><h6><\/h6><\/div><\/a><\/div>\n\n\n\n<div class=\"collage-thumb\"><a class=\"image-link\" href=\"https:\/\/weber-medien.de\/wp-content\/uploads\/2020\/08\/essingen-immobilien-loft-kaufen-hochzeitsfotograf-brautkleid-scaled.jpg\"><img decoding=\"async\" src=\"https:\/\/weber-medien.de\/wp-content\/uploads\/2020\/08\/essingen-immobilien-loft-kaufen-hochzeitsfotograf-brautkleid-scaled.jpg\" alt=\"\" \/><div class=\"thumb-info\"><h6><\/h6><\/div><\/a><\/div>\n\n\n\n<div class=\"collage-thumb\"><a class=\"image-link\" href=\"https:\/\/weber-medien.de\/wp-content\/uploads\/2020\/08\/moegglingen-immobilien-loft-kaufen-hochzeitsfotograf-brautkleid-scaled.jpg\"><img decoding=\"async\" src=\"https:\/\/weber-medien.de\/wp-content\/uploads\/2020\/08\/moegglingen-immobilien-loft-kaufen-hochzeitsfotograf-brautkleid-scaled.jpg\" alt=\"\" \/><div class=\"thumb-info\"><h6><\/h6><\/div><\/a><\/div>\n\n\n\n<div class=\"collage-thumb\"><a class=\"image-link\" href=\"https:\/\/weber-medien.de\/wp-content\/uploads\/2020\/08\/steinheim-immobilien-loft-kaufen-hochzeitsfotograf-brautkleid-scaled.jpg\"><img decoding=\"async\" src=\"https:\/\/weber-medien.de\/wp-content\/uploads\/2020\/08\/steinheim-immobilien-loft-kaufen-hochzeitsfotograf-brautkleid-scaled.jpg\" alt=\"\" \/><div class=\"thumb-info\"><h6><\/h6><\/div><\/a><\/div>\n\n\n\n<div class=\"collage-thumb\"><a class=\"image-link\" href=\"https:\/\/weber-medien.de\/wp-content\/uploads\/2020\/08\/adelmannsfelden-brautkleid-hochzeitsfeier-fotograf-immobilien-scaled.jpg\"><img decoding=\"async\" src=\"https:\/\/weber-medien.de\/wp-content\/uploads\/2020\/08\/adelmannsfelden-brautkleid-hochzeitsfeier-fotograf-immobilien-scaled.jpg\" alt=\"\" \/><div class=\"thumb-info\"><h6><\/h6><\/div><\/a><\/div>\n\n\n\n<div class=\"collage-thumb\"><a class=\"image-link\" href=\"https:\/\/weber-medien.de\/wp-content\/uploads\/2020\/08\/koenigsbronn-luxus-loft-immobilien-fotostudio-hochzeitsfeier-brautkleid-scaled.jpg\"><img decoding=\"async\" src=\"https:\/\/weber-medien.de\/wp-content\/uploads\/2020\/08\/koenigsbronn-luxus-loft-immobilien-fotostudio-hochzeitsfeier-brautkleid-scaled.jpg\" alt=\"\" \/><div class=\"thumb-info\"><h6><\/h6><\/div><\/a><\/div>\n\n\n\n<div class=\"collage-thumb\"><a class=\"image-link\" href=\"https:\/\/weber-medien.de\/wp-content\/uploads\/2020\/08\/schnaitheim-loft-braut-hochzeitsfotograf-fotostudio-loft-immonilien-scaled.jpg\"><img decoding=\"async\" src=\"https:\/\/weber-medien.de\/wp-content\/uploads\/2020\/08\/schnaitheim-loft-braut-hochzeitsfotograf-fotostudio-loft-immonilien-scaled.jpg\" alt=\"\" \/><div class=\"thumb-info\"><h6><\/h6><\/div><\/a><\/div>\n\n\n\n<div class=\"collage-thumb\"><a class=\"image-link\" href=\"https:\/\/weber-medien.de\/wp-content\/uploads\/2020\/08\/oberkochen-luxus-immobilien-hochzeitsfotograf-fotostudio-loft-scaled.jpg\"><img decoding=\"async\" src=\"https:\/\/weber-medien.de\/wp-content\/uploads\/2020\/08\/oberkochen-luxus-immobilien-hochzeitsfotograf-fotostudio-loft-scaled.jpg\" alt=\"\" \/><div class=\"thumb-info\"><h6><\/h6><\/div><\/a><\/div>\n\n\n\n<div class=\"collage-thumb\"><a class=\"image-link\" href=\"https:\/\/weber-medien.de\/wp-content\/uploads\/2020\/08\/unterkochen-hochzeitsfotografie-luxus-loft-immobilien-braut-scaled.jpg\"><img decoding=\"async\" src=\"https:\/\/weber-medien.de\/wp-content\/uploads\/2020\/08\/unterkochen-hochzeitsfotografie-luxus-loft-immobilien-braut-scaled.jpg\" alt=\"\" \/><div class=\"thumb-info\"><h6><\/h6><\/div><\/a><\/div>\n\n\n\n<div class=\"collage-thumb\"><a class=\"image-link\" href=\"https:\/\/weber-medien.de\/wp-content\/uploads\/2020\/08\/huettlingen-immobilien-hochzeiotsfotografie-feier-braut-fotograf-scaled.jpg\"><img decoding=\"async\" src=\"https:\/\/weber-medien.de\/wp-content\/uploads\/2020\/08\/huettlingen-immobilien-hochzeiotsfotografie-feier-braut-fotograf-scaled.jpg\" alt=\"\" \/><div class=\"thumb-info\"><h6><\/h6><\/div><\/a><\/div>\n\n\n\n<div class=\"collage-thumb\"><a class=\"image-link\" href=\"https:\/\/weber-medien.de\/wp-content\/uploads\/2020\/08\/wasseralfingen-hochzeitsfeier-braut-fotostudio-braeutigam-scaled.jpg\"><img decoding=\"async\" src=\"https:\/\/weber-medien.de\/wp-content\/uploads\/2020\/08\/wasseralfingen-hochzeitsfeier-braut-fotostudio-braeutigam-scaled.jpg\" alt=\"\" \/><div class=\"thumb-info\"><h6><\/h6><\/div><\/a><\/div>\n\n\n\n<div class=\"collage-thumb\"><a class=\"image-link\" href=\"https:\/\/weber-medien.de\/wp-content\/uploads\/2020\/08\/ellwangen-immobilien-luxus-loft-hochzeitsfotografie-brautkleid-scaled.jpg\"><img decoding=\"async\" src=\"https:\/\/weber-medien.de\/wp-content\/uploads\/2020\/08\/ellwangen-immobilien-luxus-loft-hochzeitsfotografie-brautkleid-scaled.jpg\" alt=\"\" \/><div class=\"thumb-info\"><h6><\/h6><\/div><\/a><\/div>\n\n\n\n<div class=\"collage-thumb\"><a class=\"image-link\" href=\"https:\/\/weber-medien.de\/wp-content\/uploads\/2020\/08\/neubronn-immobilien-foto-loft-hochzeitsfeier-braut-fotostudio-scaled.jpg\"><img decoding=\"async\" src=\"https:\/\/weber-medien.de\/wp-content\/uploads\/2020\/08\/neubronn-immobilien-foto-loft-hochzeitsfeier-braut-fotostudio-scaled.jpg\" alt=\"\" \/><div class=\"thumb-info\"><h6><\/h6><\/div><\/a><\/div>\n\n\n\n<div class=\"collage-thumb\"><a class=\"image-link\" href=\"https:\/\/weber-medien.de\/wp-content\/uploads\/2020\/08\/abtsgmuend-hochzeitsfotografie-foto-loft-aalen-fotostudio-braut-scaled.jpg\"><img decoding=\"async\" src=\"https:\/\/weber-medien.de\/wp-content\/uploads\/2020\/08\/abtsgmuend-hochzeitsfotografie-foto-loft-aalen-fotostudio-braut-scaled.jpg\" alt=\"\" \/><div class=\"thumb-info\"><h6><\/h6><\/div><\/a><\/div>\n\n\n\n<div class=\"collage-thumb\"><a class=\"image-link\" href=\"https:\/\/weber-medien.de\/wp-content\/uploads\/2020\/08\/heidenheim-hochzeitsfeier-luxus-loft-fotografie-braeutigam-scaled.jpg\"><img decoding=\"async\" src=\"https:\/\/weber-medien.de\/wp-content\/uploads\/2020\/08\/heidenheim-hochzeitsfeier-luxus-loft-fotografie-braeutigam-scaled.jpg\" alt=\"\" \/><div class=\"thumb-info\"><h6><\/h6><\/div><\/a><\/div>\n\n\n\n<div class=\"collage-thumb\"><a class=\"image-link\" href=\"https:\/\/weber-medien.de\/wp-content\/uploads\/2020\/08\/schwaebisch-gmuend-luxus-loft-fotografie-hochzeitsfeier-braut-scaled.jpg\"><img decoding=\"async\" src=\"https:\/\/weber-medien.de\/wp-content\/uploads\/2020\/08\/schwaebisch-gmuend-luxus-loft-fotografie-hochzeitsfeier-braut-scaled.jpg\" alt=\"\" \/><div class=\"thumb-info\"><h6><\/h6><\/div><\/a><\/div>\n\n\n\n<div class=\"collage-thumb\"><a class=\"image-link\" href=\"https:\/\/weber-medien.de\/wp-content\/uploads\/2020\/08\/lauchheim-hochzeitsfotografie-luxus-loft-immobilien-scaled.jpg\"><img decoding=\"async\" src=\"https:\/\/weber-medien.de\/wp-content\/uploads\/2020\/08\/lauchheim-hochzeitsfotografie-luxus-loft-immobilien-scaled.jpg\" alt=\"\" \/><div class=\"thumb-info\"><h6><\/h6><\/div><\/a><\/div>\n\n\n\n<div class=\"collage-thumb\"><a class=\"image-link\" href=\"https:\/\/weber-medien.de\/wp-content\/uploads\/2020\/08\/bopfingen-immobilien-luxus-loft-fotostudio-hochzeitsfotografie-scaled.jpg\"><img decoding=\"async\" src=\"https:\/\/weber-medien.de\/wp-content\/uploads\/2020\/08\/bopfingen-immobilien-luxus-loft-fotostudio-hochzeitsfotografie-scaled.jpg\" alt=\"\" \/><div class=\"thumb-info\"><h6><\/h6><\/div><\/a><\/div>\n\n\n\n<div class=\"collage-thumb\"><a class=\"image-link\" href=\"https:\/\/weber-medien.de\/wp-content\/uploads\/2020\/08\/noerdlingen-luxus-immobilie-loft-fotografie-hochzeit-hochzeitsfotografie-scaled.jpg\"><img decoding=\"async\" src=\"https:\/\/weber-medien.de\/wp-content\/uploads\/2020\/08\/noerdlingen-luxus-immobilie-loft-fotografie-hochzeit-hochzeitsfotografie-scaled.jpg\" alt=\"\" \/><div class=\"thumb-info\"><h6><\/h6><\/div><\/a><\/div>\n\n\n\n<div class=\"collage-thumb\"><a class=\"image-link\" href=\"https:\/\/weber-medien.de\/wp-content\/uploads\/2020\/08\/aalen-luxus-loft-hochzeit-feier-braut-fotografie-hochzeitsfotografie-scaled.jpg\"><img decoding=\"async\" src=\"https:\/\/weber-medien.de\/wp-content\/uploads\/2020\/08\/aalen-luxus-loft-hochzeit-feier-braut-fotografie-hochzeitsfotografie-scaled.jpg\" alt=\"\" \/><div class=\"thumb-info\"><h6><\/h6><\/div><\/a><\/div>\n\n\n\n<div class=\"collage-thumb\"><a class=\"image-link\" href=\"https:\/\/weber-medien.de\/wp-content\/uploads\/2020\/08\/aalen-immobilien-luxus-loft-wohnung-fotostudio-hochzeitsfotograf-scaled.jpg\"><img decoding=\"async\" src=\"https:\/\/weber-medien.de\/wp-content\/uploads\/2020\/08\/aalen-immobilien-luxus-loft-wohnung-fotostudio-hochzeitsfotograf-scaled.jpg\" alt=\"\" \/><div class=\"thumb-info\"><h6><\/h6><\/div><\/a><\/div>\n<\/div>\n","protected":false},"template":"","portfolio_category":[25],"class_list":["post-3134","bauman_portfolio","type-bauman_portfolio","status-publish","hentry","portfolio_category-aalen"],"aioseo_notices":[],"yoast_head":"<!-- This site is optimized with the Yoast SEO plugin v27.5 - https:\/\/yoast.com\/product\/yoast-seo-wordpress\/ -->\n<title>Aalen Michael Weber Fotografie Fotostudio Fotoloft Ellwangen Heidenheim Abtsgm\u00fcnd Neubronn Schw\u00e4bisch Gm\u00fcnd - Fotografie Aalen Ellwangen Heidenheim Abtsgm\u00fcnd Oberkochen Unterkochen Schw\u00e4bisch Gm\u00fcnd Ostalb<\/title>\n<meta name=\"description\" content=\"Fotostudio in Aalen Fotoloft Ostalbkreis Penthouse Immobilien Makler Michael Weber Fotoart Fotokunst Art Kunst Heidenheim Steinheim N\u00f6rdlingen\" \/>\n<meta name=\"robots\" content=\"index, follow, max-snippet:-1, max-image-preview:large, max-video-preview:-1\" \/>\n<link rel=\"canonical\" href=\"https:\/\/weber-medien.de\/?bauman_portfolio=aalen-michael-weber-fotografie-fotostudio-fotoloft-ellwangen-heidenheim-abtsgmuend-neubronn-schwaebisch-gmuend\" \/>\n<meta property=\"og:locale\" content=\"de_DE\" \/>\n<meta property=\"og:type\" content=\"article\" \/>\n<meta property=\"og:title\" content=\"Aalen Michael Weber Fotografie Fotostudio Fotoloft Ellwangen Heidenheim Abtsgm\u00fcnd Neubronn Schw\u00e4bisch Gm\u00fcnd - Fotografie Aalen Ellwangen Heidenheim Abtsgm\u00fcnd Oberkochen Unterkochen Schw\u00e4bisch Gm\u00fcnd Ostalb\" \/>\n<meta property=\"og:description\" content=\"Fotostudio in Aalen Fotoloft Ostalbkreis Penthouse Immobilien Makler Michael Weber Fotoart Fotokunst Art Kunst Heidenheim Steinheim N\u00f6rdlingen\" \/>\n<meta property=\"og:url\" content=\"https:\/\/weber-medien.de\/?bauman_portfolio=aalen-michael-weber-fotografie-fotostudio-fotoloft-ellwangen-heidenheim-abtsgmuend-neubronn-schwaebisch-gmuend\" \/>\n<meta property=\"og:site_name\" content=\"Fotografie Aalen Ellwangen Heidenheim Abtsgm\u00fcnd Oberkochen Unterkochen Schw\u00e4bisch Gm\u00fcnd Ostalb\" \/>\n<meta property=\"article:publisher\" content=\"https:\/\/www.facebook.com\/weberfotografie\" \/>\n<meta property=\"article:modified_time\" content=\"2023-04-25T13:46:14+00:00\" \/>\n<meta property=\"og:image\" content=\"https:\/\/weber-medien.de\/wp-content\/uploads\/2021\/07\/michael-weber-fotografie-fotograf-fotostudio-ostalbkreis.jpg\" \/>\n\t<meta property=\"og:image:width\" content=\"1024\" \/>\n\t<meta property=\"og:image:height\" content=\"538\" \/>\n\t<meta property=\"og:image:type\" content=\"image\/jpeg\" \/>\n<meta name=\"twitter:card\" content=\"summary_large_image\" \/>\n<meta name=\"twitter:label1\" content=\"Gesch\u00e4tzte Lesezeit\" \/>\n\t<meta name=\"twitter:data1\" content=\"1\u00a0Minute\" \/>\n<script type=\"application\/ld+json\" class=\"yoast-schema-graph\">{\"@context\":\"https:\\\/\\\/schema.org\",\"@graph\":[{\"@type\":\"WebPage\",\"@id\":\"https:\\\/\\\/weber-medien.de\\\/?bauman_portfolio=aalen-michael-weber-fotografie-fotostudio-fotoloft-ellwangen-heidenheim-abtsgmuend-neubronn-schwaebisch-gmuend\",\"url\":\"https:\\\/\\\/weber-medien.de\\\/?bauman_portfolio=aalen-michael-weber-fotografie-fotostudio-fotoloft-ellwangen-heidenheim-abtsgmuend-neubronn-schwaebisch-gmuend\",\"name\":\"Aalen Michael Weber Fotografie Fotostudio Fotoloft Ellwangen Heidenheim Abtsgm\u00fcnd Neubronn Schw\u00e4bisch Gm\u00fcnd - Fotografie Aalen Ellwangen Heidenheim Abtsgm\u00fcnd Oberkochen Unterkochen Schw\u00e4bisch Gm\u00fcnd Ostalb\",\"isPartOf\":{\"@id\":\"https:\\\/\\\/weber-medien.de\\\/#website\"},\"datePublished\":\"2020-08-15T11:47:46+00:00\",\"dateModified\":\"2023-04-25T13:46:14+00:00\",\"description\":\"Fotostudio in Aalen Fotoloft Ostalbkreis Penthouse Immobilien Makler Michael Weber Fotoart Fotokunst Art Kunst Heidenheim Steinheim N\u00f6rdlingen\",\"breadcrumb\":{\"@id\":\"https:\\\/\\\/weber-medien.de\\\/?bauman_portfolio=aalen-michael-weber-fotografie-fotostudio-fotoloft-ellwangen-heidenheim-abtsgmuend-neubronn-schwaebisch-gmuend#breadcrumb\"},\"inLanguage\":\"de\",\"potentialAction\":[{\"@type\":\"ReadAction\",\"target\":[\"https:\\\/\\\/weber-medien.de\\\/?bauman_portfolio=aalen-michael-weber-fotografie-fotostudio-fotoloft-ellwangen-heidenheim-abtsgmuend-neubronn-schwaebisch-gmuend\"]}]},{\"@type\":\"BreadcrumbList\",\"@id\":\"https:\\\/\\\/weber-medien.de\\\/?bauman_portfolio=aalen-michael-weber-fotografie-fotostudio-fotoloft-ellwangen-heidenheim-abtsgmuend-neubronn-schwaebisch-gmuend#breadcrumb\",\"itemListElement\":[{\"@type\":\"ListItem\",\"position\":1,\"name\":\"Startseite\",\"item\":\"https:\\\/\\\/weber-medien.de\\\/\"},{\"@type\":\"ListItem\",\"position\":2,\"name\":\"Aalen Michael Weber Fotografie Fotostudio Fotoloft Ellwangen Heidenheim Abtsgm\u00fcnd Neubronn Schw\u00e4bisch Gm\u00fcnd\"}]},{\"@type\":\"WebSite\",\"@id\":\"https:\\\/\\\/weber-medien.de\\\/#website\",\"url\":\"https:\\\/\\\/weber-medien.de\\\/\",\"name\":\"Fotografie Aalen Ellwangen Heidenheim Abtsgm\u00fcnd Oberkochen Unterkochen Schw\u00e4bisch Gm\u00fcnd Ostalb\",\"description\":\"Fotografie Ostalbkreis Michael Weber Fotograf Hochzeit\",\"publisher\":{\"@id\":\"https:\\\/\\\/weber-medien.de\\\/#organization\"},\"potentialAction\":[{\"@type\":\"SearchAction\",\"target\":{\"@type\":\"EntryPoint\",\"urlTemplate\":\"https:\\\/\\\/weber-medien.de\\\/?s={search_term_string}\"},\"query-input\":{\"@type\":\"PropertyValueSpecification\",\"valueRequired\":true,\"valueName\":\"search_term_string\"}}],\"inLanguage\":\"de\"},{\"@type\":\"Organization\",\"@id\":\"https:\\\/\\\/weber-medien.de\\\/#organization\",\"name\":\"Michael Weber Fotografie in Aalen Ostalbkreis\",\"url\":\"https:\\\/\\\/weber-medien.de\\\/\",\"logo\":{\"@type\":\"ImageObject\",\"inLanguage\":\"de\",\"@id\":\"https:\\\/\\\/weber-medien.de\\\/#\\\/schema\\\/logo\\\/image\\\/\",\"url\":\"https:\\\/\\\/weber-medien.de\\\/wp-content\\\/uploads\\\/2021\\\/07\\\/michael-weber-fotografie-fotograf-fotostudio-hochzeitsfotografie-aalen-ostalbkreis.jpg\",\"contentUrl\":\"https:\\\/\\\/weber-medien.de\\\/wp-content\\\/uploads\\\/2021\\\/07\\\/michael-weber-fotografie-fotograf-fotostudio-hochzeitsfotografie-aalen-ostalbkreis.jpg\",\"width\":1200,\"height\":630,\"caption\":\"Michael Weber Fotografie in Aalen Ostalbkreis\"},\"image\":{\"@id\":\"https:\\\/\\\/weber-medien.de\\\/#\\\/schema\\\/logo\\\/image\\\/\"},\"sameAs\":[\"https:\\\/\\\/www.facebook.com\\\/weberfotografie\",\"https:\\\/\\\/www.instagram.com\\\/weberfotografie\"]}]}<\/script>\n<!-- \/ Yoast SEO plugin. -->","yoast_head_json":{"title":"Aalen Michael Weber Fotografie Fotostudio Fotoloft Ellwangen Heidenheim Abtsgm\u00fcnd Neubronn Schw\u00e4bisch Gm\u00fcnd - Fotografie Aalen Ellwangen Heidenheim Abtsgm\u00fcnd Oberkochen Unterkochen Schw\u00e4bisch Gm\u00fcnd Ostalb","description":"Fotostudio in Aalen Fotoloft Ostalbkreis Penthouse Immobilien Makler Michael Weber Fotoart Fotokunst Art Kunst Heidenheim Steinheim N\u00f6rdlingen","robots":{"index":"index","follow":"follow","max-snippet":"max-snippet:-1","max-image-preview":"max-image-preview:large","max-video-preview":"max-video-preview:-1"},"canonical":"https:\/\/weber-medien.de\/?bauman_portfolio=aalen-michael-weber-fotografie-fotostudio-fotoloft-ellwangen-heidenheim-abtsgmuend-neubronn-schwaebisch-gmuend","og_locale":"de_DE","og_type":"article","og_title":"Aalen Michael Weber Fotografie Fotostudio Fotoloft Ellwangen Heidenheim Abtsgm\u00fcnd Neubronn Schw\u00e4bisch Gm\u00fcnd - Fotografie Aalen Ellwangen Heidenheim Abtsgm\u00fcnd Oberkochen Unterkochen Schw\u00e4bisch Gm\u00fcnd Ostalb","og_description":"Fotostudio in Aalen Fotoloft Ostalbkreis Penthouse Immobilien Makler Michael Weber Fotoart Fotokunst Art Kunst Heidenheim Steinheim N\u00f6rdlingen","og_url":"https:\/\/weber-medien.de\/?bauman_portfolio=aalen-michael-weber-fotografie-fotostudio-fotoloft-ellwangen-heidenheim-abtsgmuend-neubronn-schwaebisch-gmuend","og_site_name":"Fotografie Aalen Ellwangen Heidenheim Abtsgm\u00fcnd Oberkochen Unterkochen Schw\u00e4bisch Gm\u00fcnd Ostalb","article_publisher":"https:\/\/www.facebook.com\/weberfotografie","article_modified_time":"2023-04-25T13:46:14+00:00","og_image":[{"width":1024,"height":538,"url":"https:\/\/weber-medien.de\/wp-content\/uploads\/2021\/07\/michael-weber-fotografie-fotograf-fotostudio-ostalbkreis.jpg","type":"image\/jpeg"}],"twitter_card":"summary_large_image","twitter_misc":{"Gesch\u00e4tzte Lesezeit":"1\u00a0Minute"},"schema":{"@context":"https:\/\/schema.org","@graph":[{"@type":"WebPage","@id":"https:\/\/weber-medien.de\/?bauman_portfolio=aalen-michael-weber-fotografie-fotostudio-fotoloft-ellwangen-heidenheim-abtsgmuend-neubronn-schwaebisch-gmuend","url":"https:\/\/weber-medien.de\/?bauman_portfolio=aalen-michael-weber-fotografie-fotostudio-fotoloft-ellwangen-heidenheim-abtsgmuend-neubronn-schwaebisch-gmuend","name":"Aalen Michael Weber Fotografie Fotostudio Fotoloft Ellwangen Heidenheim Abtsgm\u00fcnd Neubronn Schw\u00e4bisch Gm\u00fcnd - Fotografie Aalen Ellwangen Heidenheim Abtsgm\u00fcnd Oberkochen Unterkochen Schw\u00e4bisch Gm\u00fcnd Ostalb","isPartOf":{"@id":"https:\/\/weber-medien.de\/#website"},"datePublished":"2020-08-15T11:47:46+00:00","dateModified":"2023-04-25T13:46:14+00:00","description":"Fotostudio in Aalen Fotoloft Ostalbkreis Penthouse Immobilien Makler Michael Weber Fotoart Fotokunst Art Kunst Heidenheim Steinheim N\u00f6rdlingen","breadcrumb":{"@id":"https:\/\/weber-medien.de\/?bauman_portfolio=aalen-michael-weber-fotografie-fotostudio-fotoloft-ellwangen-heidenheim-abtsgmuend-neubronn-schwaebisch-gmuend#breadcrumb"},"inLanguage":"de","potentialAction":[{"@type":"ReadAction","target":["https:\/\/weber-medien.de\/?bauman_portfolio=aalen-michael-weber-fotografie-fotostudio-fotoloft-ellwangen-heidenheim-abtsgmuend-neubronn-schwaebisch-gmuend"]}]},{"@type":"BreadcrumbList","@id":"https:\/\/weber-medien.de\/?bauman_portfolio=aalen-michael-weber-fotografie-fotostudio-fotoloft-ellwangen-heidenheim-abtsgmuend-neubronn-schwaebisch-gmuend#breadcrumb","itemListElement":[{"@type":"ListItem","position":1,"name":"Startseite","item":"https:\/\/weber-medien.de\/"},{"@type":"ListItem","position":2,"name":"Aalen Michael Weber Fotografie Fotostudio Fotoloft Ellwangen Heidenheim Abtsgm\u00fcnd Neubronn Schw\u00e4bisch Gm\u00fcnd"}]},{"@type":"WebSite","@id":"https:\/\/weber-medien.de\/#website","url":"https:\/\/weber-medien.de\/","name":"Fotografie Aalen Ellwangen Heidenheim Abtsgm\u00fcnd Oberkochen Unterkochen Schw\u00e4bisch Gm\u00fcnd Ostalb","description":"Fotografie Ostalbkreis Michael Weber Fotograf Hochzeit","publisher":{"@id":"https:\/\/weber-medien.de\/#organization"},"potentialAction":[{"@type":"SearchAction","target":{"@type":"EntryPoint","urlTemplate":"https:\/\/weber-medien.de\/?s={search_term_string}"},"query-input":{"@type":"PropertyValueSpecification","valueRequired":true,"valueName":"search_term_string"}}],"inLanguage":"de"},{"@type":"Organization","@id":"https:\/\/weber-medien.de\/#organization","name":"Michael Weber Fotografie in Aalen Ostalbkreis","url":"https:\/\/weber-medien.de\/","logo":{"@type":"ImageObject","inLanguage":"de","@id":"https:\/\/weber-medien.de\/#\/schema\/logo\/image\/","url":"https:\/\/weber-medien.de\/wp-content\/uploads\/2021\/07\/michael-weber-fotografie-fotograf-fotostudio-hochzeitsfotografie-aalen-ostalbkreis.jpg","contentUrl":"https:\/\/weber-medien.de\/wp-content\/uploads\/2021\/07\/michael-weber-fotografie-fotograf-fotostudio-hochzeitsfotografie-aalen-ostalbkreis.jpg","width":1200,"height":630,"caption":"Michael Weber Fotografie in Aalen Ostalbkreis"},"image":{"@id":"https:\/\/weber-medien.de\/#\/schema\/logo\/image\/"},"sameAs":["https:\/\/www.facebook.com\/weberfotografie","https:\/\/www.instagram.com\/weberfotografie"]}]}},"_links":{"self":[{"href":"https:\/\/weber-medien.de\/index.php?rest_route=\/wp\/v2\/bauman_portfolio\/3134","targetHints":{"allow":["GET"]}}],"collection":[{"href":"https:\/\/weber-medien.de\/index.php?rest_route=\/wp\/v2\/bauman_portfolio"}],"about":[{"href":"https:\/\/weber-medien.de\/index.php?rest_route=\/wp\/v2\/types\/bauman_portfolio"}],"wp:attachment":[{"href":"https:\/\/weber-medien.de\/index.php?rest_route=%2Fwp%2Fv2%2Fmedia&parent=3134"}],"wp:term":[{"taxonomy":"portfolio_category","embeddable":true,"href":"https:\/\/weber-medien.de\/index.php?rest_route=%2Fwp%2Fv2%2Fportfolio_category&post=3134"}],"curies":[{"name":"wp","href":"https:\/\/api.w.org\/{rel}","templated":true}]}}