{"id":3207,"date":"2020-09-06T14:45:58","date_gmt":"2020-09-06T14:45:58","guid":{"rendered":"https:\/\/weber-medien.de\/?post_type=bauman_portfolio&#038;p=3207"},"modified":"2023-04-25T13:40:42","modified_gmt":"2023-04-25T13:40:42","slug":"natur-landschaft-ostalbkreis-aalen-ellwangen-abtsgmuend-heidenheim-landscape-fotograf-photographer","status":"publish","type":"bauman_portfolio","link":"https:\/\/weber-medien.de\/?bauman_portfolio=natur-landschaft-ostalbkreis-aalen-ellwangen-abtsgmuend-heidenheim-landscape-fotograf-photographer","title":{"rendered":"Natur Landschaft Ostalbkreis Aalen Ellwangen Abtsgm\u00fcnd Heidenheim Ellwangen Landscape Fotograf Photographer"},"content":{"rendered":"\n<div id=\"justified-grid\" class=\"wp-block-bauman-gutenberg-collage full has-animation\">\n<div class=\"collage-thumb\"><a class=\"image-link\" href=\"https:\/\/weber-medien.de\/wp-content\/uploads\/2021\/10\/aalen_herbst-abtsgmuend-kochertal-neubronn-hohenstadt-ostalbkreis-fotostudio.jpg\"><img decoding=\"async\" src=\"https:\/\/weber-medien.de\/wp-content\/uploads\/2021\/10\/aalen_herbst-abtsgmuend-kochertal-neubronn-hohenstadt-ostalbkreis-fotostudio.jpg\" alt=\"\" \/><div class=\"thumb-info\"><h6><\/h6><\/div><\/a><\/div>\n\n\n\n<div class=\"collage-thumb\"><a class=\"image-link\" href=\"https:\/\/weber-medien.de\/wp-content\/uploads\/2021\/10\/auftragsfotografie-abtsgmuend-kochertal-fotostudio-neubronn-ostalbkreis-hochzeit.jpg\"><img decoding=\"async\" src=\"https:\/\/weber-medien.de\/wp-content\/uploads\/2021\/10\/auftragsfotografie-abtsgmuend-kochertal-fotostudio-neubronn-ostalbkreis-hochzeit.jpg\" alt=\"\" \/><div class=\"thumb-info\"><h6><\/h6><\/div><\/a><\/div>\n\n\n\n<div class=\"collage-thumb\"><a class=\"image-link\" href=\"https:\/\/weber-medien.de\/wp-content\/uploads\/2022\/03\/noerdlingen-donau-ries-ostalb-milkyway-milchstrasse-aalbuch-donauwoerth.jpg\"><img decoding=\"async\" src=\"https:\/\/weber-medien.de\/wp-content\/uploads\/2022\/03\/noerdlingen-donau-ries-ostalb-milkyway-milchstrasse-aalbuch-donauwoerth.jpg\" alt=\"\" \/><div class=\"thumb-info\"><h6><\/h6><\/div><\/a><\/div>\n\n\n\n<div class=\"collage-thumb\"><a class=\"image-link\" href=\"https:\/\/weber-medien.de\/wp-content\/uploads\/2020\/10\/ellwangen-schloss-schoenenberg-abtsgmuend-neubronn-wallfahrtskirche-aalen-fotostudio.jpg\"><img decoding=\"async\" src=\"https:\/\/weber-medien.de\/wp-content\/uploads\/2020\/10\/ellwangen-schloss-schoenenberg-abtsgmuend-neubronn-wallfahrtskirche-aalen-fotostudio.jpg\" alt=\"\" \/><div class=\"thumb-info\"><h6><\/h6><\/div><\/a><\/div>\n\n\n\n<div class=\"collage-thumb\"><a class=\"image-link\" href=\"https:\/\/weber-medien.de\/wp-content\/uploads\/2020\/10\/buesum-mole-nordsee-aalen-ellwangen-abtsgmuend-neubronn-heidenheim-ostalbkreis.jpg\"><img decoding=\"async\" src=\"https:\/\/weber-medien.de\/wp-content\/uploads\/2020\/10\/buesum-mole-nordsee-aalen-ellwangen-abtsgmuend-neubronn-heidenheim-ostalbkreis.jpg\" alt=\"\" \/><div class=\"thumb-info\"><h6><\/h6><\/div><\/a><\/div>\n\n\n\n<div class=\"collage-thumb\"><a class=\"image-link\" href=\"https:\/\/weber-medien.de\/wp-content\/uploads\/2020\/10\/bopfingen-ipf-ipfmess-noerdlingen-ostalb-ostalbkreis-fotostudio-fotograf-trochtelfingen-oberdorf-scaled.jpg\"><img decoding=\"async\" src=\"https:\/\/weber-medien.de\/wp-content\/uploads\/2020\/10\/bopfingen-ipf-ipfmess-noerdlingen-ostalb-ostalbkreis-fotostudio-fotograf-trochtelfingen-oberdorf-scaled.jpg\" alt=\"\" \/><div class=\"thumb-info\"><h6><\/h6><\/div><\/a><\/div>\n\n\n\n<div class=\"collage-thumb\"><a class=\"image-link\" href=\"https:\/\/weber-medien.de\/wp-content\/uploads\/2020\/10\/ellwangen-schoenenberg-neuler-wallfahrtskirche-schloss-abtsgmuend-hohenstadt-aalen-scaled.jpg\"><img decoding=\"async\" src=\"https:\/\/weber-medien.de\/wp-content\/uploads\/2020\/10\/ellwangen-schoenenberg-neuler-wallfahrtskirche-schloss-abtsgmuend-hohenstadt-aalen-scaled.jpg\" alt=\"\" \/><div class=\"thumb-info\"><h6><\/h6><\/div><\/a><\/div>\n\n\n\n<div class=\"collage-thumb\"><a class=\"image-link\" href=\"https:\/\/weber-medien.de\/wp-content\/uploads\/2021\/09\/abtsgmuend-ellwangen-heidelberg-schloss-feuerwerk-neckar.jpg\"><img decoding=\"async\" src=\"https:\/\/weber-medien.de\/wp-content\/uploads\/2021\/09\/abtsgmuend-ellwangen-heidelberg-schloss-feuerwerk-neckar.jpg\" alt=\"\" \/><div class=\"thumb-info\"><h6><\/h6><\/div><\/a><\/div>\n\n\n\n<div class=\"collage-thumb\"><a class=\"image-link\" href=\"https:\/\/weber-medien.de\/wp-content\/uploads\/2020\/09\/heidenheim-schloss-hellenstein-brenz-congresscentrum-fotograf-hochzeit-fotostudio-webermedien.png\"><img decoding=\"async\" src=\"https:\/\/weber-medien.de\/wp-content\/uploads\/2020\/09\/heidenheim-schloss-hellenstein-brenz-congresscentrum-fotograf-hochzeit-fotostudio-webermedien.png\" alt=\"\" \/><div class=\"thumb-info\"><h6><\/h6><\/div><\/a><\/div>\n\n\n\n<div class=\"collage-thumb\"><a class=\"image-link\" href=\"https:\/\/weber-medien.de\/wp-content\/uploads\/2020\/09\/bodensee-fotograf-insel-friedrichshafen-lindau-ueberlingen-fotostudio-aalen.jpg\"><img decoding=\"async\" src=\"https:\/\/weber-medien.de\/wp-content\/uploads\/2020\/09\/bodensee-fotograf-insel-friedrichshafen-lindau-ueberlingen-fotostudio-aalen.jpg\" alt=\"\" \/><div class=\"thumb-info\"><h6><\/h6><\/div><\/a><\/div>\n\n\n\n<div class=\"collage-thumb\"><a class=\"image-link\" href=\"https:\/\/weber-medien.de\/wp-content\/uploads\/2020\/09\/insel-aalen-fotograf-aalen-fotostudio-meersbrug-bodensee.jpg\"><img decoding=\"async\" src=\"https:\/\/weber-medien.de\/wp-content\/uploads\/2020\/09\/insel-aalen-fotograf-aalen-fotostudio-meersbrug-bodensee.jpg\" alt=\"\" \/><div class=\"thumb-info\"><h6><\/h6><\/div><\/a><\/div>\n\n\n\n<div class=\"collage-thumb\"><a class=\"image-link\" href=\"https:\/\/weber-medien.de\/wp-content\/uploads\/2021\/09\/aalen-abtsgmuend-feuerwerk-heidelberg-schloss-neckar.jpg\"><img decoding=\"async\" src=\"https:\/\/weber-medien.de\/wp-content\/uploads\/2021\/09\/aalen-abtsgmuend-feuerwerk-heidelberg-schloss-neckar.jpg\" alt=\"\" \/><div class=\"thumb-info\"><h6><\/h6><\/div><\/a><\/div>\n\n\n\n<div class=\"collage-thumb\"><a class=\"image-link\" href=\"https:\/\/weber-medien.de\/wp-content\/uploads\/2020\/09\/konstanz-insel-bodensee-lindau-friedrichshafen-weberfotografie-aalen-fotostudio.jpg\"><img decoding=\"async\" src=\"https:\/\/weber-medien.de\/wp-content\/uploads\/2020\/09\/konstanz-insel-bodensee-lindau-friedrichshafen-weberfotografie-aalen-fotostudio.jpg\" alt=\"\" \/><div class=\"thumb-info\"><h6><\/h6><\/div><\/a><\/div>\n\n\n\n<div class=\"collage-thumb\"><a class=\"image-link\" href=\"https:\/\/weber-medien.de\/wp-content\/uploads\/2020\/10\/abtsgmuend-hochzeitsfotografie-aalen-auftragsfotografie-brautkleid-fotograf.jpg\"><img decoding=\"async\" src=\"https:\/\/weber-medien.de\/wp-content\/uploads\/2020\/10\/abtsgmuend-hochzeitsfotografie-aalen-auftragsfotografie-brautkleid-fotograf.jpg\" alt=\"\" \/><div class=\"thumb-info\"><h6><\/h6><\/div><\/a><\/div>\n\n\n\n<div class=\"collage-thumb\"><a class=\"image-link\" href=\"https:\/\/weber-medien.de\/wp-content\/uploads\/2020\/10\/kappeln-aalen-hafen-schiff-zweimaster-urlaub-schlei-fotograf-fotostudio.jpg\"><img decoding=\"async\" src=\"https:\/\/weber-medien.de\/wp-content\/uploads\/2020\/10\/kappeln-aalen-hafen-schiff-zweimaster-urlaub-schlei-fotograf-fotostudio.jpg\" alt=\"\" \/><div class=\"thumb-info\"><h6><\/h6><\/div><\/a><\/div>\n\n\n\n<div class=\"collage-thumb\"><a class=\"image-link\" href=\"https:\/\/weber-medien.de\/wp-content\/uploads\/2020\/10\/ostalbkreis-fotostudio-hochzeitsfotografie-braut-hochzeitskleid-abtsgmuend.jpg\"><img decoding=\"async\" src=\"https:\/\/weber-medien.de\/wp-content\/uploads\/2020\/10\/ostalbkreis-fotostudio-hochzeitsfotografie-braut-hochzeitskleid-abtsgmuend.jpg\" alt=\"\" \/><div class=\"thumb-info\"><h6><\/h6><\/div><\/a><\/div>\n\n\n\n<div class=\"collage-thumb\"><a class=\"image-link\" href=\"https:\/\/weber-medien.de\/wp-content\/uploads\/2020\/09\/hochzeitsfotografie-hochzeit-kleid-braut-hochzeitsfeier-fotograf-fotostudio-aalen-abtsgmuend.jpg\"><img decoding=\"async\" src=\"https:\/\/weber-medien.de\/wp-content\/uploads\/2020\/09\/hochzeitsfotografie-hochzeit-kleid-braut-hochzeitsfeier-fotograf-fotostudio-aalen-abtsgmuend.jpg\" alt=\"\" \/><div class=\"thumb-info\"><h6><\/h6><\/div><\/a><\/div>\n\n\n\n<div class=\"collage-thumb\"><a class=\"image-link\" href=\"https:\/\/weber-medien.de\/wp-content\/uploads\/2020\/09\/denmark-aarhus-museum-skywalk-daenemark-aalen-heidenheim-ellwamgen.jpg\"><img decoding=\"async\" src=\"https:\/\/weber-medien.de\/wp-content\/uploads\/2020\/09\/denmark-aarhus-museum-skywalk-daenemark-aalen-heidenheim-ellwamgen.jpg\" alt=\"\" \/><div class=\"thumb-info\"><h6><\/h6><\/div><\/a><\/div>\n\n\n\n<div class=\"collage-thumb\"><a class=\"image-link\" href=\"https:\/\/weber-medien.de\/wp-content\/uploads\/2020\/09\/daenemark-skagen-aalen-grenen-denmark-aalen-abtsgmuend-heidenheim-sunset.png\"><img decoding=\"async\" src=\"https:\/\/weber-medien.de\/wp-content\/uploads\/2020\/09\/daenemark-skagen-aalen-grenen-denmark-aalen-abtsgmuend-heidenheim-sunset.png\" alt=\"\" \/><div class=\"thumb-info\"><h6><\/h6><\/div><\/a><\/div>\n\n\n\n<div class=\"collage-thumb\"><a class=\"image-link\" href=\"https:\/\/weber-medien.de\/wp-content\/uploads\/2020\/09\/daenemark-aarhus-ostsee-aalen-denmark-abtsgmuend-ellwangen-heidenheim.jpg\"><img decoding=\"async\" src=\"https:\/\/weber-medien.de\/wp-content\/uploads\/2020\/09\/daenemark-aarhus-ostsee-aalen-denmark-abtsgmuend-ellwangen-heidenheim.jpg\" alt=\"\" \/><div class=\"thumb-info\"><h6><\/h6><\/div><\/a><\/div>\n\n\n\n<div class=\"collage-thumb\"><a class=\"image-link\" href=\"https:\/\/weber-medien.de\/wp-content\/uploads\/2020\/09\/fuessen-allgaeu-rieden-forgensee-schoenau-muenchen-berlin-stuttgart-ludwig-koenig-alpsee-silbersee-alatsee.png\"><img decoding=\"async\" src=\"https:\/\/weber-medien.de\/wp-content\/uploads\/2020\/09\/fuessen-allgaeu-rieden-forgensee-schoenau-muenchen-berlin-stuttgart-ludwig-koenig-alpsee-silbersee-alatsee.png\" alt=\"\" \/><div class=\"thumb-info\"><h6><\/h6><\/div><\/a><\/div>\n\n\n\n<div class=\"collage-thumb\"><a class=\"image-link\" href=\"https:\/\/weber-medien.de\/wp-content\/uploads\/2020\/09\/heidenheim-oberkochen-lauchheim-bopfingen-noerdlingen-koenigsbronn-fotograf-hochzeit-hochezitsfotografie-auftragsfotografie-abtsgmuend.png\"><img decoding=\"async\" src=\"https:\/\/weber-medien.de\/wp-content\/uploads\/2020\/09\/heidenheim-oberkochen-lauchheim-bopfingen-noerdlingen-koenigsbronn-fotograf-hochzeit-hochezitsfotografie-auftragsfotografie-abtsgmuend.png\" alt=\"\" \/><div class=\"thumb-info\"><h6><\/h6><\/div><\/a><\/div>\n\n\n\n<div class=\"collage-thumb\"><a class=\"image-link\" href=\"https:\/\/weber-medien.de\/wp-content\/uploads\/2020\/09\/abtsgmuend-heilbronn-fotografie-familie-paar-shooting-hochzeit-island-art-kunst-auftragsfotografie.png\"><img decoding=\"async\" src=\"https:\/\/weber-medien.de\/wp-content\/uploads\/2020\/09\/abtsgmuend-heilbronn-fotografie-familie-paar-shooting-hochzeit-island-art-kunst-auftragsfotografie.png\" alt=\"\" \/><div class=\"thumb-info\"><h6><\/h6><\/div><\/a><\/div>\n\n\n\n<div class=\"collage-thumb\"><a class=\"image-link\" href=\"https:\/\/weber-medien.de\/wp-content\/uploads\/2020\/09\/abtsgmuend-fotografie-neubronn-fotostudio-luxus-loft-ostalbkreis-fotoloft-loft-immobilien-heidenheim-oberkochen.png\"><img decoding=\"async\" src=\"https:\/\/weber-medien.de\/wp-content\/uploads\/2020\/09\/abtsgmuend-fotografie-neubronn-fotostudio-luxus-loft-ostalbkreis-fotoloft-loft-immobilien-heidenheim-oberkochen.png\" alt=\"\" \/><div class=\"thumb-info\"><h6><\/h6><\/div><\/a><\/div>\n\n\n\n<div class=\"collage-thumb\"><a class=\"image-link\" href=\"https:\/\/weber-medien.de\/wp-content\/uploads\/2020\/09\/abtsgmuend-fotografie-neubronn-fotostudio-luxus-loft-ostalbkreis-fotoloft-loft-immobilien-heidenheim-schwaebisch-gmuend.png\"><img decoding=\"async\" src=\"https:\/\/weber-medien.de\/wp-content\/uploads\/2020\/09\/abtsgmuend-fotografie-neubronn-fotostudio-luxus-loft-ostalbkreis-fotoloft-loft-immobilien-heidenheim-schwaebisch-gmuend.png\" alt=\"\" \/><div class=\"thumb-info\"><h6><\/h6><\/div><\/a><\/div>\n\n\n\n<div class=\"collage-thumb\"><a class=\"image-link\" href=\"https:\/\/weber-medien.de\/wp-content\/uploads\/2020\/09\/abtsgmuend-fotografie-neubronn-fotostudio-luxus-loft-ostalbkreis-fotoloft-loft-immobilien-heidenheim.png\"><img decoding=\"async\" src=\"https:\/\/weber-medien.de\/wp-content\/uploads\/2020\/09\/abtsgmuend-fotografie-neubronn-fotostudio-luxus-loft-ostalbkreis-fotoloft-loft-immobilien-heidenheim.png\" alt=\"\" \/><div class=\"thumb-info\"><h6><\/h6><\/div><\/a><\/div>\n\n\n\n<div class=\"collage-thumb\"><a class=\"image-link\" href=\"https:\/\/weber-medien.de\/wp-content\/uploads\/2020\/09\/heidenheim-aalen-abtsgmuend-ellwangen-fotograf-fotostudio-loft-hochzeit-hochzeitsfotografie-reportage-dokumentation.png\"><img decoding=\"async\" src=\"https:\/\/weber-medien.de\/wp-content\/uploads\/2020\/09\/heidenheim-aalen-abtsgmuend-ellwangen-fotograf-fotostudio-loft-hochzeit-hochzeitsfotografie-reportage-dokumentation.png\" alt=\"\" \/><div class=\"thumb-info\"><h6><\/h6><\/div><\/a><\/div>\n\n\n\n<div class=\"collage-thumb\"><a class=\"image-link\" href=\"https:\/\/weber-medien.de\/wp-content\/uploads\/2020\/09\/heidenheim-aalen-abtsgmuend-ellwangen-fotograf-fotostudio-loft-hochzeit-hochzeitsfotografie-reportage-dokumentation-kunst-art.png\"><img decoding=\"async\" src=\"https:\/\/weber-medien.de\/wp-content\/uploads\/2020\/09\/heidenheim-aalen-abtsgmuend-ellwangen-fotograf-fotostudio-loft-hochzeit-hochzeitsfotografie-reportage-dokumentation-kunst-art.png\" alt=\"\" \/><div class=\"thumb-info\"><h6><\/h6><\/div><\/a><\/div>\n\n\n\n<div class=\"collage-thumb\"><a class=\"image-link\" href=\"https:\/\/weber-medien.de\/wp-content\/uploads\/2020\/09\/heidenheim-fotografie-schloss-hellenstein-congresszentrum-freilichttheater-familie-freizeit-paar-freunde-kinder.png\"><img decoding=\"async\" src=\"https:\/\/weber-medien.de\/wp-content\/uploads\/2020\/09\/heidenheim-fotografie-schloss-hellenstein-congresszentrum-freilichttheater-familie-freizeit-paar-freunde-kinder.png\" alt=\"\" \/><div class=\"thumb-info\"><h6><\/h6><\/div><\/a><\/div>\n\n\n\n<div class=\"collage-thumb\"><a class=\"image-link\" href=\"https:\/\/weber-medien.de\/wp-content\/uploads\/2020\/09\/ellwangen-hochzeit-heidenheim-hochzeitsfeier-noerdlingen.png\"><img decoding=\"async\" src=\"https:\/\/weber-medien.de\/wp-content\/uploads\/2020\/09\/ellwangen-hochzeit-heidenheim-hochzeitsfeier-noerdlingen.png\" alt=\"\" \/><div class=\"thumb-info\"><h6><\/h6><\/div><\/a><\/div>\n\n\n\n<div class=\"collage-thumb\"><a class=\"image-link\" href=\"https:\/\/weber-medien.de\/wp-content\/uploads\/2020\/09\/hochzeit-abtsgmuend-hochzeitbilder-neubronn-fotograf-ellwangen-fotostudio-familie.png\"><img decoding=\"async\" src=\"https:\/\/weber-medien.de\/wp-content\/uploads\/2020\/09\/hochzeit-abtsgmuend-hochzeitbilder-neubronn-fotograf-ellwangen-fotostudio-familie.png\" alt=\"\" \/><div class=\"thumb-info\"><h6><\/h6><\/div><\/a><\/div>\n<\/div>\n\n\n\n<p><\/p>\n","protected":false},"template":"","portfolio_category":[105,24],"class_list":["post-3207","bauman_portfolio","type-bauman_portfolio","status-publish","hentry","portfolio_category-herbst","portfolio_category-landschaft"],"aioseo_notices":[],"yoast_head":"<!-- This site is optimized with the Yoast SEO plugin v27.5 - https:\/\/yoast.com\/product\/yoast-seo-wordpress\/ -->\n<title>Natur Landschaft Ostalbkreis Aalen Ellwangen Abtsgm\u00fcnd Heidenheim Ellwangen Landscape Fotograf Photographer - Fotografie Aalen Ellwangen Heidenheim Abtsgm\u00fcnd Oberkochen Unterkochen Schw\u00e4bisch Gm\u00fcnd Ostalb<\/title>\n<meta name=\"description\" content=\"Bopfingen Fotostudio N\u00f6rdlingen Donau-Ries Hochzeitsfotografie Familienfotograf Shooting Paarfotografie Reportage Dokumentation Ipf Landschaft\" \/>\n<meta name=\"robots\" content=\"index, follow, max-snippet:-1, max-image-preview:large, max-video-preview:-1\" \/>\n<link rel=\"canonical\" href=\"https:\/\/weber-medien.de\/?bauman_portfolio=natur-landschaft-ostalbkreis-aalen-ellwangen-abtsgmuend-heidenheim-landscape-fotograf-photographer\" \/>\n<meta property=\"og:locale\" content=\"de_DE\" \/>\n<meta property=\"og:type\" content=\"article\" \/>\n<meta property=\"og:title\" content=\"Natur Landschaft Ostalbkreis Aalen Ellwangen Abtsgm\u00fcnd Heidenheim Ellwangen Landscape Fotograf Photographer - Fotografie Aalen Ellwangen Heidenheim Abtsgm\u00fcnd Oberkochen Unterkochen Schw\u00e4bisch Gm\u00fcnd Ostalb\" \/>\n<meta property=\"og:description\" content=\"Bopfingen Fotostudio N\u00f6rdlingen Donau-Ries Hochzeitsfotografie Familienfotograf Shooting Paarfotografie Reportage Dokumentation Ipf Landschaft\" \/>\n<meta property=\"og:url\" content=\"https:\/\/weber-medien.de\/?bauman_portfolio=natur-landschaft-ostalbkreis-aalen-ellwangen-abtsgmuend-heidenheim-landscape-fotograf-photographer\" \/>\n<meta property=\"og:site_name\" content=\"Fotografie Aalen Ellwangen Heidenheim Abtsgm\u00fcnd Oberkochen Unterkochen Schw\u00e4bisch Gm\u00fcnd Ostalb\" \/>\n<meta property=\"article:publisher\" content=\"https:\/\/www.facebook.com\/weberfotografie\" \/>\n<meta property=\"article:modified_time\" content=\"2023-04-25T13:40:42+00:00\" \/>\n<meta property=\"og:image\" content=\"https:\/\/weber-medien.de\/wp-content\/uploads\/2021\/07\/michael-weber-fotografie-fotograf-fotostudio-ostalbkreis.jpg\" \/>\n\t<meta property=\"og:image:width\" content=\"1024\" \/>\n\t<meta property=\"og:image:height\" content=\"538\" \/>\n\t<meta property=\"og:image:type\" content=\"image\/jpeg\" \/>\n<meta name=\"twitter:card\" content=\"summary_large_image\" \/>\n<meta name=\"twitter:label1\" content=\"Gesch\u00e4tzte Lesezeit\" \/>\n\t<meta name=\"twitter:data1\" content=\"1\u00a0Minute\" \/>\n<script type=\"application\/ld+json\" class=\"yoast-schema-graph\">{\"@context\":\"https:\\\/\\\/schema.org\",\"@graph\":[{\"@type\":\"WebPage\",\"@id\":\"https:\\\/\\\/weber-medien.de\\\/?bauman_portfolio=natur-landschaft-ostalbkreis-aalen-ellwangen-abtsgmuend-heidenheim-landscape-fotograf-photographer\",\"url\":\"https:\\\/\\\/weber-medien.de\\\/?bauman_portfolio=natur-landschaft-ostalbkreis-aalen-ellwangen-abtsgmuend-heidenheim-landscape-fotograf-photographer\",\"name\":\"Natur Landschaft Ostalbkreis Aalen Ellwangen Abtsgm\u00fcnd Heidenheim Ellwangen Landscape Fotograf Photographer - Fotografie Aalen Ellwangen Heidenheim Abtsgm\u00fcnd Oberkochen Unterkochen Schw\u00e4bisch Gm\u00fcnd Ostalb\",\"isPartOf\":{\"@id\":\"https:\\\/\\\/weber-medien.de\\\/#website\"},\"datePublished\":\"2020-09-06T14:45:58+00:00\",\"dateModified\":\"2023-04-25T13:40:42+00:00\",\"description\":\"Bopfingen Fotostudio N\u00f6rdlingen Donau-Ries Hochzeitsfotografie Familienfotograf Shooting Paarfotografie Reportage Dokumentation Ipf Landschaft\",\"breadcrumb\":{\"@id\":\"https:\\\/\\\/weber-medien.de\\\/?bauman_portfolio=natur-landschaft-ostalbkreis-aalen-ellwangen-abtsgmuend-heidenheim-landscape-fotograf-photographer#breadcrumb\"},\"inLanguage\":\"de\",\"potentialAction\":[{\"@type\":\"ReadAction\",\"target\":[\"https:\\\/\\\/weber-medien.de\\\/?bauman_portfolio=natur-landschaft-ostalbkreis-aalen-ellwangen-abtsgmuend-heidenheim-landscape-fotograf-photographer\"]}]},{\"@type\":\"BreadcrumbList\",\"@id\":\"https:\\\/\\\/weber-medien.de\\\/?bauman_portfolio=natur-landschaft-ostalbkreis-aalen-ellwangen-abtsgmuend-heidenheim-landscape-fotograf-photographer#breadcrumb\",\"itemListElement\":[{\"@type\":\"ListItem\",\"position\":1,\"name\":\"Startseite\",\"item\":\"https:\\\/\\\/weber-medien.de\\\/\"},{\"@type\":\"ListItem\",\"position\":2,\"name\":\"Natur Landschaft Ostalbkreis Aalen Ellwangen Abtsgm\u00fcnd Heidenheim Ellwangen Landscape Fotograf Photographer\"}]},{\"@type\":\"WebSite\",\"@id\":\"https:\\\/\\\/weber-medien.de\\\/#website\",\"url\":\"https:\\\/\\\/weber-medien.de\\\/\",\"name\":\"Fotografie Aalen Ellwangen Heidenheim Abtsgm\u00fcnd Oberkochen Unterkochen Schw\u00e4bisch Gm\u00fcnd Ostalb\",\"description\":\"Fotografie Ostalbkreis Michael Weber Fotograf Hochzeit\",\"publisher\":{\"@id\":\"https:\\\/\\\/weber-medien.de\\\/#organization\"},\"potentialAction\":[{\"@type\":\"SearchAction\",\"target\":{\"@type\":\"EntryPoint\",\"urlTemplate\":\"https:\\\/\\\/weber-medien.de\\\/?s={search_term_string}\"},\"query-input\":{\"@type\":\"PropertyValueSpecification\",\"valueRequired\":true,\"valueName\":\"search_term_string\"}}],\"inLanguage\":\"de\"},{\"@type\":\"Organization\",\"@id\":\"https:\\\/\\\/weber-medien.de\\\/#organization\",\"name\":\"Michael Weber Fotografie in Aalen Ostalbkreis\",\"url\":\"https:\\\/\\\/weber-medien.de\\\/\",\"logo\":{\"@type\":\"ImageObject\",\"inLanguage\":\"de\",\"@id\":\"https:\\\/\\\/weber-medien.de\\\/#\\\/schema\\\/logo\\\/image\\\/\",\"url\":\"https:\\\/\\\/weber-medien.de\\\/wp-content\\\/uploads\\\/2021\\\/07\\\/michael-weber-fotografie-fotograf-fotostudio-hochzeitsfotografie-aalen-ostalbkreis.jpg\",\"contentUrl\":\"https:\\\/\\\/weber-medien.de\\\/wp-content\\\/uploads\\\/2021\\\/07\\\/michael-weber-fotografie-fotograf-fotostudio-hochzeitsfotografie-aalen-ostalbkreis.jpg\",\"width\":1200,\"height\":630,\"caption\":\"Michael Weber Fotografie in Aalen Ostalbkreis\"},\"image\":{\"@id\":\"https:\\\/\\\/weber-medien.de\\\/#\\\/schema\\\/logo\\\/image\\\/\"},\"sameAs\":[\"https:\\\/\\\/www.facebook.com\\\/weberfotografie\",\"https:\\\/\\\/www.instagram.com\\\/weberfotografie\"]}]}<\/script>\n<!-- \/ Yoast SEO plugin. -->","yoast_head_json":{"title":"Natur Landschaft Ostalbkreis Aalen Ellwangen Abtsgm\u00fcnd Heidenheim Ellwangen Landscape Fotograf Photographer - Fotografie Aalen Ellwangen Heidenheim Abtsgm\u00fcnd Oberkochen Unterkochen Schw\u00e4bisch Gm\u00fcnd Ostalb","description":"Bopfingen Fotostudio N\u00f6rdlingen Donau-Ries Hochzeitsfotografie Familienfotograf Shooting Paarfotografie Reportage Dokumentation Ipf Landschaft","robots":{"index":"index","follow":"follow","max-snippet":"max-snippet:-1","max-image-preview":"max-image-preview:large","max-video-preview":"max-video-preview:-1"},"canonical":"https:\/\/weber-medien.de\/?bauman_portfolio=natur-landschaft-ostalbkreis-aalen-ellwangen-abtsgmuend-heidenheim-landscape-fotograf-photographer","og_locale":"de_DE","og_type":"article","og_title":"Natur Landschaft Ostalbkreis Aalen Ellwangen Abtsgm\u00fcnd Heidenheim Ellwangen Landscape Fotograf Photographer - Fotografie Aalen Ellwangen Heidenheim Abtsgm\u00fcnd Oberkochen Unterkochen Schw\u00e4bisch Gm\u00fcnd Ostalb","og_description":"Bopfingen Fotostudio N\u00f6rdlingen Donau-Ries Hochzeitsfotografie Familienfotograf Shooting Paarfotografie Reportage Dokumentation Ipf Landschaft","og_url":"https:\/\/weber-medien.de\/?bauman_portfolio=natur-landschaft-ostalbkreis-aalen-ellwangen-abtsgmuend-heidenheim-landscape-fotograf-photographer","og_site_name":"Fotografie Aalen Ellwangen Heidenheim Abtsgm\u00fcnd Oberkochen Unterkochen Schw\u00e4bisch Gm\u00fcnd Ostalb","article_publisher":"https:\/\/www.facebook.com\/weberfotografie","article_modified_time":"2023-04-25T13:40:42+00:00","og_image":[{"width":1024,"height":538,"url":"https:\/\/weber-medien.de\/wp-content\/uploads\/2021\/07\/michael-weber-fotografie-fotograf-fotostudio-ostalbkreis.jpg","type":"image\/jpeg"}],"twitter_card":"summary_large_image","twitter_misc":{"Gesch\u00e4tzte Lesezeit":"1\u00a0Minute"},"schema":{"@context":"https:\/\/schema.org","@graph":[{"@type":"WebPage","@id":"https:\/\/weber-medien.de\/?bauman_portfolio=natur-landschaft-ostalbkreis-aalen-ellwangen-abtsgmuend-heidenheim-landscape-fotograf-photographer","url":"https:\/\/weber-medien.de\/?bauman_portfolio=natur-landschaft-ostalbkreis-aalen-ellwangen-abtsgmuend-heidenheim-landscape-fotograf-photographer","name":"Natur Landschaft Ostalbkreis Aalen Ellwangen Abtsgm\u00fcnd Heidenheim Ellwangen Landscape Fotograf Photographer - Fotografie Aalen Ellwangen Heidenheim Abtsgm\u00fcnd Oberkochen Unterkochen Schw\u00e4bisch Gm\u00fcnd Ostalb","isPartOf":{"@id":"https:\/\/weber-medien.de\/#website"},"datePublished":"2020-09-06T14:45:58+00:00","dateModified":"2023-04-25T13:40:42+00:00","description":"Bopfingen Fotostudio N\u00f6rdlingen Donau-Ries Hochzeitsfotografie Familienfotograf Shooting Paarfotografie Reportage Dokumentation Ipf Landschaft","breadcrumb":{"@id":"https:\/\/weber-medien.de\/?bauman_portfolio=natur-landschaft-ostalbkreis-aalen-ellwangen-abtsgmuend-heidenheim-landscape-fotograf-photographer#breadcrumb"},"inLanguage":"de","potentialAction":[{"@type":"ReadAction","target":["https:\/\/weber-medien.de\/?bauman_portfolio=natur-landschaft-ostalbkreis-aalen-ellwangen-abtsgmuend-heidenheim-landscape-fotograf-photographer"]}]},{"@type":"BreadcrumbList","@id":"https:\/\/weber-medien.de\/?bauman_portfolio=natur-landschaft-ostalbkreis-aalen-ellwangen-abtsgmuend-heidenheim-landscape-fotograf-photographer#breadcrumb","itemListElement":[{"@type":"ListItem","position":1,"name":"Startseite","item":"https:\/\/weber-medien.de\/"},{"@type":"ListItem","position":2,"name":"Natur Landschaft Ostalbkreis Aalen Ellwangen Abtsgm\u00fcnd Heidenheim Ellwangen Landscape Fotograf Photographer"}]},{"@type":"WebSite","@id":"https:\/\/weber-medien.de\/#website","url":"https:\/\/weber-medien.de\/","name":"Fotografie Aalen Ellwangen Heidenheim Abtsgm\u00fcnd Oberkochen Unterkochen Schw\u00e4bisch Gm\u00fcnd Ostalb","description":"Fotografie Ostalbkreis Michael Weber Fotograf Hochzeit","publisher":{"@id":"https:\/\/weber-medien.de\/#organization"},"potentialAction":[{"@type":"SearchAction","target":{"@type":"EntryPoint","urlTemplate":"https:\/\/weber-medien.de\/?s={search_term_string}"},"query-input":{"@type":"PropertyValueSpecification","valueRequired":true,"valueName":"search_term_string"}}],"inLanguage":"de"},{"@type":"Organization","@id":"https:\/\/weber-medien.de\/#organization","name":"Michael Weber Fotografie in Aalen Ostalbkreis","url":"https:\/\/weber-medien.de\/","logo":{"@type":"ImageObject","inLanguage":"de","@id":"https:\/\/weber-medien.de\/#\/schema\/logo\/image\/","url":"https:\/\/weber-medien.de\/wp-content\/uploads\/2021\/07\/michael-weber-fotografie-fotograf-fotostudio-hochzeitsfotografie-aalen-ostalbkreis.jpg","contentUrl":"https:\/\/weber-medien.de\/wp-content\/uploads\/2021\/07\/michael-weber-fotografie-fotograf-fotostudio-hochzeitsfotografie-aalen-ostalbkreis.jpg","width":1200,"height":630,"caption":"Michael Weber Fotografie in Aalen Ostalbkreis"},"image":{"@id":"https:\/\/weber-medien.de\/#\/schema\/logo\/image\/"},"sameAs":["https:\/\/www.facebook.com\/weberfotografie","https:\/\/www.instagram.com\/weberfotografie"]}]}},"_links":{"self":[{"href":"https:\/\/weber-medien.de\/index.php?rest_route=\/wp\/v2\/bauman_portfolio\/3207","targetHints":{"allow":["GET"]}}],"collection":[{"href":"https:\/\/weber-medien.de\/index.php?rest_route=\/wp\/v2\/bauman_portfolio"}],"about":[{"href":"https:\/\/weber-medien.de\/index.php?rest_route=\/wp\/v2\/types\/bauman_portfolio"}],"wp:attachment":[{"href":"https:\/\/weber-medien.de\/index.php?rest_route=%2Fwp%2Fv2%2Fmedia&parent=3207"}],"wp:term":[{"taxonomy":"portfolio_category","embeddable":true,"href":"https:\/\/weber-medien.de\/index.php?rest_route=%2Fwp%2Fv2%2Fportfolio_category&post=3207"}],"curies":[{"name":"wp","href":"https:\/\/api.w.org\/{rel}","templated":true}]}}