{"id":3309,"date":"2020-09-10T18:58:26","date_gmt":"2020-09-10T18:58:26","guid":{"rendered":"https:\/\/weber-medien.de\/?post_type=bauman_portfolio&#038;p=3309"},"modified":"2023-04-25T13:34:13","modified_gmt":"2023-04-25T13:34:13","slug":"aalen-hochzeitsfotografie-abtsgmuend-loftwohnung-ellwangen-heidenheim-fashion-hochzeit-hochzeitsfeier-hochzeitsreportage-hochzeitsdokumentation-neubronn-heidenheim","status":"publish","type":"bauman_portfolio","link":"https:\/\/weber-medien.de\/?bauman_portfolio=aalen-hochzeitsfotografie-abtsgmuend-loftwohnung-ellwangen-heidenheim-fashion-hochzeit-hochzeitsfeier-hochzeitsreportage-hochzeitsdokumentation-neubronn-heidenheim","title":{"rendered":"Aalen Hochzeitsfotografie Abtsgm\u00fcnd Loftwohnung Ellwangen Heidenheim Fashion Hochzeit Hochzeitsfeier Hochzeitsreportage Hochzeitsdokumentation Neubronn Heidenheim"},"content":{"rendered":"\n<p><\/p>\n\n\n\n<div id=\"justified-grid\" class=\"wp-block-bauman-gutenberg-collage full has-animation\">\n<div class=\"collage-thumb\"><a class=\"image-link\" href=\"https:\/\/weber-medien.de\/wp-content\/uploads\/2020\/09\/aalen-fotograf-ostalb-ostalbkreis-reportage-dokumentation-loft-loftwohnung-luxus-scaled.jpg\"><img decoding=\"async\" src=\"https:\/\/weber-medien.de\/wp-content\/uploads\/2020\/09\/aalen-fotograf-ostalb-ostalbkreis-reportage-dokumentation-loft-loftwohnung-luxus-scaled.jpg\" alt=\"\" \/><div class=\"thumb-info\"><h6><\/h6><\/div><\/a><\/div>\n\n\n\n<div class=\"collage-thumb\"><a class=\"image-link\" href=\"https:\/\/weber-medien.de\/wp-content\/uploads\/2020\/09\/aalen-fotostudio-ellwangen-abtsgmuend-heidenheim-Ostalbkreis-scaled.jpg\"><img decoding=\"async\" src=\"https:\/\/weber-medien.de\/wp-content\/uploads\/2020\/09\/aalen-fotostudio-ellwangen-abtsgmuend-heidenheim-Ostalbkreis-scaled.jpg\" alt=\"\" \/><div class=\"thumb-info\"><h6><\/h6><\/div><\/a><\/div>\n\n\n\n<div class=\"collage-thumb\"><a class=\"image-link\" href=\"https:\/\/weber-medien.de\/wp-content\/uploads\/2020\/09\/aalen-hochzeitsfeier-braeutigam-braut-feier-fest-reportage-dokumentation-scaled.jpg\"><img decoding=\"async\" src=\"https:\/\/weber-medien.de\/wp-content\/uploads\/2020\/09\/aalen-hochzeitsfeier-braeutigam-braut-feier-fest-reportage-dokumentation-scaled.jpg\" alt=\"\" \/><div class=\"thumb-info\"><h6><\/h6><\/div><\/a><\/div>\n\n\n\n<div class=\"collage-thumb\"><a class=\"image-link\" href=\"https:\/\/weber-medien.de\/wp-content\/uploads\/2020\/09\/aalen-innenstatdt-fotostudio-hochzeitsfeier-loft-loftwohnung-luxus-fotografie-scaled.jpg\"><img decoding=\"async\" src=\"https:\/\/weber-medien.de\/wp-content\/uploads\/2020\/09\/aalen-innenstatdt-fotostudio-hochzeitsfeier-loft-loftwohnung-luxus-fotografie-scaled.jpg\" alt=\"\" \/><div class=\"thumb-info\"><h6><\/h6><\/div><\/a><\/div>\n\n\n\n<div class=\"collage-thumb\"><a class=\"image-link\" href=\"https:\/\/weber-medien.de\/wp-content\/uploads\/2020\/09\/aalen-paar-eltern-kinder-familien-freunde-shooting-fotografie-visagist-scaled.jpg\"><img decoding=\"async\" src=\"https:\/\/weber-medien.de\/wp-content\/uploads\/2020\/09\/aalen-paar-eltern-kinder-familien-freunde-shooting-fotografie-visagist-scaled.jpg\" alt=\"\" \/><div class=\"thumb-info\"><h6><\/h6><\/div><\/a><\/div>\n\n\n\n<div class=\"collage-thumb\"><a class=\"image-link\" href=\"https:\/\/weber-medien.de\/wp-content\/uploads\/2020\/09\/aalen-styling-fashion-haare-kleid-anzug-fotostudio-fotograf-hochzeit-scaled.jpg\"><img decoding=\"async\" src=\"https:\/\/weber-medien.de\/wp-content\/uploads\/2020\/09\/aalen-styling-fashion-haare-kleid-anzug-fotostudio-fotograf-hochzeit-scaled.jpg\" alt=\"\" \/><div class=\"thumb-info\"><h6><\/h6><\/div><\/a><\/div>\n\n\n\n<div class=\"collage-thumb\"><a class=\"image-link\" href=\"https:\/\/weber-medien.de\/wp-content\/uploads\/2020\/09\/familienfotografie-abtsgmuend-kinder-eltern-freunde-fotostudio-loft-loftwohnung-luxus-scaled.jpg\"><img decoding=\"async\" src=\"https:\/\/weber-medien.de\/wp-content\/uploads\/2020\/09\/familienfotografie-abtsgmuend-kinder-eltern-freunde-fotostudio-loft-loftwohnung-luxus-scaled.jpg\" alt=\"\" \/><div class=\"thumb-info\"><h6><\/h6><\/div><\/a><\/div>\n\n\n\n<div class=\"collage-thumb\"><a class=\"image-link\" href=\"https:\/\/weber-medien.de\/wp-content\/uploads\/2020\/09\/fachsenfeld-fotograf-hochzeitsfotografie-hochzeitsfeier-braut-kleid-reportage-scaled.jpg\"><img decoding=\"async\" src=\"https:\/\/weber-medien.de\/wp-content\/uploads\/2020\/09\/fachsenfeld-fotograf-hochzeitsfotografie-hochzeitsfeier-braut-kleid-reportage-scaled.jpg\" alt=\"\" \/><div class=\"thumb-info\"><h6><\/h6><\/div><\/a><\/div>\n\n\n\n<div class=\"collage-thumb\"><a class=\"image-link\" href=\"https:\/\/weber-medien.de\/wp-content\/uploads\/2020\/09\/essingen-fotograf-hochzeitsfotografie-loft-loftwohnung-luxus-fotografie-visagist-scaled.jpg\"><img decoding=\"async\" src=\"https:\/\/weber-medien.de\/wp-content\/uploads\/2020\/09\/essingen-fotograf-hochzeitsfotografie-loft-loftwohnung-luxus-fotografie-visagist-scaled.jpg\" alt=\"\" \/><div class=\"thumb-info\"><h6><\/h6><\/div><\/a><\/div>\n\n\n\n<div class=\"collage-thumb\"><a class=\"image-link\" href=\"https:\/\/weber-medien.de\/wp-content\/uploads\/2020\/09\/ellwangen-hochzeitsfeier-hochzeitsfotografie-hochzeitsfotograf-scaled.jpg\"><img decoding=\"async\" src=\"https:\/\/weber-medien.de\/wp-content\/uploads\/2020\/09\/ellwangen-hochzeitsfeier-hochzeitsfotografie-hochzeitsfotograf-scaled.jpg\" alt=\"\" \/><div class=\"thumb-info\"><h6><\/h6><\/div><\/a><\/div>\n\n\n\n<div class=\"collage-thumb\"><a class=\"image-link\" href=\"https:\/\/weber-medien.de\/wp-content\/uploads\/2020\/09\/ellwangen-fotostudio-neubronn-fotograf-make-up-hochzeitsfotografie-scaled.jpg\"><img decoding=\"async\" src=\"https:\/\/weber-medien.de\/wp-content\/uploads\/2020\/09\/ellwangen-fotostudio-neubronn-fotograf-make-up-hochzeitsfotografie-scaled.jpg\" alt=\"\" \/><div class=\"thumb-info\"><h6><\/h6><\/div><\/a><\/div>\n\n\n\n<div class=\"collage-thumb\"><a class=\"image-link\" href=\"https:\/\/weber-medien.de\/wp-content\/uploads\/2020\/09\/ellwangen-fotografie-auftragsfotografie-hochzeitsfeier-fotograf-visagist-make-up-scaled.jpg\"><img decoding=\"async\" src=\"https:\/\/weber-medien.de\/wp-content\/uploads\/2020\/09\/ellwangen-fotografie-auftragsfotografie-hochzeitsfeier-fotograf-visagist-make-up-scaled.jpg\" alt=\"\" \/><div class=\"thumb-info\"><h6><\/h6><\/div><\/a><\/div>\n\n\n\n<div class=\"collage-thumb\"><a class=\"image-link\" href=\"https:\/\/weber-medien.de\/wp-content\/uploads\/2020\/09\/bopfingen-loft-loftwohnung-luxus-brautkleid-fotografie-westhausen-lauchheim-scaled.jpg\"><img decoding=\"async\" src=\"https:\/\/weber-medien.de\/wp-content\/uploads\/2020\/09\/bopfingen-loft-loftwohnung-luxus-brautkleid-fotografie-westhausen-lauchheim-scaled.jpg\" alt=\"\" \/><div class=\"thumb-info\"><h6><\/h6><\/div><\/a><\/div>\n\n\n\n<div class=\"collage-thumb\"><a class=\"image-link\" href=\"https:\/\/weber-medien.de\/wp-content\/uploads\/2020\/09\/bopfingen-ipf-fotograf-fotostudio-loft-loftwohnung-luxus-hochzeitsfotografie-scaled.jpg\"><img decoding=\"async\" src=\"https:\/\/weber-medien.de\/wp-content\/uploads\/2020\/09\/bopfingen-ipf-fotograf-fotostudio-loft-loftwohnung-luxus-hochzeitsfotografie-scaled.jpg\" alt=\"\" \/><div class=\"thumb-info\"><h6><\/h6><\/div><\/a><\/div>\n\n\n\n<div class=\"collage-thumb\"><a class=\"image-link\" href=\"https:\/\/weber-medien.de\/wp-content\/uploads\/2020\/09\/bopfingen-fotografie-noerdlingen-hochzeitsfotografie-fotostudio-loft-loftwohnung-scaled.jpg\"><img decoding=\"async\" src=\"https:\/\/weber-medien.de\/wp-content\/uploads\/2020\/09\/bopfingen-fotografie-noerdlingen-hochzeitsfotografie-fotostudio-loft-loftwohnung-scaled.jpg\" alt=\"\" \/><div class=\"thumb-info\"><h6><\/h6><\/div><\/a><\/div>\n\n\n\n<div class=\"collage-thumb\"><a class=\"image-link\" href=\"https:\/\/weber-medien.de\/wp-content\/uploads\/2020\/09\/abtsgmuend-hochzeitsfotograf-neubronn-hochzeitsfeier-hochzeitreportage-scaled.jpg\"><img decoding=\"async\" src=\"https:\/\/weber-medien.de\/wp-content\/uploads\/2020\/09\/abtsgmuend-hochzeitsfotograf-neubronn-hochzeitsfeier-hochzeitreportage-scaled.jpg\" alt=\"\" \/><div class=\"thumb-info\"><h6><\/h6><\/div><\/a><\/div>\n\n\n\n<div class=\"collage-thumb\"><a class=\"image-link\" href=\"https:\/\/weber-medien.de\/wp-content\/uploads\/2020\/09\/abtsgmuend-familie-kinder-freunde-shooting-fotografie-reportage-dokumentation-scaled.jpg\"><img decoding=\"async\" src=\"https:\/\/weber-medien.de\/wp-content\/uploads\/2020\/09\/abtsgmuend-familie-kinder-freunde-shooting-fotografie-reportage-dokumentation-scaled.jpg\" alt=\"\" \/><div class=\"thumb-info\"><h6><\/h6><\/div><\/a><\/div>\n\n\n\n<div class=\"collage-thumb\"><a class=\"image-link\" href=\"https:\/\/weber-medien.de\/wp-content\/uploads\/2020\/09\/abtsgmuend-auftragsfotografie-island-islandfotografie-hochzeitsreportage-loft-scaled.jpg\"><img decoding=\"async\" src=\"https:\/\/weber-medien.de\/wp-content\/uploads\/2020\/09\/abtsgmuend-auftragsfotografie-island-islandfotografie-hochzeitsreportage-loft-scaled.jpg\" alt=\"\" \/><div class=\"thumb-info\"><h6><\/h6><\/div><\/a><\/div>\n\n\n\n<div class=\"collage-thumb\"><a class=\"image-link\" href=\"https:\/\/weber-medien.de\/wp-content\/uploads\/2020\/09\/hochzeitsfotografie-schwaebisch-gmuend-kleid-braut-fotoshooting-auftragsfotografie-scaled.jpg\"><img decoding=\"async\" src=\"https:\/\/weber-medien.de\/wp-content\/uploads\/2020\/09\/hochzeitsfotografie-schwaebisch-gmuend-kleid-braut-fotoshooting-auftragsfotografie-scaled.jpg\" alt=\"\" \/><div class=\"thumb-info\"><h6><\/h6><\/div><\/a><\/div>\n\n\n\n<div class=\"collage-thumb\"><a class=\"image-link\" href=\"https:\/\/weber-medien.de\/wp-content\/uploads\/2020\/09\/hochzeitsfeier-ostalbkreis-aalen-unterkochen-heidenheim-moegglingen-ellwangen-scaled.jpg\"><img decoding=\"async\" src=\"https:\/\/weber-medien.de\/wp-content\/uploads\/2020\/09\/hochzeitsfeier-ostalbkreis-aalen-unterkochen-heidenheim-moegglingen-ellwangen-scaled.jpg\" alt=\"\" \/><div class=\"thumb-info\"><h6><\/h6><\/div><\/a><\/div>\n\n\n\n<div class=\"collage-thumb\"><a class=\"image-link\" href=\"https:\/\/weber-medien.de\/wp-content\/uploads\/2020\/09\/hochzeitsfeier-hochzeitsfotografie-oberkochen-shooting-loft-loftwohnung-luxus-braut-kleid-scaled.jpg\"><img decoding=\"async\" src=\"https:\/\/weber-medien.de\/wp-content\/uploads\/2020\/09\/hochzeitsfeier-hochzeitsfotografie-oberkochen-shooting-loft-loftwohnung-luxus-braut-kleid-scaled.jpg\" alt=\"\" \/><div class=\"thumb-info\"><h6><\/h6><\/div><\/a><\/div>\n\n\n\n<div class=\"collage-thumb\"><a class=\"image-link\" href=\"https:\/\/weber-medien.de\/wp-content\/uploads\/2020\/09\/hochzeit-feier-geburtstag-firmenfotografie-fashion-visagist-reportage-scaled.jpg\"><img decoding=\"async\" src=\"https:\/\/weber-medien.de\/wp-content\/uploads\/2020\/09\/hochzeit-feier-geburtstag-firmenfotografie-fashion-visagist-reportage-scaled.jpg\" alt=\"\" \/><div class=\"thumb-info\"><h6><\/h6><\/div><\/a><\/div>\n\n\n\n<div class=\"collage-thumb\"><a class=\"image-link\" href=\"https:\/\/weber-medien.de\/wp-content\/uploads\/2020\/09\/heidenheim-hochzeitsfotograf-make-up-visagist-artist-fotostudio-hochezit-scaled.jpg\"><img decoding=\"async\" src=\"https:\/\/weber-medien.de\/wp-content\/uploads\/2020\/09\/heidenheim-hochzeitsfotograf-make-up-visagist-artist-fotostudio-hochezit-scaled.jpg\" alt=\"\" \/><div class=\"thumb-info\"><h6><\/h6><\/div><\/a><\/div>\n\n\n\n<div class=\"collage-thumb\"><a class=\"image-link\" href=\"https:\/\/weber-medien.de\/wp-content\/uploads\/2020\/09\/heidenheim-hochzeitsfotografie-hochzeitsfeier-fotostudio-loft-loftwohnung-luxus-scaled.jpg\"><img decoding=\"async\" src=\"https:\/\/weber-medien.de\/wp-content\/uploads\/2020\/09\/heidenheim-hochzeitsfotografie-hochzeitsfeier-fotostudio-loft-loftwohnung-luxus-scaled.jpg\" alt=\"\" \/><div class=\"thumb-info\"><h6><\/h6><\/div><\/a><\/div>\n\n\n\n<div class=\"collage-thumb\"><a class=\"image-link\" href=\"https:\/\/weber-medien.de\/wp-content\/uploads\/2020\/09\/heidenheim-familien-eltern-freunde-paar-shooting-hochzeitsfotografie-fashion-scaled.jpg\"><img decoding=\"async\" src=\"https:\/\/weber-medien.de\/wp-content\/uploads\/2020\/09\/heidenheim-familien-eltern-freunde-paar-shooting-hochzeitsfotografie-fashion-scaled.jpg\" alt=\"\" \/><div class=\"thumb-info\"><h6><\/h6><\/div><\/a><\/div>\n\n\n\n<div class=\"collage-thumb\"><a class=\"image-link\" href=\"https:\/\/weber-medien.de\/wp-content\/uploads\/2020\/09\/heidenheim-braut-braeutigam-hochzeitsfeier-fotoshooting-reportage-fotostudio-scaled.jpg\"><img decoding=\"async\" src=\"https:\/\/weber-medien.de\/wp-content\/uploads\/2020\/09\/heidenheim-braut-braeutigam-hochzeitsfeier-fotoshooting-reportage-fotostudio-scaled.jpg\" alt=\"\" \/><div class=\"thumb-info\"><h6><\/h6><\/div><\/a><\/div>\n\n\n\n<div class=\"collage-thumb\"><a class=\"image-link\" href=\"https:\/\/weber-medien.de\/wp-content\/uploads\/2020\/09\/fotostudio-loft-loftwohnung-luxus-fotoloft-fotostudio-aalen-ellwangen-abtsgmuend-neubronn-scaled.jpg\"><img decoding=\"async\" src=\"https:\/\/weber-medien.de\/wp-content\/uploads\/2020\/09\/fotostudio-loft-loftwohnung-luxus-fotoloft-fotostudio-aalen-ellwangen-abtsgmuend-neubronn-scaled.jpg\" alt=\"\" \/><div class=\"thumb-info\"><h6><\/h6><\/div><\/a><\/div>\n\n\n\n<div class=\"collage-thumb\"><a class=\"image-link\" href=\"https:\/\/weber-medien.de\/wp-content\/uploads\/2020\/09\/fotoshooting-fotografie-makeup-visagist-make-up-styling-haare-aalen-ostalbkreis-scaled.jpg\"><img decoding=\"async\" src=\"https:\/\/weber-medien.de\/wp-content\/uploads\/2020\/09\/fotoshooting-fotografie-makeup-visagist-make-up-styling-haare-aalen-ostalbkreis-scaled.jpg\" alt=\"\" \/><div class=\"thumb-info\"><h6><\/h6><\/div><\/a><\/div>\n\n\n\n<div class=\"collage-thumb\"><a class=\"image-link\" href=\"https:\/\/weber-medien.de\/wp-content\/uploads\/2020\/09\/fotografie-reportage-aalen-ostalbkreis-ostalb-kochertal-foto-loft-loftwohnung-luxus-scaled.jpg\"><img decoding=\"async\" src=\"https:\/\/weber-medien.de\/wp-content\/uploads\/2020\/09\/fotografie-reportage-aalen-ostalbkreis-ostalb-kochertal-foto-loft-loftwohnung-luxus-scaled.jpg\" alt=\"\" \/><div class=\"thumb-info\"><h6><\/h6><\/div><\/a><\/div>\n\n\n\n<div class=\"collage-thumb\"><a class=\"image-link\" href=\"https:\/\/weber-medien.de\/wp-content\/uploads\/2020\/09\/fashion-style-aalen-braut-kleid-anzug-haare-fingernaegel-fotostudio-loft-loftwohnung-scaled.jpg\"><img decoding=\"async\" src=\"https:\/\/weber-medien.de\/wp-content\/uploads\/2020\/09\/fashion-style-aalen-braut-kleid-anzug-haare-fingernaegel-fotostudio-loft-loftwohnung-scaled.jpg\" alt=\"\" \/><div class=\"thumb-info\"><h6><\/h6><\/div><\/a><\/div>\n<\/div>\n\n\n\n<p><\/p>\n","protected":false},"template":"","portfolio_category":[],"class_list":["post-3309","bauman_portfolio","type-bauman_portfolio","status-publish","hentry"],"aioseo_notices":[],"yoast_head":"<!-- This site is optimized with the Yoast SEO plugin v27.5 - https:\/\/yoast.com\/product\/yoast-seo-wordpress\/ -->\n<title>Aalen Hochzeitsfotografie Abtsgm\u00fcnd Loftwohnung Ellwangen Heidenheim Fashion Hochzeit Hochzeitsfeier Hochzeitsreportage Hochzeitsdokumentation Neubronn Heidenheim - Fotografie Aalen Ellwangen Heidenheim Abtsgm\u00fcnd Oberkochen Unterkochen Schw\u00e4bisch Gm\u00fcnd Ostalb<\/title>\n<meta name=\"description\" content=\"Hochzeitsfeier Hochzeitsfotograf Abtsgm\u00fcnd Neubronn Hochzeitskleid Aalen Ostalbkreis Autofotografie Carshooting Motorrad Kochertal\" \/>\n<meta name=\"robots\" content=\"index, follow, max-snippet:-1, max-image-preview:large, max-video-preview:-1\" \/>\n<link rel=\"canonical\" href=\"https:\/\/weber-medien.de\/?bauman_portfolio=aalen-hochzeitsfotografie-abtsgmuend-loftwohnung-ellwangen-heidenheim-fashion-hochzeit-hochzeitsfeier-hochzeitsreportage-hochzeitsdokumentation-neubronn-heidenheim\" \/>\n<meta property=\"og:locale\" content=\"de_DE\" \/>\n<meta property=\"og:type\" content=\"article\" \/>\n<meta property=\"og:title\" content=\"Aalen Hochzeitsfotografie Abtsgm\u00fcnd Loftwohnung Ellwangen Heidenheim Fashion Hochzeit Hochzeitsfeier Hochzeitsreportage Hochzeitsdokumentation Neubronn Heidenheim - Fotografie Aalen Ellwangen Heidenheim Abtsgm\u00fcnd Oberkochen Unterkochen Schw\u00e4bisch Gm\u00fcnd Ostalb\" \/>\n<meta property=\"og:description\" content=\"Hochzeitsfeier Hochzeitsfotograf Abtsgm\u00fcnd Neubronn Hochzeitskleid Aalen Ostalbkreis Autofotografie Carshooting Motorrad Kochertal\" \/>\n<meta property=\"og:url\" content=\"https:\/\/weber-medien.de\/?bauman_portfolio=aalen-hochzeitsfotografie-abtsgmuend-loftwohnung-ellwangen-heidenheim-fashion-hochzeit-hochzeitsfeier-hochzeitsreportage-hochzeitsdokumentation-neubronn-heidenheim\" \/>\n<meta property=\"og:site_name\" content=\"Fotografie Aalen Ellwangen Heidenheim Abtsgm\u00fcnd Oberkochen Unterkochen Schw\u00e4bisch Gm\u00fcnd Ostalb\" \/>\n<meta property=\"article:publisher\" content=\"https:\/\/www.facebook.com\/weberfotografie\" \/>\n<meta property=\"article:modified_time\" content=\"2023-04-25T13:34:13+00:00\" \/>\n<meta property=\"og:image\" content=\"https:\/\/weber-medien.de\/wp-content\/uploads\/2021\/07\/michael-weber-fotografie-fotograf-fotostudio-ostalbkreis.jpg\" \/>\n\t<meta property=\"og:image:width\" content=\"1024\" \/>\n\t<meta property=\"og:image:height\" content=\"538\" \/>\n\t<meta property=\"og:image:type\" content=\"image\/jpeg\" \/>\n<meta name=\"twitter:card\" content=\"summary_large_image\" \/>\n<meta name=\"twitter:label1\" content=\"Gesch\u00e4tzte Lesezeit\" \/>\n\t<meta name=\"twitter:data1\" content=\"1\u00a0Minute\" \/>\n<script type=\"application\/ld+json\" class=\"yoast-schema-graph\">{\"@context\":\"https:\\\/\\\/schema.org\",\"@graph\":[{\"@type\":\"WebPage\",\"@id\":\"https:\\\/\\\/weber-medien.de\\\/?bauman_portfolio=aalen-hochzeitsfotografie-abtsgmuend-loftwohnung-ellwangen-heidenheim-fashion-hochzeit-hochzeitsfeier-hochzeitsreportage-hochzeitsdokumentation-neubronn-heidenheim\",\"url\":\"https:\\\/\\\/weber-medien.de\\\/?bauman_portfolio=aalen-hochzeitsfotografie-abtsgmuend-loftwohnung-ellwangen-heidenheim-fashion-hochzeit-hochzeitsfeier-hochzeitsreportage-hochzeitsdokumentation-neubronn-heidenheim\",\"name\":\"Aalen Hochzeitsfotografie Abtsgm\u00fcnd Loftwohnung Ellwangen Heidenheim Fashion Hochzeit Hochzeitsfeier Hochzeitsreportage Hochzeitsdokumentation Neubronn Heidenheim - Fotografie Aalen Ellwangen Heidenheim Abtsgm\u00fcnd Oberkochen Unterkochen Schw\u00e4bisch Gm\u00fcnd Ostalb\",\"isPartOf\":{\"@id\":\"https:\\\/\\\/weber-medien.de\\\/#website\"},\"datePublished\":\"2020-09-10T18:58:26+00:00\",\"dateModified\":\"2023-04-25T13:34:13+00:00\",\"description\":\"Hochzeitsfeier Hochzeitsfotograf Abtsgm\u00fcnd Neubronn Hochzeitskleid Aalen Ostalbkreis Autofotografie Carshooting Motorrad Kochertal\",\"breadcrumb\":{\"@id\":\"https:\\\/\\\/weber-medien.de\\\/?bauman_portfolio=aalen-hochzeitsfotografie-abtsgmuend-loftwohnung-ellwangen-heidenheim-fashion-hochzeit-hochzeitsfeier-hochzeitsreportage-hochzeitsdokumentation-neubronn-heidenheim#breadcrumb\"},\"inLanguage\":\"de\",\"potentialAction\":[{\"@type\":\"ReadAction\",\"target\":[\"https:\\\/\\\/weber-medien.de\\\/?bauman_portfolio=aalen-hochzeitsfotografie-abtsgmuend-loftwohnung-ellwangen-heidenheim-fashion-hochzeit-hochzeitsfeier-hochzeitsreportage-hochzeitsdokumentation-neubronn-heidenheim\"]}]},{\"@type\":\"BreadcrumbList\",\"@id\":\"https:\\\/\\\/weber-medien.de\\\/?bauman_portfolio=aalen-hochzeitsfotografie-abtsgmuend-loftwohnung-ellwangen-heidenheim-fashion-hochzeit-hochzeitsfeier-hochzeitsreportage-hochzeitsdokumentation-neubronn-heidenheim#breadcrumb\",\"itemListElement\":[{\"@type\":\"ListItem\",\"position\":1,\"name\":\"Startseite\",\"item\":\"https:\\\/\\\/weber-medien.de\\\/\"},{\"@type\":\"ListItem\",\"position\":2,\"name\":\"Aalen Hochzeitsfotografie Abtsgm\u00fcnd Loftwohnung Ellwangen Heidenheim Fashion Hochzeit Hochzeitsfeier Hochzeitsreportage Hochzeitsdokumentation Neubronn Heidenheim\"}]},{\"@type\":\"WebSite\",\"@id\":\"https:\\\/\\\/weber-medien.de\\\/#website\",\"url\":\"https:\\\/\\\/weber-medien.de\\\/\",\"name\":\"Fotografie Aalen Ellwangen Heidenheim Abtsgm\u00fcnd Oberkochen Unterkochen Schw\u00e4bisch Gm\u00fcnd Ostalb\",\"description\":\"Fotografie Ostalbkreis Michael Weber Fotograf Hochzeit\",\"publisher\":{\"@id\":\"https:\\\/\\\/weber-medien.de\\\/#organization\"},\"potentialAction\":[{\"@type\":\"SearchAction\",\"target\":{\"@type\":\"EntryPoint\",\"urlTemplate\":\"https:\\\/\\\/weber-medien.de\\\/?s={search_term_string}\"},\"query-input\":{\"@type\":\"PropertyValueSpecification\",\"valueRequired\":true,\"valueName\":\"search_term_string\"}}],\"inLanguage\":\"de\"},{\"@type\":\"Organization\",\"@id\":\"https:\\\/\\\/weber-medien.de\\\/#organization\",\"name\":\"Michael Weber Fotografie in Aalen Ostalbkreis\",\"url\":\"https:\\\/\\\/weber-medien.de\\\/\",\"logo\":{\"@type\":\"ImageObject\",\"inLanguage\":\"de\",\"@id\":\"https:\\\/\\\/weber-medien.de\\\/#\\\/schema\\\/logo\\\/image\\\/\",\"url\":\"https:\\\/\\\/weber-medien.de\\\/wp-content\\\/uploads\\\/2021\\\/07\\\/michael-weber-fotografie-fotograf-fotostudio-hochzeitsfotografie-aalen-ostalbkreis.jpg\",\"contentUrl\":\"https:\\\/\\\/weber-medien.de\\\/wp-content\\\/uploads\\\/2021\\\/07\\\/michael-weber-fotografie-fotograf-fotostudio-hochzeitsfotografie-aalen-ostalbkreis.jpg\",\"width\":1200,\"height\":630,\"caption\":\"Michael Weber Fotografie in Aalen Ostalbkreis\"},\"image\":{\"@id\":\"https:\\\/\\\/weber-medien.de\\\/#\\\/schema\\\/logo\\\/image\\\/\"},\"sameAs\":[\"https:\\\/\\\/www.facebook.com\\\/weberfotografie\",\"https:\\\/\\\/www.instagram.com\\\/weberfotografie\"]}]}<\/script>\n<!-- \/ Yoast SEO plugin. -->","yoast_head_json":{"title":"Aalen Hochzeitsfotografie Abtsgm\u00fcnd Loftwohnung Ellwangen Heidenheim Fashion Hochzeit Hochzeitsfeier Hochzeitsreportage Hochzeitsdokumentation Neubronn Heidenheim - Fotografie Aalen Ellwangen Heidenheim Abtsgm\u00fcnd Oberkochen Unterkochen Schw\u00e4bisch Gm\u00fcnd Ostalb","description":"Hochzeitsfeier Hochzeitsfotograf Abtsgm\u00fcnd Neubronn Hochzeitskleid Aalen Ostalbkreis Autofotografie Carshooting Motorrad Kochertal","robots":{"index":"index","follow":"follow","max-snippet":"max-snippet:-1","max-image-preview":"max-image-preview:large","max-video-preview":"max-video-preview:-1"},"canonical":"https:\/\/weber-medien.de\/?bauman_portfolio=aalen-hochzeitsfotografie-abtsgmuend-loftwohnung-ellwangen-heidenheim-fashion-hochzeit-hochzeitsfeier-hochzeitsreportage-hochzeitsdokumentation-neubronn-heidenheim","og_locale":"de_DE","og_type":"article","og_title":"Aalen Hochzeitsfotografie Abtsgm\u00fcnd Loftwohnung Ellwangen Heidenheim Fashion Hochzeit Hochzeitsfeier Hochzeitsreportage Hochzeitsdokumentation Neubronn Heidenheim - Fotografie Aalen Ellwangen Heidenheim Abtsgm\u00fcnd Oberkochen Unterkochen Schw\u00e4bisch Gm\u00fcnd Ostalb","og_description":"Hochzeitsfeier Hochzeitsfotograf Abtsgm\u00fcnd Neubronn Hochzeitskleid Aalen Ostalbkreis Autofotografie Carshooting Motorrad Kochertal","og_url":"https:\/\/weber-medien.de\/?bauman_portfolio=aalen-hochzeitsfotografie-abtsgmuend-loftwohnung-ellwangen-heidenheim-fashion-hochzeit-hochzeitsfeier-hochzeitsreportage-hochzeitsdokumentation-neubronn-heidenheim","og_site_name":"Fotografie Aalen Ellwangen Heidenheim Abtsgm\u00fcnd Oberkochen Unterkochen Schw\u00e4bisch Gm\u00fcnd Ostalb","article_publisher":"https:\/\/www.facebook.com\/weberfotografie","article_modified_time":"2023-04-25T13:34:13+00:00","og_image":[{"width":1024,"height":538,"url":"https:\/\/weber-medien.de\/wp-content\/uploads\/2021\/07\/michael-weber-fotografie-fotograf-fotostudio-ostalbkreis.jpg","type":"image\/jpeg"}],"twitter_card":"summary_large_image","twitter_misc":{"Gesch\u00e4tzte Lesezeit":"1\u00a0Minute"},"schema":{"@context":"https:\/\/schema.org","@graph":[{"@type":"WebPage","@id":"https:\/\/weber-medien.de\/?bauman_portfolio=aalen-hochzeitsfotografie-abtsgmuend-loftwohnung-ellwangen-heidenheim-fashion-hochzeit-hochzeitsfeier-hochzeitsreportage-hochzeitsdokumentation-neubronn-heidenheim","url":"https:\/\/weber-medien.de\/?bauman_portfolio=aalen-hochzeitsfotografie-abtsgmuend-loftwohnung-ellwangen-heidenheim-fashion-hochzeit-hochzeitsfeier-hochzeitsreportage-hochzeitsdokumentation-neubronn-heidenheim","name":"Aalen Hochzeitsfotografie Abtsgm\u00fcnd Loftwohnung Ellwangen Heidenheim Fashion Hochzeit Hochzeitsfeier Hochzeitsreportage Hochzeitsdokumentation Neubronn Heidenheim - Fotografie Aalen Ellwangen Heidenheim Abtsgm\u00fcnd Oberkochen Unterkochen Schw\u00e4bisch Gm\u00fcnd Ostalb","isPartOf":{"@id":"https:\/\/weber-medien.de\/#website"},"datePublished":"2020-09-10T18:58:26+00:00","dateModified":"2023-04-25T13:34:13+00:00","description":"Hochzeitsfeier Hochzeitsfotograf Abtsgm\u00fcnd Neubronn Hochzeitskleid Aalen Ostalbkreis Autofotografie Carshooting Motorrad Kochertal","breadcrumb":{"@id":"https:\/\/weber-medien.de\/?bauman_portfolio=aalen-hochzeitsfotografie-abtsgmuend-loftwohnung-ellwangen-heidenheim-fashion-hochzeit-hochzeitsfeier-hochzeitsreportage-hochzeitsdokumentation-neubronn-heidenheim#breadcrumb"},"inLanguage":"de","potentialAction":[{"@type":"ReadAction","target":["https:\/\/weber-medien.de\/?bauman_portfolio=aalen-hochzeitsfotografie-abtsgmuend-loftwohnung-ellwangen-heidenheim-fashion-hochzeit-hochzeitsfeier-hochzeitsreportage-hochzeitsdokumentation-neubronn-heidenheim"]}]},{"@type":"BreadcrumbList","@id":"https:\/\/weber-medien.de\/?bauman_portfolio=aalen-hochzeitsfotografie-abtsgmuend-loftwohnung-ellwangen-heidenheim-fashion-hochzeit-hochzeitsfeier-hochzeitsreportage-hochzeitsdokumentation-neubronn-heidenheim#breadcrumb","itemListElement":[{"@type":"ListItem","position":1,"name":"Startseite","item":"https:\/\/weber-medien.de\/"},{"@type":"ListItem","position":2,"name":"Aalen Hochzeitsfotografie Abtsgm\u00fcnd Loftwohnung Ellwangen Heidenheim Fashion Hochzeit Hochzeitsfeier Hochzeitsreportage Hochzeitsdokumentation Neubronn Heidenheim"}]},{"@type":"WebSite","@id":"https:\/\/weber-medien.de\/#website","url":"https:\/\/weber-medien.de\/","name":"Fotografie Aalen Ellwangen Heidenheim Abtsgm\u00fcnd Oberkochen Unterkochen Schw\u00e4bisch Gm\u00fcnd Ostalb","description":"Fotografie Ostalbkreis Michael Weber Fotograf Hochzeit","publisher":{"@id":"https:\/\/weber-medien.de\/#organization"},"potentialAction":[{"@type":"SearchAction","target":{"@type":"EntryPoint","urlTemplate":"https:\/\/weber-medien.de\/?s={search_term_string}"},"query-input":{"@type":"PropertyValueSpecification","valueRequired":true,"valueName":"search_term_string"}}],"inLanguage":"de"},{"@type":"Organization","@id":"https:\/\/weber-medien.de\/#organization","name":"Michael Weber Fotografie in Aalen Ostalbkreis","url":"https:\/\/weber-medien.de\/","logo":{"@type":"ImageObject","inLanguage":"de","@id":"https:\/\/weber-medien.de\/#\/schema\/logo\/image\/","url":"https:\/\/weber-medien.de\/wp-content\/uploads\/2021\/07\/michael-weber-fotografie-fotograf-fotostudio-hochzeitsfotografie-aalen-ostalbkreis.jpg","contentUrl":"https:\/\/weber-medien.de\/wp-content\/uploads\/2021\/07\/michael-weber-fotografie-fotograf-fotostudio-hochzeitsfotografie-aalen-ostalbkreis.jpg","width":1200,"height":630,"caption":"Michael Weber Fotografie in Aalen Ostalbkreis"},"image":{"@id":"https:\/\/weber-medien.de\/#\/schema\/logo\/image\/"},"sameAs":["https:\/\/www.facebook.com\/weberfotografie","https:\/\/www.instagram.com\/weberfotografie"]}]}},"_links":{"self":[{"href":"https:\/\/weber-medien.de\/index.php?rest_route=\/wp\/v2\/bauman_portfolio\/3309","targetHints":{"allow":["GET"]}}],"collection":[{"href":"https:\/\/weber-medien.de\/index.php?rest_route=\/wp\/v2\/bauman_portfolio"}],"about":[{"href":"https:\/\/weber-medien.de\/index.php?rest_route=\/wp\/v2\/types\/bauman_portfolio"}],"wp:attachment":[{"href":"https:\/\/weber-medien.de\/index.php?rest_route=%2Fwp%2Fv2%2Fmedia&parent=3309"}],"wp:term":[{"taxonomy":"portfolio_category","embeddable":true,"href":"https:\/\/weber-medien.de\/index.php?rest_route=%2Fwp%2Fv2%2Fportfolio_category&post=3309"}],"curies":[{"name":"wp","href":"https:\/\/api.w.org\/{rel}","templated":true}]}}