{"id":3420,"date":"2020-10-02T16:52:53","date_gmt":"2020-10-02T16:52:53","guid":{"rendered":"https:\/\/weber-medien.de\/?post_type=bauman_portfolio&#038;p=3420"},"modified":"2023-04-25T13:24:30","modified_gmt":"2023-04-25T13:24:30","slug":"ostalbkreis-fotografie-fotograf-natur-landschaft-hochzeit-reportage-dokumentation-fotostudio-loft","status":"publish","type":"bauman_portfolio","link":"https:\/\/weber-medien.de\/?bauman_portfolio=ostalbkreis-fotografie-fotograf-natur-landschaft-hochzeit-reportage-dokumentation-fotostudio-loft","title":{"rendered":"Ostalbkreis Fotografie Fotograf Natur Landschaft Hochzeit Reportage Dokumentation Fotostudio Loft"},"content":{"rendered":"\n<p><\/p>\n\n\n\n<div id=\"justified-grid\" class=\"wp-block-bauman-gutenberg-collage full has-animation\">\n<div class=\"collage-thumb\"><a class=\"image-link\" href=\"https:\/\/weber-medien.de\/wp-content\/uploads\/2020\/10\/hochzeitsfotografie-aalen-hochzeitsreportage-ellwangen-hochzeitsdokumentation-abtsgmuend-auftragsfotografie-loft-scaled.jpg\"><img decoding=\"async\" src=\"https:\/\/weber-medien.de\/wp-content\/uploads\/2020\/10\/hochzeitsfotografie-aalen-hochzeitsreportage-ellwangen-hochzeitsdokumentation-abtsgmuend-auftragsfotografie-loft-scaled.jpg\" alt=\"\" \/><div class=\"thumb-info\"><h6><\/h6><\/div><\/a><\/div>\n\n\n\n<div class=\"collage-thumb\"><a class=\"image-link\" href=\"https:\/\/weber-medien.de\/wp-content\/uploads\/2020\/10\/Fotografie-ostalbkreis-aalen-ellwangen-abstgmuend-heidenheim-bopfingen-noerdlingen-schwaebisch-gmuend-scaled.jpg\"><img decoding=\"async\" src=\"https:\/\/weber-medien.de\/wp-content\/uploads\/2020\/10\/Fotografie-ostalbkreis-aalen-ellwangen-abstgmuend-heidenheim-bopfingen-noerdlingen-schwaebisch-gmuend-scaled.jpg\" alt=\"\" \/><div class=\"thumb-info\"><h6><\/h6><\/div><\/a><\/div>\n\n\n\n<div class=\"collage-thumb\"><a class=\"image-link\" href=\"https:\/\/weber-medien.de\/wp-content\/uploads\/2020\/10\/reportage-aalen-dokumentation-weberfotografie-ostalbkreis-fotostudio-fotografie-foto-loft-kamera-scaled.jpg\"><img decoding=\"async\" src=\"https:\/\/weber-medien.de\/wp-content\/uploads\/2020\/10\/reportage-aalen-dokumentation-weberfotografie-ostalbkreis-fotostudio-fotografie-foto-loft-kamera-scaled.jpg\" alt=\"\" \/><div class=\"thumb-info\"><h6><\/h6><\/div><\/a><\/div>\n\n\n\n<div class=\"collage-thumb\"><a class=\"image-link\" href=\"https:\/\/weber-medien.de\/wp-content\/uploads\/2020\/10\/ostalbkreis-landschaftsfotograf-photographer-fotostudio-photostudio-loft-abtsgmuend-ellwangen-scaled.jpg\"><img decoding=\"async\" src=\"https:\/\/weber-medien.de\/wp-content\/uploads\/2020\/10\/ostalbkreis-landschaftsfotograf-photographer-fotostudio-photostudio-loft-abtsgmuend-ellwangen-scaled.jpg\" alt=\"\" \/><div class=\"thumb-info\"><h6><\/h6><\/div><\/a><\/div>\n\n\n\n<div class=\"collage-thumb\"><a class=\"image-link\" href=\"https:\/\/weber-medien.de\/wp-content\/uploads\/2021\/10\/weberfotografie-maerchenwald-zauberwald-ostalbkreis-aalen-abtsgmuend.jpg\"><img decoding=\"async\" src=\"https:\/\/weber-medien.de\/wp-content\/uploads\/2021\/10\/weberfotografie-maerchenwald-zauberwald-ostalbkreis-aalen-abtsgmuend.jpg\" alt=\"\" \/><div class=\"thumb-info\"><h6><\/h6><\/div><\/a><\/div>\n\n\n\n<div class=\"collage-thumb\"><a class=\"image-link\" href=\"https:\/\/weber-medien.de\/wp-content\/uploads\/2020\/10\/michael-weber-fotografie-aalen-weberfotografie-fotostudio-ostalbkreis-fotograf-reportage-loft-scaled.jpg\"><img decoding=\"async\" src=\"https:\/\/weber-medien.de\/wp-content\/uploads\/2020\/10\/michael-weber-fotografie-aalen-weberfotografie-fotostudio-ostalbkreis-fotograf-reportage-loft-scaled.jpg\" alt=\"\" \/><div class=\"thumb-info\"><h6><\/h6><\/div><\/a><\/div>\n\n\n\n<div class=\"collage-thumb\"><a class=\"image-link\" href=\"https:\/\/weber-medien.de\/wp-content\/uploads\/2020\/10\/auftragsfotografie-reportage-dokumentation-hochzeitsreportage-hochzeitsfotografie-aalen-abtsgmuend-ellwangen-heidenheim-scaled.jpg\"><img decoding=\"async\" src=\"https:\/\/weber-medien.de\/wp-content\/uploads\/2020\/10\/auftragsfotografie-reportage-dokumentation-hochzeitsreportage-hochzeitsfotografie-aalen-abtsgmuend-ellwangen-heidenheim-scaled.jpg\" alt=\"\" \/><div class=\"thumb-info\"><h6><\/h6><\/div><\/a><\/div>\n\n\n\n<div class=\"collage-thumb\"><a class=\"image-link\" href=\"https:\/\/weber-medien.de\/wp-content\/uploads\/2021\/10\/zauberwald-schweden-norwegen-natur-weberfotografie.jpg\"><img decoding=\"async\" src=\"https:\/\/weber-medien.de\/wp-content\/uploads\/2021\/10\/zauberwald-schweden-norwegen-natur-weberfotografie.jpg\" alt=\"\" \/><div class=\"thumb-info\"><h6><\/h6><\/div><\/a><\/div>\n\n\n\n<div class=\"collage-thumb\"><a class=\"image-link\" href=\"https:\/\/weber-medien.de\/wp-content\/uploads\/2020\/10\/ostalbkreis-michael-weber-fotografie-abtsgmuend-neubronn-fotostudio-weberfotografie-fotostudio-auftragsfotografie-scaled.jpg\"><img decoding=\"async\" src=\"https:\/\/weber-medien.de\/wp-content\/uploads\/2020\/10\/ostalbkreis-michael-weber-fotografie-abtsgmuend-neubronn-fotostudio-weberfotografie-fotostudio-auftragsfotografie-scaled.jpg\" alt=\"\" \/><div class=\"thumb-info\"><h6><\/h6><\/div><\/a><\/div>\n\n\n\n<div class=\"collage-thumb\"><a class=\"image-link\" href=\"https:\/\/weber-medien.de\/wp-content\/uploads\/2020\/10\/ellwangen-fotograf-photographer-fotostudio-ostalbkreis-loft-model-visagit-make-up-scaled.jpg\"><img decoding=\"async\" src=\"https:\/\/weber-medien.de\/wp-content\/uploads\/2020\/10\/ellwangen-fotograf-photographer-fotostudio-ostalbkreis-loft-model-visagit-make-up-scaled.jpg\" alt=\"\" \/><div class=\"thumb-info\"><h6><\/h6><\/div><\/a><\/div>\n\n\n\n<div class=\"collage-thumb\"><a class=\"image-link\" href=\"https:\/\/weber-medien.de\/wp-content\/uploads\/2020\/10\/ostalb-schwaebische-alb-baden-wuerttemberg-michael-weber-fotografie-weberfotografie-fotostudio-loft-scaled.jpg\"><img decoding=\"async\" src=\"https:\/\/weber-medien.de\/wp-content\/uploads\/2020\/10\/ostalb-schwaebische-alb-baden-wuerttemberg-michael-weber-fotografie-weberfotografie-fotostudio-loft-scaled.jpg\" alt=\"\" \/><div class=\"thumb-info\"><h6><\/h6><\/div><\/a><\/div>\n\n\n\n<div class=\"collage-thumb\"><a class=\"image-link\" href=\"https:\/\/weber-medien.de\/wp-content\/uploads\/2020\/10\/ostalbkreis-fotostudio-fotograf-hochzeiten-hochzeitsfeier-hochzeitfotograf-fotostudio-weberfotografie-scaled.jpg\"><img decoding=\"async\" src=\"https:\/\/weber-medien.de\/wp-content\/uploads\/2020\/10\/ostalbkreis-fotostudio-fotograf-hochzeiten-hochzeitsfeier-hochzeitfotograf-fotostudio-weberfotografie-scaled.jpg\" alt=\"\" \/><div class=\"thumb-info\"><h6><\/h6><\/div><\/a><\/div>\n\n\n\n<div class=\"collage-thumb\"><a class=\"image-link\" href=\"https:\/\/weber-medien.de\/wp-content\/uploads\/2020\/10\/michael-weber-fotografie-weber-medien-weberfotografie-aalen-heidenheim-fotostudio-fotograf-scaled.jpg\"><img decoding=\"async\" src=\"https:\/\/weber-medien.de\/wp-content\/uploads\/2020\/10\/michael-weber-fotografie-weber-medien-weberfotografie-aalen-heidenheim-fotostudio-fotograf-scaled.jpg\" alt=\"\" \/><div class=\"thumb-info\"><h6><\/h6><\/div><\/a><\/div>\n\n\n\n<div class=\"collage-thumb\"><a class=\"image-link\" href=\"https:\/\/weber-medien.de\/wp-content\/uploads\/2020\/10\/fotoshooting-aalen-fotostudio-ostalbkreis-bopfingen-noerdlingen-heidenheim-loft-scaled.jpg\"><img decoding=\"async\" src=\"https:\/\/weber-medien.de\/wp-content\/uploads\/2020\/10\/fotoshooting-aalen-fotostudio-ostalbkreis-bopfingen-noerdlingen-heidenheim-loft-scaled.jpg\" alt=\"\" \/><div class=\"thumb-info\"><h6><\/h6><\/div><\/a><\/div>\n\n\n\n<div class=\"collage-thumb\"><a class=\"image-link\" href=\"https:\/\/weber-medien.de\/wp-content\/uploads\/2021\/09\/abtsgmuend-nightsky-milchstrasse-milkyway-ostalbkreis-fotograf.jpg\"><img decoding=\"async\" src=\"https:\/\/weber-medien.de\/wp-content\/uploads\/2021\/09\/abtsgmuend-nightsky-milchstrasse-milkyway-ostalbkreis-fotograf.jpg\" alt=\"\" \/><div class=\"thumb-info\"><h6><\/h6><\/div><\/a><\/div>\n<\/div>\n","protected":false},"template":"","portfolio_category":[],"class_list":["post-3420","bauman_portfolio","type-bauman_portfolio","status-publish","hentry"],"aioseo_notices":[],"yoast_head":"<!-- This site is optimized with the Yoast SEO plugin v27.5 - https:\/\/yoast.com\/product\/yoast-seo-wordpress\/ -->\n<title>Ostalbkreis Fotografie Fotograf Natur Landschaft Hochzeit Reportage Dokumentation Fotostudio Loft - Fotografie Aalen Ellwangen Heidenheim Abtsgm\u00fcnd Oberkochen Unterkochen Schw\u00e4bisch Gm\u00fcnd Ostalb<\/title>\n<meta name=\"description\" content=\"Schw\u00e4bisch Gm\u00fcnd Hochzeitsfotograf Newborn Paarfotograf Familienfotograf Fotostudio Ostalbkreis fotografieren H\u00fcttlingen Ellwangen Photographer\" \/>\n<meta name=\"robots\" content=\"index, follow, max-snippet:-1, max-image-preview:large, max-video-preview:-1\" \/>\n<link rel=\"canonical\" href=\"https:\/\/weber-medien.de\/?bauman_portfolio=ostalbkreis-fotografie-fotograf-natur-landschaft-hochzeit-reportage-dokumentation-fotostudio-loft\" \/>\n<meta property=\"og:locale\" content=\"de_DE\" \/>\n<meta property=\"og:type\" content=\"article\" \/>\n<meta property=\"og:title\" content=\"Ostalbkreis Fotografie Fotograf Natur Landschaft Hochzeit Reportage Dokumentation Fotostudio Loft - Fotografie Aalen Ellwangen Heidenheim Abtsgm\u00fcnd Oberkochen Unterkochen Schw\u00e4bisch Gm\u00fcnd Ostalb\" \/>\n<meta property=\"og:description\" content=\"Schw\u00e4bisch Gm\u00fcnd Hochzeitsfotograf Newborn Paarfotograf Familienfotograf Fotostudio Ostalbkreis fotografieren H\u00fcttlingen Ellwangen Photographer\" \/>\n<meta property=\"og:url\" content=\"https:\/\/weber-medien.de\/?bauman_portfolio=ostalbkreis-fotografie-fotograf-natur-landschaft-hochzeit-reportage-dokumentation-fotostudio-loft\" \/>\n<meta property=\"og:site_name\" content=\"Fotografie Aalen Ellwangen Heidenheim Abtsgm\u00fcnd Oberkochen Unterkochen Schw\u00e4bisch Gm\u00fcnd Ostalb\" \/>\n<meta property=\"article:publisher\" content=\"https:\/\/www.facebook.com\/weberfotografie\" \/>\n<meta property=\"article:modified_time\" content=\"2023-04-25T13:24:30+00:00\" \/>\n<meta property=\"og:image\" content=\"https:\/\/weber-medien.de\/wp-content\/uploads\/2021\/07\/michael-weber-fotografie-fotograf-fotostudio-ostalbkreis.jpg\" \/>\n\t<meta property=\"og:image:width\" content=\"1024\" \/>\n\t<meta property=\"og:image:height\" content=\"538\" \/>\n\t<meta property=\"og:image:type\" content=\"image\/jpeg\" \/>\n<meta name=\"twitter:card\" content=\"summary_large_image\" \/>\n<meta name=\"twitter:label1\" content=\"Gesch\u00e4tzte Lesezeit\" \/>\n\t<meta name=\"twitter:data1\" content=\"1\u00a0Minute\" \/>\n<script type=\"application\/ld+json\" class=\"yoast-schema-graph\">{\"@context\":\"https:\\\/\\\/schema.org\",\"@graph\":[{\"@type\":\"WebPage\",\"@id\":\"https:\\\/\\\/weber-medien.de\\\/?bauman_portfolio=ostalbkreis-fotografie-fotograf-natur-landschaft-hochzeit-reportage-dokumentation-fotostudio-loft\",\"url\":\"https:\\\/\\\/weber-medien.de\\\/?bauman_portfolio=ostalbkreis-fotografie-fotograf-natur-landschaft-hochzeit-reportage-dokumentation-fotostudio-loft\",\"name\":\"Ostalbkreis Fotografie Fotograf Natur Landschaft Hochzeit Reportage Dokumentation Fotostudio Loft - Fotografie Aalen Ellwangen Heidenheim Abtsgm\u00fcnd Oberkochen Unterkochen Schw\u00e4bisch Gm\u00fcnd Ostalb\",\"isPartOf\":{\"@id\":\"https:\\\/\\\/weber-medien.de\\\/#website\"},\"datePublished\":\"2020-10-02T16:52:53+00:00\",\"dateModified\":\"2023-04-25T13:24:30+00:00\",\"description\":\"Schw\u00e4bisch Gm\u00fcnd Hochzeitsfotograf Newborn Paarfotograf Familienfotograf Fotostudio Ostalbkreis fotografieren H\u00fcttlingen Ellwangen Photographer\",\"breadcrumb\":{\"@id\":\"https:\\\/\\\/weber-medien.de\\\/?bauman_portfolio=ostalbkreis-fotografie-fotograf-natur-landschaft-hochzeit-reportage-dokumentation-fotostudio-loft#breadcrumb\"},\"inLanguage\":\"de\",\"potentialAction\":[{\"@type\":\"ReadAction\",\"target\":[\"https:\\\/\\\/weber-medien.de\\\/?bauman_portfolio=ostalbkreis-fotografie-fotograf-natur-landschaft-hochzeit-reportage-dokumentation-fotostudio-loft\"]}]},{\"@type\":\"BreadcrumbList\",\"@id\":\"https:\\\/\\\/weber-medien.de\\\/?bauman_portfolio=ostalbkreis-fotografie-fotograf-natur-landschaft-hochzeit-reportage-dokumentation-fotostudio-loft#breadcrumb\",\"itemListElement\":[{\"@type\":\"ListItem\",\"position\":1,\"name\":\"Startseite\",\"item\":\"https:\\\/\\\/weber-medien.de\\\/\"},{\"@type\":\"ListItem\",\"position\":2,\"name\":\"Ostalbkreis Fotografie Fotograf Natur Landschaft Hochzeit Reportage Dokumentation Fotostudio Loft\"}]},{\"@type\":\"WebSite\",\"@id\":\"https:\\\/\\\/weber-medien.de\\\/#website\",\"url\":\"https:\\\/\\\/weber-medien.de\\\/\",\"name\":\"Fotografie Aalen Ellwangen Heidenheim Abtsgm\u00fcnd Oberkochen Unterkochen Schw\u00e4bisch Gm\u00fcnd Ostalb\",\"description\":\"Fotografie Ostalbkreis Michael Weber Fotograf Hochzeit\",\"publisher\":{\"@id\":\"https:\\\/\\\/weber-medien.de\\\/#organization\"},\"potentialAction\":[{\"@type\":\"SearchAction\",\"target\":{\"@type\":\"EntryPoint\",\"urlTemplate\":\"https:\\\/\\\/weber-medien.de\\\/?s={search_term_string}\"},\"query-input\":{\"@type\":\"PropertyValueSpecification\",\"valueRequired\":true,\"valueName\":\"search_term_string\"}}],\"inLanguage\":\"de\"},{\"@type\":\"Organization\",\"@id\":\"https:\\\/\\\/weber-medien.de\\\/#organization\",\"name\":\"Michael Weber Fotografie in Aalen Ostalbkreis\",\"url\":\"https:\\\/\\\/weber-medien.de\\\/\",\"logo\":{\"@type\":\"ImageObject\",\"inLanguage\":\"de\",\"@id\":\"https:\\\/\\\/weber-medien.de\\\/#\\\/schema\\\/logo\\\/image\\\/\",\"url\":\"https:\\\/\\\/weber-medien.de\\\/wp-content\\\/uploads\\\/2021\\\/07\\\/michael-weber-fotografie-fotograf-fotostudio-hochzeitsfotografie-aalen-ostalbkreis.jpg\",\"contentUrl\":\"https:\\\/\\\/weber-medien.de\\\/wp-content\\\/uploads\\\/2021\\\/07\\\/michael-weber-fotografie-fotograf-fotostudio-hochzeitsfotografie-aalen-ostalbkreis.jpg\",\"width\":1200,\"height\":630,\"caption\":\"Michael Weber Fotografie in Aalen Ostalbkreis\"},\"image\":{\"@id\":\"https:\\\/\\\/weber-medien.de\\\/#\\\/schema\\\/logo\\\/image\\\/\"},\"sameAs\":[\"https:\\\/\\\/www.facebook.com\\\/weberfotografie\",\"https:\\\/\\\/www.instagram.com\\\/weberfotografie\"]}]}<\/script>\n<!-- \/ Yoast SEO plugin. -->","yoast_head_json":{"title":"Ostalbkreis Fotografie Fotograf Natur Landschaft Hochzeit Reportage Dokumentation Fotostudio Loft - Fotografie Aalen Ellwangen Heidenheim Abtsgm\u00fcnd Oberkochen Unterkochen Schw\u00e4bisch Gm\u00fcnd Ostalb","description":"Schw\u00e4bisch Gm\u00fcnd Hochzeitsfotograf Newborn Paarfotograf Familienfotograf Fotostudio Ostalbkreis fotografieren H\u00fcttlingen Ellwangen Photographer","robots":{"index":"index","follow":"follow","max-snippet":"max-snippet:-1","max-image-preview":"max-image-preview:large","max-video-preview":"max-video-preview:-1"},"canonical":"https:\/\/weber-medien.de\/?bauman_portfolio=ostalbkreis-fotografie-fotograf-natur-landschaft-hochzeit-reportage-dokumentation-fotostudio-loft","og_locale":"de_DE","og_type":"article","og_title":"Ostalbkreis Fotografie Fotograf Natur Landschaft Hochzeit Reportage Dokumentation Fotostudio Loft - Fotografie Aalen Ellwangen Heidenheim Abtsgm\u00fcnd Oberkochen Unterkochen Schw\u00e4bisch Gm\u00fcnd Ostalb","og_description":"Schw\u00e4bisch Gm\u00fcnd Hochzeitsfotograf Newborn Paarfotograf Familienfotograf Fotostudio Ostalbkreis fotografieren H\u00fcttlingen Ellwangen Photographer","og_url":"https:\/\/weber-medien.de\/?bauman_portfolio=ostalbkreis-fotografie-fotograf-natur-landschaft-hochzeit-reportage-dokumentation-fotostudio-loft","og_site_name":"Fotografie Aalen Ellwangen Heidenheim Abtsgm\u00fcnd Oberkochen Unterkochen Schw\u00e4bisch Gm\u00fcnd Ostalb","article_publisher":"https:\/\/www.facebook.com\/weberfotografie","article_modified_time":"2023-04-25T13:24:30+00:00","og_image":[{"width":1024,"height":538,"url":"https:\/\/weber-medien.de\/wp-content\/uploads\/2021\/07\/michael-weber-fotografie-fotograf-fotostudio-ostalbkreis.jpg","type":"image\/jpeg"}],"twitter_card":"summary_large_image","twitter_misc":{"Gesch\u00e4tzte Lesezeit":"1\u00a0Minute"},"schema":{"@context":"https:\/\/schema.org","@graph":[{"@type":"WebPage","@id":"https:\/\/weber-medien.de\/?bauman_portfolio=ostalbkreis-fotografie-fotograf-natur-landschaft-hochzeit-reportage-dokumentation-fotostudio-loft","url":"https:\/\/weber-medien.de\/?bauman_portfolio=ostalbkreis-fotografie-fotograf-natur-landschaft-hochzeit-reportage-dokumentation-fotostudio-loft","name":"Ostalbkreis Fotografie Fotograf Natur Landschaft Hochzeit Reportage Dokumentation Fotostudio Loft - Fotografie Aalen Ellwangen Heidenheim Abtsgm\u00fcnd Oberkochen Unterkochen Schw\u00e4bisch Gm\u00fcnd Ostalb","isPartOf":{"@id":"https:\/\/weber-medien.de\/#website"},"datePublished":"2020-10-02T16:52:53+00:00","dateModified":"2023-04-25T13:24:30+00:00","description":"Schw\u00e4bisch Gm\u00fcnd Hochzeitsfotograf Newborn Paarfotograf Familienfotograf Fotostudio Ostalbkreis fotografieren H\u00fcttlingen Ellwangen Photographer","breadcrumb":{"@id":"https:\/\/weber-medien.de\/?bauman_portfolio=ostalbkreis-fotografie-fotograf-natur-landschaft-hochzeit-reportage-dokumentation-fotostudio-loft#breadcrumb"},"inLanguage":"de","potentialAction":[{"@type":"ReadAction","target":["https:\/\/weber-medien.de\/?bauman_portfolio=ostalbkreis-fotografie-fotograf-natur-landschaft-hochzeit-reportage-dokumentation-fotostudio-loft"]}]},{"@type":"BreadcrumbList","@id":"https:\/\/weber-medien.de\/?bauman_portfolio=ostalbkreis-fotografie-fotograf-natur-landschaft-hochzeit-reportage-dokumentation-fotostudio-loft#breadcrumb","itemListElement":[{"@type":"ListItem","position":1,"name":"Startseite","item":"https:\/\/weber-medien.de\/"},{"@type":"ListItem","position":2,"name":"Ostalbkreis Fotografie Fotograf Natur Landschaft Hochzeit Reportage Dokumentation Fotostudio Loft"}]},{"@type":"WebSite","@id":"https:\/\/weber-medien.de\/#website","url":"https:\/\/weber-medien.de\/","name":"Fotografie Aalen Ellwangen Heidenheim Abtsgm\u00fcnd Oberkochen Unterkochen Schw\u00e4bisch Gm\u00fcnd Ostalb","description":"Fotografie Ostalbkreis Michael Weber Fotograf Hochzeit","publisher":{"@id":"https:\/\/weber-medien.de\/#organization"},"potentialAction":[{"@type":"SearchAction","target":{"@type":"EntryPoint","urlTemplate":"https:\/\/weber-medien.de\/?s={search_term_string}"},"query-input":{"@type":"PropertyValueSpecification","valueRequired":true,"valueName":"search_term_string"}}],"inLanguage":"de"},{"@type":"Organization","@id":"https:\/\/weber-medien.de\/#organization","name":"Michael Weber Fotografie in Aalen Ostalbkreis","url":"https:\/\/weber-medien.de\/","logo":{"@type":"ImageObject","inLanguage":"de","@id":"https:\/\/weber-medien.de\/#\/schema\/logo\/image\/","url":"https:\/\/weber-medien.de\/wp-content\/uploads\/2021\/07\/michael-weber-fotografie-fotograf-fotostudio-hochzeitsfotografie-aalen-ostalbkreis.jpg","contentUrl":"https:\/\/weber-medien.de\/wp-content\/uploads\/2021\/07\/michael-weber-fotografie-fotograf-fotostudio-hochzeitsfotografie-aalen-ostalbkreis.jpg","width":1200,"height":630,"caption":"Michael Weber Fotografie in Aalen Ostalbkreis"},"image":{"@id":"https:\/\/weber-medien.de\/#\/schema\/logo\/image\/"},"sameAs":["https:\/\/www.facebook.com\/weberfotografie","https:\/\/www.instagram.com\/weberfotografie"]}]}},"_links":{"self":[{"href":"https:\/\/weber-medien.de\/index.php?rest_route=\/wp\/v2\/bauman_portfolio\/3420","targetHints":{"allow":["GET"]}}],"collection":[{"href":"https:\/\/weber-medien.de\/index.php?rest_route=\/wp\/v2\/bauman_portfolio"}],"about":[{"href":"https:\/\/weber-medien.de\/index.php?rest_route=\/wp\/v2\/types\/bauman_portfolio"}],"wp:attachment":[{"href":"https:\/\/weber-medien.de\/index.php?rest_route=%2Fwp%2Fv2%2Fmedia&parent=3420"}],"wp:term":[{"taxonomy":"portfolio_category","embeddable":true,"href":"https:\/\/weber-medien.de\/index.php?rest_route=%2Fwp%2Fv2%2Fportfolio_category&post=3420"}],"curies":[{"name":"wp","href":"https:\/\/api.w.org\/{rel}","templated":true}]}}