{"id":3434,"date":"2020-10-02T17:31:46","date_gmt":"2020-10-02T17:31:46","guid":{"rendered":"https:\/\/weber-medien.de\/?post_type=bauman_portfolio&#038;p=3434"},"modified":"2023-04-25T13:21:20","modified_gmt":"2023-04-25T13:21:20","slug":"aalen-motorrad-ostalbkreis-bopfingen-heidenheim-fotostudio-fotograf-abtsgmuend","status":"publish","type":"bauman_portfolio","link":"https:\/\/weber-medien.de\/?bauman_portfolio=aalen-motorrad-ostalbkreis-bopfingen-heidenheim-fotostudio-fotograf-abtsgmuend","title":{"rendered":"Aalen Motorrad Ostalbkreis Bopfingen Heidenheim Fotostudio Fotograf Abtsgm\u00fcnd"},"content":{"rendered":"\n<p><\/p>\n\n\n\n<div id=\"justified-grid\" class=\"wp-block-bauman-gutenberg-collage full has-animation\">\n<div class=\"collage-thumb\"><a class=\"image-link\" href=\"https:\/\/weber-medien.de\/wp-content\/uploads\/2020\/10\/motorraeder-ostalbkreis-motorcycles-shooting-fotograf-fotostudio-huettlingen-schwaebische-alb-scaled.jpg\"><img decoding=\"async\" src=\"https:\/\/weber-medien.de\/wp-content\/uploads\/2020\/10\/motorraeder-ostalbkreis-motorcycles-shooting-fotograf-fotostudio-huettlingen-schwaebische-alb-scaled.jpg\" alt=\"\" \/><div class=\"thumb-info\"><h6><\/h6><\/div><\/a><\/div>\n\n\n\n<div class=\"collage-thumb\"><a class=\"image-link\" href=\"https:\/\/weber-medien.de\/wp-content\/uploads\/2020\/10\/motorradfahren-ostalbkreis-motorradtour-bikelife-bikerlife-superbike-ostalb-fotograf-shooting-scaled.jpg\"><img decoding=\"async\" src=\"https:\/\/weber-medien.de\/wp-content\/uploads\/2020\/10\/motorradfahren-ostalbkreis-motorradtour-bikelife-bikerlife-superbike-ostalb-fotograf-shooting-scaled.jpg\" alt=\"\" \/><div class=\"thumb-info\"><h6><\/h6><\/div><\/a><\/div>\n\n\n\n<div class=\"collage-thumb\"><a class=\"image-link\" href=\"https:\/\/weber-medien.de\/wp-content\/uploads\/2020\/10\/motorradfahrer-ostalbkreis-motorradtour-fotograf-fotostudio-biker-bikerin-aalen-ellwangen-scaled.jpg\"><img decoding=\"async\" src=\"https:\/\/weber-medien.de\/wp-content\/uploads\/2020\/10\/motorradfahrer-ostalbkreis-motorradtour-fotograf-fotostudio-biker-bikerin-aalen-ellwangen-scaled.jpg\" alt=\"\" \/><div class=\"thumb-info\"><h6><\/h6><\/div><\/a><\/div>\n\n\n\n<div class=\"collage-thumb\"><a class=\"image-link\" href=\"https:\/\/weber-medien.de\/wp-content\/uploads\/2020\/10\/motorradtour-aalen-motorrad-ostalbkreis-superbike-motorcycles-motobike-biker-scaled.jpg\"><img decoding=\"async\" src=\"https:\/\/weber-medien.de\/wp-content\/uploads\/2020\/10\/motorradtour-aalen-motorrad-ostalbkreis-superbike-motorcycles-motobike-biker-scaled.jpg\" alt=\"\" \/><div class=\"thumb-info\"><h6><\/h6><\/div><\/a><\/div>\n\n\n\n<div class=\"collage-thumb\"><a class=\"image-link\" href=\"https:\/\/weber-medien.de\/wp-content\/uploads\/2020\/10\/noerdlingen-ries-motorrad-motorradtour-motor-motorcycles-bikerin-model-shooting-scaled.jpg\"><img decoding=\"async\" src=\"https:\/\/weber-medien.de\/wp-content\/uploads\/2020\/10\/noerdlingen-ries-motorrad-motorradtour-motor-motorcycles-bikerin-model-shooting-scaled.jpg\" alt=\"\" \/><div class=\"thumb-info\"><h6><\/h6><\/div><\/a><\/div>\n\n\n\n<div class=\"collage-thumb\"><a class=\"image-link\" href=\"https:\/\/weber-medien.de\/wp-content\/uploads\/2020\/10\/oberkochen-motorrad-kochertal-kawasaki-shooting-fotograf-model-moto-motorcycle-scaled.jpg\"><img decoding=\"async\" src=\"https:\/\/weber-medien.de\/wp-content\/uploads\/2020\/10\/oberkochen-motorrad-kochertal-kawasaki-shooting-fotograf-model-moto-motorcycle-scaled.jpg\" alt=\"\" \/><div class=\"thumb-info\"><h6><\/h6><\/div><\/a><\/div>\n\n\n\n<div class=\"collage-thumb\"><a class=\"image-link\" href=\"https:\/\/weber-medien.de\/wp-content\/uploads\/2020\/10\/ostalbkreis-motorrad-bike-kawasaki-model-biker-shooting-motorbike-scaled.jpg\"><img decoding=\"async\" src=\"https:\/\/weber-medien.de\/wp-content\/uploads\/2020\/10\/ostalbkreis-motorrad-bike-kawasaki-model-biker-shooting-motorbike-scaled.jpg\" alt=\"\" \/><div class=\"thumb-info\"><h6><\/h6><\/div><\/a><\/div>\n\n\n\n<div class=\"collage-thumb\"><a class=\"image-link\" href=\"https:\/\/weber-medien.de\/wp-content\/uploads\/2020\/10\/ostalbkreis-motorradtour-superbike-model-fotografie-motorcycles-motolife-motorcycle-kawasaki-scaled.jpg\"><img decoding=\"async\" src=\"https:\/\/weber-medien.de\/wp-content\/uploads\/2020\/10\/ostalbkreis-motorradtour-superbike-model-fotografie-motorcycles-motolife-motorcycle-kawasaki-scaled.jpg\" alt=\"\" \/><div class=\"thumb-info\"><h6><\/h6><\/div><\/a><\/div>\n\n\n\n<div class=\"collage-thumb\"><a class=\"image-link\" href=\"https:\/\/weber-medien.de\/wp-content\/uploads\/2020\/10\/ostalbkreis-superbike-motocylce-bmw-honda-suzuki-kawasaki-shooting-fotograf-fotostudio-scaled.jpg\"><img decoding=\"async\" src=\"https:\/\/weber-medien.de\/wp-content\/uploads\/2020\/10\/ostalbkreis-superbike-motocylce-bmw-honda-suzuki-kawasaki-shooting-fotograf-fotostudio-scaled.jpg\" alt=\"\" \/><div class=\"thumb-info\"><h6><\/h6><\/div><\/a><\/div>\n\n\n\n<div class=\"collage-thumb\"><a class=\"image-link\" href=\"https:\/\/weber-medien.de\/wp-content\/uploads\/2020\/10\/rennstrecke-aalen-rennbahn-motorcycle-rennen-ostalbkreis-bikerin-model-fotoshooting-scaled.jpg\"><img decoding=\"async\" src=\"https:\/\/weber-medien.de\/wp-content\/uploads\/2020\/10\/rennstrecke-aalen-rennbahn-motorcycle-rennen-ostalbkreis-bikerin-model-fotoshooting-scaled.jpg\" alt=\"\" \/><div class=\"thumb-info\"><h6><\/h6><\/div><\/a><\/div>\n\n\n\n<div class=\"collage-thumb\"><a class=\"image-link\" href=\"https:\/\/weber-medien.de\/wp-content\/uploads\/2020\/10\/rennstrecke-rennbahn-ostalbkreis-rennen-motorrad-motorcycles-motorradfahrer-biker-scaled.jpg\"><img decoding=\"async\" src=\"https:\/\/weber-medien.de\/wp-content\/uploads\/2020\/10\/rennstrecke-rennbahn-ostalbkreis-rennen-motorrad-motorcycles-motorradfahrer-biker-scaled.jpg\" alt=\"\" \/><div class=\"thumb-info\"><h6><\/h6><\/div><\/a><\/div>\n\n\n\n<div class=\"collage-thumb\"><a class=\"image-link\" href=\"https:\/\/weber-medien.de\/wp-content\/uploads\/2020\/10\/schwaebisch-gmuend-motorrad-shooting-fotostudio-fotografie-model-loft-kawasaki-motorcycle-scaled.jpg\"><img decoding=\"async\" src=\"https:\/\/weber-medien.de\/wp-content\/uploads\/2020\/10\/schwaebisch-gmuend-motorrad-shooting-fotostudio-fotografie-model-loft-kawasaki-motorcycle-scaled.jpg\" alt=\"\" \/><div class=\"thumb-info\"><h6><\/h6><\/div><\/a><\/div>\n\n\n\n<div class=\"collage-thumb\"><a class=\"image-link\" href=\"https:\/\/weber-medien.de\/wp-content\/uploads\/2020\/10\/suzuki-aalen-motorrad-fotografie-shooting-motorcycle-biker-motocycle-motolife-kochertal-scaled.jpg\"><img decoding=\"async\" src=\"https:\/\/weber-medien.de\/wp-content\/uploads\/2020\/10\/suzuki-aalen-motorrad-fotografie-shooting-motorcycle-biker-motocycle-motolife-kochertal-scaled.jpg\" alt=\"\" \/><div class=\"thumb-info\"><h6><\/h6><\/div><\/a><\/div>\n\n\n\n<div class=\"collage-thumb\"><a class=\"image-link\" href=\"https:\/\/weber-medien.de\/wp-content\/uploads\/2020\/10\/unterkochen-shooting-motorrad-fotografie-foto-studio-biker-cyyle-motorcycle-kawasaki-scaled.jpg\"><img decoding=\"async\" src=\"https:\/\/weber-medien.de\/wp-content\/uploads\/2020\/10\/unterkochen-shooting-motorrad-fotografie-foto-studio-biker-cyyle-motorcycle-kawasaki-scaled.jpg\" alt=\"\" \/><div class=\"thumb-info\"><h6><\/h6><\/div><\/a><\/div>\n\n\n\n<div class=\"collage-thumb\"><a class=\"image-link\" href=\"https:\/\/weber-medien.de\/wp-content\/uploads\/2020\/10\/wasseralfingen-motorrad-huettlingen-fotografie-fotostudio-hochzeit-motorcycle-motorbike-superbike-scaled.jpg\"><img decoding=\"async\" src=\"https:\/\/weber-medien.de\/wp-content\/uploads\/2020\/10\/wasseralfingen-motorrad-huettlingen-fotografie-fotostudio-hochzeit-motorcycle-motorbike-superbike-scaled.jpg\" alt=\"\" \/><div class=\"thumb-info\"><h6><\/h6><\/div><\/a><\/div>\n<\/div>\n","protected":false},"template":"","portfolio_category":[25,24,100],"class_list":["post-3434","bauman_portfolio","type-bauman_portfolio","status-publish","hentry","portfolio_category-aalen","portfolio_category-landschaft","portfolio_category-motorrad"],"aioseo_notices":[],"yoast_head":"<!-- This site is optimized with the Yoast SEO plugin v27.4 - https:\/\/yoast.com\/product\/yoast-seo-wordpress\/ -->\n<title>Aalen Motorrad Ostalbkreis Bopfingen Heidenheim Fotostudio Fotograf Abtsgm\u00fcnd - Fotografie Aalen Ellwangen Heidenheim Abtsgm\u00fcnd Oberkochen Unterkochen Schw\u00e4bisch Gm\u00fcnd Ostalb<\/title>\n<meta name=\"description\" content=\"Heidenheim Hochzeitsfotograf Familienfotograf Kinderfotograf Newborn Fotostudio Streetart Passbilder Fotoshooting Loft Luxus Oberkochen Unterkochen\" \/>\n<meta name=\"robots\" content=\"index, follow, max-snippet:-1, max-image-preview:large, max-video-preview:-1\" \/>\n<link rel=\"canonical\" href=\"https:\/\/weber-medien.de\/?bauman_portfolio=aalen-motorrad-ostalbkreis-bopfingen-heidenheim-fotostudio-fotograf-abtsgmuend\" \/>\n<meta property=\"og:locale\" content=\"de_DE\" \/>\n<meta property=\"og:type\" content=\"article\" \/>\n<meta property=\"og:title\" content=\"Aalen Motorrad Ostalbkreis Bopfingen Heidenheim Fotostudio Fotograf Abtsgm\u00fcnd - Fotografie Aalen Ellwangen Heidenheim Abtsgm\u00fcnd Oberkochen Unterkochen Schw\u00e4bisch Gm\u00fcnd Ostalb\" \/>\n<meta property=\"og:description\" content=\"Heidenheim Hochzeitsfotograf Familienfotograf Kinderfotograf Newborn Fotostudio Streetart Passbilder Fotoshooting Loft Luxus Oberkochen Unterkochen\" \/>\n<meta property=\"og:url\" content=\"https:\/\/weber-medien.de\/?bauman_portfolio=aalen-motorrad-ostalbkreis-bopfingen-heidenheim-fotostudio-fotograf-abtsgmuend\" \/>\n<meta property=\"og:site_name\" content=\"Fotografie Aalen Ellwangen Heidenheim Abtsgm\u00fcnd Oberkochen Unterkochen Schw\u00e4bisch Gm\u00fcnd Ostalb\" \/>\n<meta property=\"article:publisher\" content=\"https:\/\/www.facebook.com\/weberfotografie\" \/>\n<meta property=\"article:modified_time\" content=\"2023-04-25T13:21:20+00:00\" \/>\n<meta property=\"og:image\" content=\"https:\/\/weber-medien.de\/wp-content\/uploads\/2021\/07\/michael-weber-fotografie-fotograf-fotostudio-ostalbkreis.jpg\" \/>\n\t<meta property=\"og:image:width\" content=\"1024\" \/>\n\t<meta property=\"og:image:height\" content=\"538\" \/>\n\t<meta property=\"og:image:type\" content=\"image\/jpeg\" \/>\n<meta name=\"twitter:card\" content=\"summary_large_image\" \/>\n<meta name=\"twitter:label1\" content=\"Gesch\u00e4tzte Lesezeit\" \/>\n\t<meta name=\"twitter:data1\" content=\"1\u00a0Minute\" \/>\n<script type=\"application\/ld+json\" class=\"yoast-schema-graph\">{\"@context\":\"https:\\\/\\\/schema.org\",\"@graph\":[{\"@type\":\"WebPage\",\"@id\":\"https:\\\/\\\/weber-medien.de\\\/?bauman_portfolio=aalen-motorrad-ostalbkreis-bopfingen-heidenheim-fotostudio-fotograf-abtsgmuend\",\"url\":\"https:\\\/\\\/weber-medien.de\\\/?bauman_portfolio=aalen-motorrad-ostalbkreis-bopfingen-heidenheim-fotostudio-fotograf-abtsgmuend\",\"name\":\"Aalen Motorrad Ostalbkreis Bopfingen Heidenheim Fotostudio Fotograf Abtsgm\u00fcnd - Fotografie Aalen Ellwangen Heidenheim Abtsgm\u00fcnd Oberkochen Unterkochen Schw\u00e4bisch Gm\u00fcnd Ostalb\",\"isPartOf\":{\"@id\":\"https:\\\/\\\/weber-medien.de\\\/#website\"},\"datePublished\":\"2020-10-02T17:31:46+00:00\",\"dateModified\":\"2023-04-25T13:21:20+00:00\",\"description\":\"Heidenheim Hochzeitsfotograf Familienfotograf Kinderfotograf Newborn Fotostudio Streetart Passbilder Fotoshooting Loft Luxus Oberkochen Unterkochen\",\"breadcrumb\":{\"@id\":\"https:\\\/\\\/weber-medien.de\\\/?bauman_portfolio=aalen-motorrad-ostalbkreis-bopfingen-heidenheim-fotostudio-fotograf-abtsgmuend#breadcrumb\"},\"inLanguage\":\"de\",\"potentialAction\":[{\"@type\":\"ReadAction\",\"target\":[\"https:\\\/\\\/weber-medien.de\\\/?bauman_portfolio=aalen-motorrad-ostalbkreis-bopfingen-heidenheim-fotostudio-fotograf-abtsgmuend\"]}]},{\"@type\":\"BreadcrumbList\",\"@id\":\"https:\\\/\\\/weber-medien.de\\\/?bauman_portfolio=aalen-motorrad-ostalbkreis-bopfingen-heidenheim-fotostudio-fotograf-abtsgmuend#breadcrumb\",\"itemListElement\":[{\"@type\":\"ListItem\",\"position\":1,\"name\":\"Startseite\",\"item\":\"https:\\\/\\\/weber-medien.de\\\/\"},{\"@type\":\"ListItem\",\"position\":2,\"name\":\"Aalen Motorrad Ostalbkreis Bopfingen Heidenheim Fotostudio Fotograf Abtsgm\u00fcnd\"}]},{\"@type\":\"WebSite\",\"@id\":\"https:\\\/\\\/weber-medien.de\\\/#website\",\"url\":\"https:\\\/\\\/weber-medien.de\\\/\",\"name\":\"Fotografie Aalen Ellwangen Heidenheim Abtsgm\u00fcnd Oberkochen Unterkochen Schw\u00e4bisch Gm\u00fcnd Ostalb\",\"description\":\"Fotografie Ostalbkreis Michael Weber Fotograf Hochzeit\",\"publisher\":{\"@id\":\"https:\\\/\\\/weber-medien.de\\\/#organization\"},\"potentialAction\":[{\"@type\":\"SearchAction\",\"target\":{\"@type\":\"EntryPoint\",\"urlTemplate\":\"https:\\\/\\\/weber-medien.de\\\/?s={search_term_string}\"},\"query-input\":{\"@type\":\"PropertyValueSpecification\",\"valueRequired\":true,\"valueName\":\"search_term_string\"}}],\"inLanguage\":\"de\"},{\"@type\":\"Organization\",\"@id\":\"https:\\\/\\\/weber-medien.de\\\/#organization\",\"name\":\"Michael Weber Fotografie in Aalen Ostalbkreis\",\"url\":\"https:\\\/\\\/weber-medien.de\\\/\",\"logo\":{\"@type\":\"ImageObject\",\"inLanguage\":\"de\",\"@id\":\"https:\\\/\\\/weber-medien.de\\\/#\\\/schema\\\/logo\\\/image\\\/\",\"url\":\"https:\\\/\\\/weber-medien.de\\\/wp-content\\\/uploads\\\/2021\\\/07\\\/michael-weber-fotografie-fotograf-fotostudio-hochzeitsfotografie-aalen-ostalbkreis.jpg\",\"contentUrl\":\"https:\\\/\\\/weber-medien.de\\\/wp-content\\\/uploads\\\/2021\\\/07\\\/michael-weber-fotografie-fotograf-fotostudio-hochzeitsfotografie-aalen-ostalbkreis.jpg\",\"width\":1200,\"height\":630,\"caption\":\"Michael Weber Fotografie in Aalen Ostalbkreis\"},\"image\":{\"@id\":\"https:\\\/\\\/weber-medien.de\\\/#\\\/schema\\\/logo\\\/image\\\/\"},\"sameAs\":[\"https:\\\/\\\/www.facebook.com\\\/weberfotografie\",\"https:\\\/\\\/www.instagram.com\\\/weberfotografie\"]}]}<\/script>\n<!-- \/ Yoast SEO plugin. -->","yoast_head_json":{"title":"Aalen Motorrad Ostalbkreis Bopfingen Heidenheim Fotostudio Fotograf Abtsgm\u00fcnd - Fotografie Aalen Ellwangen Heidenheim Abtsgm\u00fcnd Oberkochen Unterkochen Schw\u00e4bisch Gm\u00fcnd Ostalb","description":"Heidenheim Hochzeitsfotograf Familienfotograf Kinderfotograf Newborn Fotostudio Streetart Passbilder Fotoshooting Loft Luxus Oberkochen Unterkochen","robots":{"index":"index","follow":"follow","max-snippet":"max-snippet:-1","max-image-preview":"max-image-preview:large","max-video-preview":"max-video-preview:-1"},"canonical":"https:\/\/weber-medien.de\/?bauman_portfolio=aalen-motorrad-ostalbkreis-bopfingen-heidenheim-fotostudio-fotograf-abtsgmuend","og_locale":"de_DE","og_type":"article","og_title":"Aalen Motorrad Ostalbkreis Bopfingen Heidenheim Fotostudio Fotograf Abtsgm\u00fcnd - Fotografie Aalen Ellwangen Heidenheim Abtsgm\u00fcnd Oberkochen Unterkochen Schw\u00e4bisch Gm\u00fcnd Ostalb","og_description":"Heidenheim Hochzeitsfotograf Familienfotograf Kinderfotograf Newborn Fotostudio Streetart Passbilder Fotoshooting Loft Luxus Oberkochen Unterkochen","og_url":"https:\/\/weber-medien.de\/?bauman_portfolio=aalen-motorrad-ostalbkreis-bopfingen-heidenheim-fotostudio-fotograf-abtsgmuend","og_site_name":"Fotografie Aalen Ellwangen Heidenheim Abtsgm\u00fcnd Oberkochen Unterkochen Schw\u00e4bisch Gm\u00fcnd Ostalb","article_publisher":"https:\/\/www.facebook.com\/weberfotografie","article_modified_time":"2023-04-25T13:21:20+00:00","og_image":[{"width":1024,"height":538,"url":"https:\/\/weber-medien.de\/wp-content\/uploads\/2021\/07\/michael-weber-fotografie-fotograf-fotostudio-ostalbkreis.jpg","type":"image\/jpeg"}],"twitter_card":"summary_large_image","twitter_misc":{"Gesch\u00e4tzte Lesezeit":"1\u00a0Minute"},"schema":{"@context":"https:\/\/schema.org","@graph":[{"@type":"WebPage","@id":"https:\/\/weber-medien.de\/?bauman_portfolio=aalen-motorrad-ostalbkreis-bopfingen-heidenheim-fotostudio-fotograf-abtsgmuend","url":"https:\/\/weber-medien.de\/?bauman_portfolio=aalen-motorrad-ostalbkreis-bopfingen-heidenheim-fotostudio-fotograf-abtsgmuend","name":"Aalen Motorrad Ostalbkreis Bopfingen Heidenheim Fotostudio Fotograf Abtsgm\u00fcnd - Fotografie Aalen Ellwangen Heidenheim Abtsgm\u00fcnd Oberkochen Unterkochen Schw\u00e4bisch Gm\u00fcnd Ostalb","isPartOf":{"@id":"https:\/\/weber-medien.de\/#website"},"datePublished":"2020-10-02T17:31:46+00:00","dateModified":"2023-04-25T13:21:20+00:00","description":"Heidenheim Hochzeitsfotograf Familienfotograf Kinderfotograf Newborn Fotostudio Streetart Passbilder Fotoshooting Loft Luxus Oberkochen Unterkochen","breadcrumb":{"@id":"https:\/\/weber-medien.de\/?bauman_portfolio=aalen-motorrad-ostalbkreis-bopfingen-heidenheim-fotostudio-fotograf-abtsgmuend#breadcrumb"},"inLanguage":"de","potentialAction":[{"@type":"ReadAction","target":["https:\/\/weber-medien.de\/?bauman_portfolio=aalen-motorrad-ostalbkreis-bopfingen-heidenheim-fotostudio-fotograf-abtsgmuend"]}]},{"@type":"BreadcrumbList","@id":"https:\/\/weber-medien.de\/?bauman_portfolio=aalen-motorrad-ostalbkreis-bopfingen-heidenheim-fotostudio-fotograf-abtsgmuend#breadcrumb","itemListElement":[{"@type":"ListItem","position":1,"name":"Startseite","item":"https:\/\/weber-medien.de\/"},{"@type":"ListItem","position":2,"name":"Aalen Motorrad Ostalbkreis Bopfingen Heidenheim Fotostudio Fotograf Abtsgm\u00fcnd"}]},{"@type":"WebSite","@id":"https:\/\/weber-medien.de\/#website","url":"https:\/\/weber-medien.de\/","name":"Fotografie Aalen Ellwangen Heidenheim Abtsgm\u00fcnd Oberkochen Unterkochen Schw\u00e4bisch Gm\u00fcnd Ostalb","description":"Fotografie Ostalbkreis Michael Weber Fotograf Hochzeit","publisher":{"@id":"https:\/\/weber-medien.de\/#organization"},"potentialAction":[{"@type":"SearchAction","target":{"@type":"EntryPoint","urlTemplate":"https:\/\/weber-medien.de\/?s={search_term_string}"},"query-input":{"@type":"PropertyValueSpecification","valueRequired":true,"valueName":"search_term_string"}}],"inLanguage":"de"},{"@type":"Organization","@id":"https:\/\/weber-medien.de\/#organization","name":"Michael Weber Fotografie in Aalen Ostalbkreis","url":"https:\/\/weber-medien.de\/","logo":{"@type":"ImageObject","inLanguage":"de","@id":"https:\/\/weber-medien.de\/#\/schema\/logo\/image\/","url":"https:\/\/weber-medien.de\/wp-content\/uploads\/2021\/07\/michael-weber-fotografie-fotograf-fotostudio-hochzeitsfotografie-aalen-ostalbkreis.jpg","contentUrl":"https:\/\/weber-medien.de\/wp-content\/uploads\/2021\/07\/michael-weber-fotografie-fotograf-fotostudio-hochzeitsfotografie-aalen-ostalbkreis.jpg","width":1200,"height":630,"caption":"Michael Weber Fotografie in Aalen Ostalbkreis"},"image":{"@id":"https:\/\/weber-medien.de\/#\/schema\/logo\/image\/"},"sameAs":["https:\/\/www.facebook.com\/weberfotografie","https:\/\/www.instagram.com\/weberfotografie"]}]}},"_links":{"self":[{"href":"https:\/\/weber-medien.de\/index.php?rest_route=\/wp\/v2\/bauman_portfolio\/3434","targetHints":{"allow":["GET"]}}],"collection":[{"href":"https:\/\/weber-medien.de\/index.php?rest_route=\/wp\/v2\/bauman_portfolio"}],"about":[{"href":"https:\/\/weber-medien.de\/index.php?rest_route=\/wp\/v2\/types\/bauman_portfolio"}],"wp:attachment":[{"href":"https:\/\/weber-medien.de\/index.php?rest_route=%2Fwp%2Fv2%2Fmedia&parent=3434"}],"wp:term":[{"taxonomy":"portfolio_category","embeddable":true,"href":"https:\/\/weber-medien.de\/index.php?rest_route=%2Fwp%2Fv2%2Fportfolio_category&post=3434"}],"curies":[{"name":"wp","href":"https:\/\/api.w.org\/{rel}","templated":true}]}}