{"id":4087,"date":"2023-04-06T10:35:18","date_gmt":"2023-04-06T10:35:18","guid":{"rendered":"https:\/\/weber-medien.de\/?post_type=bauman_portfolio&#038;p=4087"},"modified":"2023-05-08T12:59:46","modified_gmt":"2023-05-08T12:59:46","slug":"fotografie-in-aalen-fotostudio-ostalbkreis-hocheztisfotografie-abtsgmuend-hohenstadt-familienfotograf-heidenheim","status":"publish","type":"bauman_portfolio","link":"https:\/\/weber-medien.de\/?bauman_portfolio=fotografie-in-aalen-fotostudio-ostalbkreis-hocheztisfotografie-abtsgmuend-hohenstadt-familienfotograf-heidenheim","title":{"rendered":"Fotografie in Aalen Fotostudio Ostalbkreis Hocheztisfotografie Abtsgm\u00fcnd Hohenstadt Familienfotograf Heidenheim"},"content":{"rendered":"\n<p><\/p>\n\n\n\n<p>World-Portraits &#8211; Frankreich, Island, Spanien, Italien, Schweden, Norwegen, D\u00e4nemark, Mexico, Kanada, &#8230;<\/p>\n\n\n\n<p>Aalen Ostalbkreis Kunstwerkstatt K\u00fcnstler Kunst Art Fotowerkstatt Fotokunst Kunstfotografie Michael Weber Fotoart Heidenheim Abtsgm\u00fcnd Hohenstadt Ellwangen Oberkochen H\u00fcttlingen Dewangen Craislheim Dinkelsb\u00fchl N\u00f6rdlingen Bopfingen<\/p>\n\n\n\n<p><\/p>\n\n\n\n<div id=\"justified-grid\" class=\"wp-block-bauman-gutenberg-collage full has-animation\">\n<div class=\"collage-thumb\"><a class=\"image-link\" href=\"https:\/\/weber-medien.de\/wp-content\/uploads\/2023\/04\/Kunstfotografie-aalen-fotostudio-ostalbkreis-kultur-heidenheim-fotoart.jpg\"><img decoding=\"async\" src=\"https:\/\/weber-medien.de\/wp-content\/uploads\/2023\/04\/Kunstfotografie-aalen-fotostudio-ostalbkreis-kultur-heidenheim-fotoart.jpg\" alt=\"\" \/><div class=\"thumb-info\"><h6><\/h6><\/div><\/a><\/div>\n\n\n\n<div class=\"collage-thumb\"><a class=\"image-link\" href=\"https:\/\/weber-medien.de\/wp-content\/uploads\/2023\/04\/art-aalen-kunst-ostalbkreis-kultur-oberkochen-fotografie-ellwangen-fotograf.jpg\"><img decoding=\"async\" src=\"https:\/\/weber-medien.de\/wp-content\/uploads\/2023\/04\/art-aalen-kunst-ostalbkreis-kultur-oberkochen-fotografie-ellwangen-fotograf.jpg\" alt=\"\" \/><div class=\"thumb-info\"><h6><\/h6><\/div><\/a><\/div>\n\n\n\n<div class=\"collage-thumb\"><a class=\"image-link\" href=\"https:\/\/weber-medien.de\/wp-content\/uploads\/2023\/05\/aalen-kunst-ostalbkreis-kultur-ellwangen-fotografie-heidenheim-fotostudio-noerdlingen-fotokunst-obrkochen.jpg\"><img decoding=\"async\" src=\"https:\/\/weber-medien.de\/wp-content\/uploads\/2023\/05\/aalen-kunst-ostalbkreis-kultur-ellwangen-fotografie-heidenheim-fotostudio-noerdlingen-fotokunst-obrkochen.jpg\" alt=\"\" \/><div class=\"thumb-info\"><h6><\/h6><\/div><\/a><\/div>\n\n\n\n<div class=\"collage-thumb\"><a class=\"image-link\" href=\"https:\/\/weber-medien.de\/wp-content\/uploads\/2023\/05\/kunstfotografie-aalen-fotokultur-ostalbkreis-kunstprojekt-heidenheim-fotostudio-Noerdlingen-kultur-ellwangen-kuenstler-abtsgmuend.jpg\"><img decoding=\"async\" src=\"https:\/\/weber-medien.de\/wp-content\/uploads\/2023\/05\/kunstfotografie-aalen-fotokultur-ostalbkreis-kunstprojekt-heidenheim-fotostudio-Noerdlingen-kultur-ellwangen-kuenstler-abtsgmuend.jpg\" alt=\"\" \/><div class=\"thumb-info\"><h6><\/h6><\/div><\/a><\/div>\n\n\n\n<div class=\"collage-thumb\"><a class=\"image-link\" href=\"https:\/\/weber-medien.de\/wp-content\/uploads\/2023\/04\/fotoart-aalen-fotografie-ostalbkreis-kultur-kunst-art-kuenstler-michael-weber-fotograf.jpg\"><img decoding=\"async\" src=\"https:\/\/weber-medien.de\/wp-content\/uploads\/2023\/04\/fotoart-aalen-fotografie-ostalbkreis-kultur-kunst-art-kuenstler-michael-weber-fotograf.jpg\" alt=\"\" \/><div class=\"thumb-info\"><h6><\/h6><\/div><\/a><\/div>\n\n\n\n<div class=\"collage-thumb\"><a class=\"image-link\" href=\"https:\/\/weber-medien.de\/wp-content\/uploads\/2023\/04\/aalen-kunst-kunstobjekt-kultur-ostalbkreis-kulturprojekt-aalen-kuenstler-oberkochen.jpg\"><img decoding=\"async\" src=\"https:\/\/weber-medien.de\/wp-content\/uploads\/2023\/04\/aalen-kunst-kunstobjekt-kultur-ostalbkreis-kulturprojekt-aalen-kuenstler-oberkochen.jpg\" alt=\"\" \/><div class=\"thumb-info\"><h6><\/h6><\/div><\/a><\/div>\n\n\n\n<div class=\"collage-thumb\"><a class=\"image-link\" href=\"https:\/\/weber-medien.de\/wp-content\/uploads\/2023\/04\/kultur-aalen-kunst-ostalbkreis-kuenstler-michael-weber-fotoart-Medien-Art.jpg\"><img decoding=\"async\" src=\"https:\/\/weber-medien.de\/wp-content\/uploads\/2023\/04\/kultur-aalen-kunst-ostalbkreis-kuenstler-michael-weber-fotoart-Medien-Art.jpg\" alt=\"\" \/><div class=\"thumb-info\"><h6><\/h6><\/div><\/a><\/div>\n\n\n\n<div class=\"collage-thumb\"><a class=\"image-link\" href=\"https:\/\/weber-medien.de\/wp-content\/uploads\/2023\/05\/farben-kunst-aalen-magie-ostalbkreis-kuenstler-energie-model-fotograf-oberkcohen-fotostudio-heidenheim.jpg\"><img decoding=\"async\" src=\"https:\/\/weber-medien.de\/wp-content\/uploads\/2023\/05\/farben-kunst-aalen-magie-ostalbkreis-kuenstler-energie-model-fotograf-oberkcohen-fotostudio-heidenheim.jpg\" alt=\"\" \/><div class=\"thumb-info\"><h6><\/h6><\/div><\/a><\/div>\n\n\n\n<div class=\"collage-thumb\"><a class=\"image-link\" href=\"https:\/\/weber-medien.de\/wp-content\/uploads\/2023\/04\/fotostudio-ostalbkreis-fotografie-aalen-kunst-oberkochen-kultur-heidenheim-art.jpg\"><img decoding=\"async\" src=\"https:\/\/weber-medien.de\/wp-content\/uploads\/2023\/04\/fotostudio-ostalbkreis-fotografie-aalen-kunst-oberkochen-kultur-heidenheim-art.jpg\" alt=\"\" \/><div class=\"thumb-info\"><h6><\/h6><\/div><\/a><\/div>\n\n\n\n<div class=\"collage-thumb\"><a class=\"image-link\" href=\"https:\/\/weber-medien.de\/wp-content\/uploads\/2023\/04\/fotokunst-aalen-kunstfotografie-ostalbkreis-kutlur-oberkochen-fotografie.jpg\"><img decoding=\"async\" src=\"https:\/\/weber-medien.de\/wp-content\/uploads\/2023\/04\/fotokunst-aalen-kunstfotografie-ostalbkreis-kutlur-oberkochen-fotografie.jpg\" alt=\"\" \/><div class=\"thumb-info\"><h6><\/h6><\/div><\/a><\/div>\n\n\n\n<div class=\"collage-thumb\"><a class=\"image-link\" href=\"https:\/\/weber-medien.de\/wp-content\/uploads\/2023\/04\/kunstfotografie-aalen-fotostudio-ostalbkreis-fotograf-abtsgmuend-kunst-art-kultur.jpg\"><img decoding=\"async\" src=\"https:\/\/weber-medien.de\/wp-content\/uploads\/2023\/04\/kunstfotografie-aalen-fotostudio-ostalbkreis-fotograf-abtsgmuend-kunst-art-kultur.jpg\" alt=\"\" \/><div class=\"thumb-info\"><h6><\/h6><\/div><\/a><\/div>\n\n\n\n<div class=\"collage-thumb\"><a class=\"image-link\" href=\"https:\/\/weber-medien.de\/wp-content\/uploads\/2023\/04\/fotografie-aalen-fotograf-ostalbkreis-fotostudio-heidenheim-kunst-ellwangen-kultur-abtsgmuend.jpg\"><img decoding=\"async\" src=\"https:\/\/weber-medien.de\/wp-content\/uploads\/2023\/04\/fotografie-aalen-fotograf-ostalbkreis-fotostudio-heidenheim-kunst-ellwangen-kultur-abtsgmuend.jpg\" alt=\"\" \/><div class=\"thumb-info\"><h6><\/h6><\/div><\/a><\/div>\n\n\n\n<div class=\"collage-thumb\"><a class=\"image-link\" href=\"https:\/\/weber-medien.de\/wp-content\/uploads\/2023\/04\/kulturprojekt-aalen-fotografie-kunst-kunstprojekt-ostalbkreis-fotogafie-ellwangen-abtsgmuend.jpg\"><img decoding=\"async\" src=\"https:\/\/weber-medien.de\/wp-content\/uploads\/2023\/04\/kulturprojekt-aalen-fotografie-kunst-kunstprojekt-ostalbkreis-fotogafie-ellwangen-abtsgmuend.jpg\" alt=\"\" \/><div class=\"thumb-info\"><h6><\/h6><\/div><\/a><\/div>\n\n\n\n<div class=\"collage-thumb\"><a class=\"image-link\" href=\"https:\/\/weber-medien.de\/wp-content\/uploads\/2023\/04\/fotografie-aalen-fotostudio-ostalbkreis-model-oberkochen-kunst-art-kultur.jpg\"><img decoding=\"async\" src=\"https:\/\/weber-medien.de\/wp-content\/uploads\/2023\/04\/fotografie-aalen-fotostudio-ostalbkreis-model-oberkochen-kunst-art-kultur.jpg\" alt=\"\" \/><div class=\"thumb-info\"><h6><\/h6><\/div><\/a><\/div>\n\n\n\n<div class=\"collage-thumb\"><a class=\"image-link\" href=\"https:\/\/weber-medien.de\/wp-content\/uploads\/2023\/05\/schwarze-magie-aalen-black-forest-ostalbkreis-dunkle-zeiten-walpurgisnacht-1mai-dunker-wald.jpg\"><img decoding=\"async\" src=\"https:\/\/weber-medien.de\/wp-content\/uploads\/2023\/05\/schwarze-magie-aalen-black-forest-ostalbkreis-dunkle-zeiten-walpurgisnacht-1mai-dunker-wald.jpg\" alt=\"\" \/><div class=\"thumb-info\"><h6><\/h6><\/div><\/a><\/div>\n\n\n\n<div class=\"collage-thumb\"><a class=\"image-link\" href=\"https:\/\/weber-medien.de\/wp-content\/uploads\/2023\/04\/fotografie-aalen-hochzeit-ostalbkreis-kunst-ellwangen-kultur-heidenheim.jpg\"><img decoding=\"async\" src=\"https:\/\/weber-medien.de\/wp-content\/uploads\/2023\/04\/fotografie-aalen-hochzeit-ostalbkreis-kunst-ellwangen-kultur-heidenheim.jpg\" alt=\"\" \/><div class=\"thumb-info\"><h6><\/h6><\/div><\/a><\/div>\n\n\n\n<div class=\"collage-thumb\"><a class=\"image-link\" href=\"https:\/\/weber-medien.de\/wp-content\/uploads\/2023\/04\/fotostudio-ellwangen-fotograf-aalen-hochzeitsfotografie-Ostalbkreis-kunst-kultur-heidenheim.jpg\"><img decoding=\"async\" src=\"https:\/\/weber-medien.de\/wp-content\/uploads\/2023\/04\/fotostudio-ellwangen-fotograf-aalen-hochzeitsfotografie-Ostalbkreis-kunst-kultur-heidenheim.jpg\" alt=\"\" \/><div class=\"thumb-info\"><h6><\/h6><\/div><\/a><\/div>\n\n\n\n<div class=\"collage-thumb\"><a class=\"image-link\" href=\"https:\/\/weber-medien.de\/wp-content\/uploads\/2023\/04\/Fotokunst-aalen-fotograf-ostalbkreis-kultur-ellwangen-fotostudio.jpg\"><img decoding=\"async\" src=\"https:\/\/weber-medien.de\/wp-content\/uploads\/2023\/04\/Fotokunst-aalen-fotograf-ostalbkreis-kultur-ellwangen-fotostudio.jpg\" alt=\"\" \/><div class=\"thumb-info\"><h6><\/h6><\/div><\/a><\/div>\n<\/div>\n\n\n\n<p><\/p>\n\n\n\n<p>Wedding in Oberkochen. Heiraten in Oberkochen. Hochzeitsfotograf in Oberkochen. Wedding in Heidenheim. Hochzeitslocation in Aalen. Hochzeitslocation im Ostalbkreis. Hochzeitslocation in Heidenheim. Hochzeitslocation in Abtsgm\u00fcnd. Hochzeitslocation in Hohenstadt. Hochzeitslocation in Ellwangen. Heiraten in Crailsheim. Hochzeitsfotograf in Crailsheim. Wedding in Crailsheim. Heiraten in Ellwangen. Hochzeit in Ellwangen. Wedding in Aalen. Wedding in Abtsgm\u00fcnd. Wedding in Hohenstadt. Wedding im Ostalbkreis. Wedding in N\u00f6rdlingen..<\/p>\n\n\n\n<p>Fotokunst Fotogalerie Fotowerkstatt Michael Weber Fotografie Heidenheim Oberkoche. Kunst Art K\u00fcnstler Media Medien Kultur in Aalen Ostalbkreis. Kunstgalerie Kunstwerkstatt Fotowerkstatt Kunstfotografie.<\/p>\n\n\n\n<p>Hochzeit in Hohenstadt. Heiraten in Hohenstadt. Heiraten in N\u00f6rdlingen. Hochzeit in N\u00f6rdlingen. Hochzeitsfotograf in Abtsgm\u00fcnd. Hochzeitsfotograf in Aalen. Hochzeitsfotograf im Ostalbkreis. Hochzeitsfotograf in Heidenheim. Hochzeitsfotograf in N\u00f6rdlingen. Hochzeitsfotograf in Ellwangen. Heiraten in Aalen. Heiraten in Abtsgm\u00fcnd. Heiraten im Ostalbkreis. Heiraten in Heidenheim. Hochzeit im Ostalbkreis. Hochzeit in Heidenheim. Hochzeit in Aalen. Hochzeit in Abtsgm\u00fcnd.<\/p>\n\n\n\n<p>Michael Weber Fotografie in Aalen \/ Ostalbkreis, Hochzeit Hochzeitsfotografie Abtsgm\u00fcnd Wedding heiraten Hohenstadt Heidenheim, Standesamt Aalen.<\/p>\n\n\n\n<p>Wedding Planner Hochzeitsagentur Ostalbkreis Aalen Abtsgm\u00fcnd Hochzeitsfeier Neubronn Hochzeitsportfolio Hohenstadt Wedding Wedding-Planner Hochzeitsagentur Baden W\u00fcrttemberg, S\u00fcddeutschland.<\/p>\n\n\n\n<p><\/p>\n\n\n\n<p><\/p>\n\n\n\n<p>Schw\u00e4bisch Gm\u00fcnd, N\u00f6rdlingen, Familienfotograf, Paarfotograf Shooting Paarshooting, Firmenfotograf, Vereinsfotograf, Vereinfotograf, Schulfotograf, Kikafotograf, Kindergatenfotograf, Bopfingen, Lauchheim, Westhausen, Neuler, Heubach, Bartholom\u00e4, Lauterburg, Steinheim, Steinheim am Albuch, Wasseralfingen, Ostalbkreis, Fotostudio und Fotograf in Unterrombach, Hofherrnweiler, Forst, Oberrombach, Abtsgm\u00fcnd, H\u00fcttlingen, Adelmannsfelden, Hohenstadt, Neubronn, M\u00f6gglingen, B\u00f6bingen.<\/p>\n\n\n\n<p>Michael Weber Fotografie Fotograf Fotostudio Foto-Loft in Aalen aktiv auch in der Region &#8211; Ellwangen, Schnaitheim, Unterkochen, Oberkochen, K\u00f6nigsbronn, Essingen, M\u00f6gglingen, Heidenheim.<\/p>\n\n\n\n<p>Schulfotograf, Kindergartenfotograf, Vereinfotograf, Vereinsfotograf, Sportfotograf, Makeup, Make-up, Make-up Artist, Visa, Visachist, Visagist, Brautstylist, Kosmetik, Cosmetic, Kosmetiker, Kosmetikerin, Make-up Profi, Hochzeitsreportagen, Familienportraits, Familienfotos Liebespaare, Kinder und Familien, Kinder &amp; Familien, TFP-Vertrag Abtsgm\u00fcnd, Modefotografie, Landschaftsfotografie, Stra\u00dfenfotografie, Szenische Fotografie, Pin-up Fotografie, Kindergarten, Schule, Kinderfotograf, Klassenfoto.<\/p>\n\n\n\n<p>Hochzeitsfotos, Hochzeitsfotograf, Eventfotograf, Hochzeiten, Portraits, Akt, Dessous, Street, Streetart, Inddor, Outdoor, Fotostudio, Loft, Foto-Loft, Fotoloft, Photoloft, Photo-Loft, Photo, Foto, Hochzeitsfotografie, Aktfotografie, Actionfotografie, Architekturfotografie, Dokumentationsfotografie, Auftragsfotografie, Auftrag-Fotografie, TFP, TFP-Vertrag, TFP-Vertrag Aalen, Schwarzwei\u00dffotografie, Fotografik, Food-Fotografie, Konzertfotografie, Gothicfotografie, Casual Fotografie, Casualfotografie, Hochzeitsfotografie, Hochzeitsfotograf, Sensual Portrait, Sensual Fotografie, Sensual Photography, Boudoir, Boudoir Photography, Loft, Fotoloft, Foto-Loft.<\/p>\n\n\n\n<p>Hochzeitsreportage, Island, Islandfotografie, Street, Streetfotografie, Street-Fotografie, Streetphotography, Island-Fotografie, Islandphotography, Island-Photography, Island-Fotos, Island-Photos, Islandfotos, Islandphotos, Hochzeit Reportage, Reportage, Portrait-Foto, Portrait-Photo, Portraitfoto, Portraitphoto, Portraitfotos, Portraitphotos, Foto-Portrait, Photo-Portrait, Fotoportrait, Photoportrait, Fotoreportage, Photoreportage, Foto-Reportage, Photoreportage,&nbsp; uvm<\/p>\n","protected":false},"template":"","portfolio_category":[],"class_list":["post-4087","bauman_portfolio","type-bauman_portfolio","status-publish","hentry"],"aioseo_notices":[],"yoast_head":"<!-- This site is optimized with the Yoast SEO plugin v27.5 - https:\/\/yoast.com\/product\/yoast-seo-wordpress\/ -->\n<title>Fotografie in Aalen Fotostudio Ostalbkreis Hocheztisfotografie Abtsgm\u00fcnd Hohenstadt Familienfotograf Heidenheim - Fotografie Aalen Ellwangen Heidenheim Abtsgm\u00fcnd Oberkochen Unterkochen Schw\u00e4bisch Gm\u00fcnd Ostalb<\/title>\n<meta name=\"description\" content=\"Aalen Kunst Kultur Ostalbkreis Michael Weber K\u00fcnstler Fotokunst Kunstfotografie Art Fotowerkstatt Fotostudio Ellwangen Hochzeitsfotografie Heidenheim\" \/>\n<meta name=\"robots\" content=\"index, follow, max-snippet:-1, max-image-preview:large, max-video-preview:-1\" \/>\n<link rel=\"canonical\" href=\"https:\/\/weber-medien.de\/?bauman_portfolio=fotografie-in-aalen-fotostudio-ostalbkreis-hocheztisfotografie-abtsgmuend-hohenstadt-familienfotograf-heidenheim\" \/>\n<meta property=\"og:locale\" content=\"de_DE\" \/>\n<meta property=\"og:type\" content=\"article\" \/>\n<meta property=\"og:title\" content=\"Fotografie in Aalen Fotostudio Ostalbkreis Hocheztisfotografie Abtsgm\u00fcnd Hohenstadt Familienfotograf Heidenheim - Fotografie Aalen Ellwangen Heidenheim Abtsgm\u00fcnd Oberkochen Unterkochen Schw\u00e4bisch Gm\u00fcnd Ostalb\" \/>\n<meta property=\"og:description\" content=\"Aalen Kunst Kultur Ostalbkreis Michael Weber K\u00fcnstler Fotokunst Kunstfotografie Art Fotowerkstatt Fotostudio Ellwangen Hochzeitsfotografie Heidenheim\" \/>\n<meta property=\"og:url\" content=\"https:\/\/weber-medien.de\/?bauman_portfolio=fotografie-in-aalen-fotostudio-ostalbkreis-hocheztisfotografie-abtsgmuend-hohenstadt-familienfotograf-heidenheim\" \/>\n<meta property=\"og:site_name\" content=\"Fotografie Aalen Ellwangen Heidenheim Abtsgm\u00fcnd Oberkochen Unterkochen Schw\u00e4bisch Gm\u00fcnd Ostalb\" \/>\n<meta property=\"article:publisher\" content=\"https:\/\/www.facebook.com\/weberfotografie\" \/>\n<meta property=\"article:modified_time\" content=\"2023-05-08T12:59:46+00:00\" \/>\n<meta property=\"og:image\" content=\"https:\/\/weber-medien.de\/wp-content\/uploads\/2021\/07\/michael-weber-fotografie-fotograf-fotostudio-ostalbkreis.jpg\" \/>\n\t<meta property=\"og:image:width\" content=\"1024\" \/>\n\t<meta property=\"og:image:height\" content=\"538\" \/>\n\t<meta property=\"og:image:type\" content=\"image\/jpeg\" \/>\n<meta name=\"twitter:card\" content=\"summary_large_image\" \/>\n<meta name=\"twitter:label1\" content=\"Gesch\u00e4tzte Lesezeit\" \/>\n\t<meta name=\"twitter:data1\" content=\"3\u00a0Minuten\" \/>\n<script type=\"application\/ld+json\" class=\"yoast-schema-graph\">{\"@context\":\"https:\\\/\\\/schema.org\",\"@graph\":[{\"@type\":\"WebPage\",\"@id\":\"https:\\\/\\\/weber-medien.de\\\/?bauman_portfolio=fotografie-in-aalen-fotostudio-ostalbkreis-hocheztisfotografie-abtsgmuend-hohenstadt-familienfotograf-heidenheim\",\"url\":\"https:\\\/\\\/weber-medien.de\\\/?bauman_portfolio=fotografie-in-aalen-fotostudio-ostalbkreis-hocheztisfotografie-abtsgmuend-hohenstadt-familienfotograf-heidenheim\",\"name\":\"Fotografie in Aalen Fotostudio Ostalbkreis Hocheztisfotografie Abtsgm\u00fcnd Hohenstadt Familienfotograf Heidenheim - Fotografie Aalen Ellwangen Heidenheim Abtsgm\u00fcnd Oberkochen Unterkochen Schw\u00e4bisch Gm\u00fcnd Ostalb\",\"isPartOf\":{\"@id\":\"https:\\\/\\\/weber-medien.de\\\/#website\"},\"datePublished\":\"2023-04-06T10:35:18+00:00\",\"dateModified\":\"2023-05-08T12:59:46+00:00\",\"description\":\"Aalen Kunst Kultur Ostalbkreis Michael Weber K\u00fcnstler Fotokunst Kunstfotografie Art Fotowerkstatt Fotostudio Ellwangen Hochzeitsfotografie Heidenheim\",\"breadcrumb\":{\"@id\":\"https:\\\/\\\/weber-medien.de\\\/?bauman_portfolio=fotografie-in-aalen-fotostudio-ostalbkreis-hocheztisfotografie-abtsgmuend-hohenstadt-familienfotograf-heidenheim#breadcrumb\"},\"inLanguage\":\"de\",\"potentialAction\":[{\"@type\":\"ReadAction\",\"target\":[\"https:\\\/\\\/weber-medien.de\\\/?bauman_portfolio=fotografie-in-aalen-fotostudio-ostalbkreis-hocheztisfotografie-abtsgmuend-hohenstadt-familienfotograf-heidenheim\"]}]},{\"@type\":\"BreadcrumbList\",\"@id\":\"https:\\\/\\\/weber-medien.de\\\/?bauman_portfolio=fotografie-in-aalen-fotostudio-ostalbkreis-hocheztisfotografie-abtsgmuend-hohenstadt-familienfotograf-heidenheim#breadcrumb\",\"itemListElement\":[{\"@type\":\"ListItem\",\"position\":1,\"name\":\"Startseite\",\"item\":\"https:\\\/\\\/weber-medien.de\\\/\"},{\"@type\":\"ListItem\",\"position\":2,\"name\":\"Fotografie in Aalen Fotostudio Ostalbkreis Hocheztisfotografie Abtsgm\u00fcnd Hohenstadt Familienfotograf Heidenheim\"}]},{\"@type\":\"WebSite\",\"@id\":\"https:\\\/\\\/weber-medien.de\\\/#website\",\"url\":\"https:\\\/\\\/weber-medien.de\\\/\",\"name\":\"Fotografie Aalen Ellwangen Heidenheim Abtsgm\u00fcnd Oberkochen Unterkochen Schw\u00e4bisch Gm\u00fcnd Ostalb\",\"description\":\"Fotografie Ostalbkreis Michael Weber Fotograf Hochzeit\",\"publisher\":{\"@id\":\"https:\\\/\\\/weber-medien.de\\\/#organization\"},\"potentialAction\":[{\"@type\":\"SearchAction\",\"target\":{\"@type\":\"EntryPoint\",\"urlTemplate\":\"https:\\\/\\\/weber-medien.de\\\/?s={search_term_string}\"},\"query-input\":{\"@type\":\"PropertyValueSpecification\",\"valueRequired\":true,\"valueName\":\"search_term_string\"}}],\"inLanguage\":\"de\"},{\"@type\":\"Organization\",\"@id\":\"https:\\\/\\\/weber-medien.de\\\/#organization\",\"name\":\"Michael Weber Fotografie in Aalen Ostalbkreis\",\"url\":\"https:\\\/\\\/weber-medien.de\\\/\",\"logo\":{\"@type\":\"ImageObject\",\"inLanguage\":\"de\",\"@id\":\"https:\\\/\\\/weber-medien.de\\\/#\\\/schema\\\/logo\\\/image\\\/\",\"url\":\"https:\\\/\\\/weber-medien.de\\\/wp-content\\\/uploads\\\/2021\\\/07\\\/michael-weber-fotografie-fotograf-fotostudio-hochzeitsfotografie-aalen-ostalbkreis.jpg\",\"contentUrl\":\"https:\\\/\\\/weber-medien.de\\\/wp-content\\\/uploads\\\/2021\\\/07\\\/michael-weber-fotografie-fotograf-fotostudio-hochzeitsfotografie-aalen-ostalbkreis.jpg\",\"width\":1200,\"height\":630,\"caption\":\"Michael Weber Fotografie in Aalen Ostalbkreis\"},\"image\":{\"@id\":\"https:\\\/\\\/weber-medien.de\\\/#\\\/schema\\\/logo\\\/image\\\/\"},\"sameAs\":[\"https:\\\/\\\/www.facebook.com\\\/weberfotografie\",\"https:\\\/\\\/www.instagram.com\\\/weberfotografie\"]}]}<\/script>\n<!-- \/ Yoast SEO plugin. -->","yoast_head_json":{"title":"Fotografie in Aalen Fotostudio Ostalbkreis Hocheztisfotografie Abtsgm\u00fcnd Hohenstadt Familienfotograf Heidenheim - Fotografie Aalen Ellwangen Heidenheim Abtsgm\u00fcnd Oberkochen Unterkochen Schw\u00e4bisch Gm\u00fcnd Ostalb","description":"Aalen Kunst Kultur Ostalbkreis Michael Weber K\u00fcnstler Fotokunst Kunstfotografie Art Fotowerkstatt Fotostudio Ellwangen Hochzeitsfotografie Heidenheim","robots":{"index":"index","follow":"follow","max-snippet":"max-snippet:-1","max-image-preview":"max-image-preview:large","max-video-preview":"max-video-preview:-1"},"canonical":"https:\/\/weber-medien.de\/?bauman_portfolio=fotografie-in-aalen-fotostudio-ostalbkreis-hocheztisfotografie-abtsgmuend-hohenstadt-familienfotograf-heidenheim","og_locale":"de_DE","og_type":"article","og_title":"Fotografie in Aalen Fotostudio Ostalbkreis Hocheztisfotografie Abtsgm\u00fcnd Hohenstadt Familienfotograf Heidenheim - Fotografie Aalen Ellwangen Heidenheim Abtsgm\u00fcnd Oberkochen Unterkochen Schw\u00e4bisch Gm\u00fcnd Ostalb","og_description":"Aalen Kunst Kultur Ostalbkreis Michael Weber K\u00fcnstler Fotokunst Kunstfotografie Art Fotowerkstatt Fotostudio Ellwangen Hochzeitsfotografie Heidenheim","og_url":"https:\/\/weber-medien.de\/?bauman_portfolio=fotografie-in-aalen-fotostudio-ostalbkreis-hocheztisfotografie-abtsgmuend-hohenstadt-familienfotograf-heidenheim","og_site_name":"Fotografie Aalen Ellwangen Heidenheim Abtsgm\u00fcnd Oberkochen Unterkochen Schw\u00e4bisch Gm\u00fcnd Ostalb","article_publisher":"https:\/\/www.facebook.com\/weberfotografie","article_modified_time":"2023-05-08T12:59:46+00:00","og_image":[{"width":1024,"height":538,"url":"https:\/\/weber-medien.de\/wp-content\/uploads\/2021\/07\/michael-weber-fotografie-fotograf-fotostudio-ostalbkreis.jpg","type":"image\/jpeg"}],"twitter_card":"summary_large_image","twitter_misc":{"Gesch\u00e4tzte Lesezeit":"3\u00a0Minuten"},"schema":{"@context":"https:\/\/schema.org","@graph":[{"@type":"WebPage","@id":"https:\/\/weber-medien.de\/?bauman_portfolio=fotografie-in-aalen-fotostudio-ostalbkreis-hocheztisfotografie-abtsgmuend-hohenstadt-familienfotograf-heidenheim","url":"https:\/\/weber-medien.de\/?bauman_portfolio=fotografie-in-aalen-fotostudio-ostalbkreis-hocheztisfotografie-abtsgmuend-hohenstadt-familienfotograf-heidenheim","name":"Fotografie in Aalen Fotostudio Ostalbkreis Hocheztisfotografie Abtsgm\u00fcnd Hohenstadt Familienfotograf Heidenheim - Fotografie Aalen Ellwangen Heidenheim Abtsgm\u00fcnd Oberkochen Unterkochen Schw\u00e4bisch Gm\u00fcnd Ostalb","isPartOf":{"@id":"https:\/\/weber-medien.de\/#website"},"datePublished":"2023-04-06T10:35:18+00:00","dateModified":"2023-05-08T12:59:46+00:00","description":"Aalen Kunst Kultur Ostalbkreis Michael Weber K\u00fcnstler Fotokunst Kunstfotografie Art Fotowerkstatt Fotostudio Ellwangen Hochzeitsfotografie Heidenheim","breadcrumb":{"@id":"https:\/\/weber-medien.de\/?bauman_portfolio=fotografie-in-aalen-fotostudio-ostalbkreis-hocheztisfotografie-abtsgmuend-hohenstadt-familienfotograf-heidenheim#breadcrumb"},"inLanguage":"de","potentialAction":[{"@type":"ReadAction","target":["https:\/\/weber-medien.de\/?bauman_portfolio=fotografie-in-aalen-fotostudio-ostalbkreis-hocheztisfotografie-abtsgmuend-hohenstadt-familienfotograf-heidenheim"]}]},{"@type":"BreadcrumbList","@id":"https:\/\/weber-medien.de\/?bauman_portfolio=fotografie-in-aalen-fotostudio-ostalbkreis-hocheztisfotografie-abtsgmuend-hohenstadt-familienfotograf-heidenheim#breadcrumb","itemListElement":[{"@type":"ListItem","position":1,"name":"Startseite","item":"https:\/\/weber-medien.de\/"},{"@type":"ListItem","position":2,"name":"Fotografie in Aalen Fotostudio Ostalbkreis Hocheztisfotografie Abtsgm\u00fcnd Hohenstadt Familienfotograf Heidenheim"}]},{"@type":"WebSite","@id":"https:\/\/weber-medien.de\/#website","url":"https:\/\/weber-medien.de\/","name":"Fotografie Aalen Ellwangen Heidenheim Abtsgm\u00fcnd Oberkochen Unterkochen Schw\u00e4bisch Gm\u00fcnd Ostalb","description":"Fotografie Ostalbkreis Michael Weber Fotograf Hochzeit","publisher":{"@id":"https:\/\/weber-medien.de\/#organization"},"potentialAction":[{"@type":"SearchAction","target":{"@type":"EntryPoint","urlTemplate":"https:\/\/weber-medien.de\/?s={search_term_string}"},"query-input":{"@type":"PropertyValueSpecification","valueRequired":true,"valueName":"search_term_string"}}],"inLanguage":"de"},{"@type":"Organization","@id":"https:\/\/weber-medien.de\/#organization","name":"Michael Weber Fotografie in Aalen Ostalbkreis","url":"https:\/\/weber-medien.de\/","logo":{"@type":"ImageObject","inLanguage":"de","@id":"https:\/\/weber-medien.de\/#\/schema\/logo\/image\/","url":"https:\/\/weber-medien.de\/wp-content\/uploads\/2021\/07\/michael-weber-fotografie-fotograf-fotostudio-hochzeitsfotografie-aalen-ostalbkreis.jpg","contentUrl":"https:\/\/weber-medien.de\/wp-content\/uploads\/2021\/07\/michael-weber-fotografie-fotograf-fotostudio-hochzeitsfotografie-aalen-ostalbkreis.jpg","width":1200,"height":630,"caption":"Michael Weber Fotografie in Aalen Ostalbkreis"},"image":{"@id":"https:\/\/weber-medien.de\/#\/schema\/logo\/image\/"},"sameAs":["https:\/\/www.facebook.com\/weberfotografie","https:\/\/www.instagram.com\/weberfotografie"]}]}},"_links":{"self":[{"href":"https:\/\/weber-medien.de\/index.php?rest_route=\/wp\/v2\/bauman_portfolio\/4087","targetHints":{"allow":["GET"]}}],"collection":[{"href":"https:\/\/weber-medien.de\/index.php?rest_route=\/wp\/v2\/bauman_portfolio"}],"about":[{"href":"https:\/\/weber-medien.de\/index.php?rest_route=\/wp\/v2\/types\/bauman_portfolio"}],"wp:attachment":[{"href":"https:\/\/weber-medien.de\/index.php?rest_route=%2Fwp%2Fv2%2Fmedia&parent=4087"}],"wp:term":[{"taxonomy":"portfolio_category","embeddable":true,"href":"https:\/\/weber-medien.de\/index.php?rest_route=%2Fwp%2Fv2%2Fportfolio_category&post=4087"}],"curies":[{"name":"wp","href":"https:\/\/api.w.org\/{rel}","templated":true}]}}