{"id":4114,"date":"2023-04-09T07:27:59","date_gmt":"2023-04-09T07:27:59","guid":{"rendered":"https:\/\/weber-medien.de\/?post_type=bauman_portfolio&#038;p=4114"},"modified":"2023-05-08T12:45:49","modified_gmt":"2023-05-08T12:45:49","slug":"wandern-aalen-natur-ostalb-landschaft-ostalbkreis-hiking-ellwangen-landschaftsfotograf-heidenheim-naturfotograf-oberkochen","status":"publish","type":"bauman_portfolio","link":"https:\/\/weber-medien.de\/?bauman_portfolio=wandern-aalen-natur-ostalb-landschaft-ostalbkreis-hiking-ellwangen-landschaftsfotograf-heidenheim-naturfotograf-oberkochen","title":{"rendered":"Wandern Aalen Natur Ostalb Landschaft Ostalbkreis Hiking Ellwangen Landschaftsfotograf Heidenheim Naturfotograf Oberkochen"},"content":{"rendered":"\n<p><\/p>\n\n\n\n<p>Landschaftsfotografie auf der Ostalb, Naturfotograf in Aalen, Wildlife Photographer Naturephotographer Landscapephotographer Naturelover Landscapelover, Naturfotograf auf der Schw\u00e4bischen Alb Michael Weber. <\/p>\n\n\n\n<p><\/p>\n\n\n\n<div id=\"justified-grid\" class=\"wp-block-bauman-gutenberg-collage full has-animation\">\n<div class=\"collage-thumb\"><a class=\"image-link\" href=\"https:\/\/weber-medien.de\/wp-content\/uploads\/2023\/04\/landschaftsfotograf-in-aalen-naturfotograf-ostalbkreis-naturliebhaber-wandern-heidneheim.jpg\"><img decoding=\"async\" src=\"https:\/\/weber-medien.de\/wp-content\/uploads\/2023\/04\/landschaftsfotograf-in-aalen-naturfotograf-ostalbkreis-naturliebhaber-wandern-heidneheim.jpg\" alt=\"\" \/><div class=\"thumb-info\"><h6><\/h6><\/div><\/a><\/div>\n\n\n\n<div class=\"collage-thumb\"><a class=\"image-link\" href=\"https:\/\/weber-medien.de\/wp-content\/uploads\/2023\/04\/aalen-fotograf-flugzeugwrack-ostalbkreis-landschaft-ellwangen-abtsgmuend-hohenstadt.jpg\"><img decoding=\"async\" src=\"https:\/\/weber-medien.de\/wp-content\/uploads\/2023\/04\/aalen-fotograf-flugzeugwrack-ostalbkreis-landschaft-ellwangen-abtsgmuend-hohenstadt.jpg\" alt=\"\" \/><div class=\"thumb-info\"><h6><\/h6><\/div><\/a><\/div>\n\n\n\n<div class=\"collage-thumb\"><a class=\"image-link\" href=\"https:\/\/weber-medien.de\/wp-content\/uploads\/2023\/05\/landschaftsfotografie-aalen-landschaftsfotograf-ostalbkreis-alpen-kulturprojekt-Artist-Kuenslter-Fotograf.jpg\"><img decoding=\"async\" src=\"https:\/\/weber-medien.de\/wp-content\/uploads\/2023\/05\/landschaftsfotografie-aalen-landschaftsfotograf-ostalbkreis-alpen-kulturprojekt-Artist-Kuenslter-Fotograf.jpg\" alt=\"\" \/><div class=\"thumb-info\"><h6><\/h6><\/div><\/a><\/div>\n\n\n\n<div class=\"collage-thumb\"><a class=\"image-link\" href=\"https:\/\/weber-medien.de\/wp-content\/uploads\/2023\/04\/landschaftsfotograf-ostalbkreis-wandern-aalen-naturfotograf-ellwangen.jpg\"><img decoding=\"async\" src=\"https:\/\/weber-medien.de\/wp-content\/uploads\/2023\/04\/landschaftsfotograf-ostalbkreis-wandern-aalen-naturfotograf-ellwangen.jpg\" alt=\"\" \/><div class=\"thumb-info\"><h6><\/h6><\/div><\/a><\/div>\n\n\n\n<div class=\"collage-thumb\"><a class=\"image-link\" href=\"https:\/\/weber-medien.de\/wp-content\/uploads\/2023\/04\/naturfotograf-abtsgmuend-landschaftsfotograf-hohenstadt-wandern-neubronn-hiking-kochertal-michael-weber.jpg\"><img decoding=\"async\" src=\"https:\/\/weber-medien.de\/wp-content\/uploads\/2023\/04\/naturfotograf-abtsgmuend-landschaftsfotograf-hohenstadt-wandern-neubronn-hiking-kochertal-michael-weber.jpg\" alt=\"\" \/><div class=\"thumb-info\"><h6><\/h6><\/div><\/a><\/div>\n\n\n\n<div class=\"collage-thumb\"><a class=\"image-link\" href=\"https:\/\/weber-medien.de\/wp-content\/uploads\/2023\/04\/kunstfotografie-aalen-kunstprojekt-ostalbkreis-fotografie-abtsgmuend-kulturprojekt-ellwangen.jpg\"><img decoding=\"async\" src=\"https:\/\/weber-medien.de\/wp-content\/uploads\/2023\/04\/kunstfotografie-aalen-kunstprojekt-ostalbkreis-fotografie-abtsgmuend-kulturprojekt-ellwangen.jpg\" alt=\"\" \/><div class=\"thumb-info\"><h6><\/h6><\/div><\/a><\/div>\n\n\n\n<div class=\"collage-thumb\"><a class=\"image-link\" href=\"https:\/\/weber-medien.de\/wp-content\/uploads\/2023\/04\/wandern-aalen-hiking-ostalbkreis-landschaftsfotograf-abtsgmuend-naturfotograf-hohenstadt.jpg\"><img decoding=\"async\" src=\"https:\/\/weber-medien.de\/wp-content\/uploads\/2023\/04\/wandern-aalen-hiking-ostalbkreis-landschaftsfotograf-abtsgmuend-naturfotograf-hohenstadt.jpg\" alt=\"\" \/><div class=\"thumb-info\"><h6><\/h6><\/div><\/a><\/div>\n\n\n\n<div class=\"collage-thumb\"><a class=\"image-link\" href=\"https:\/\/weber-medien.de\/wp-content\/uploads\/2023\/04\/ostalbkreis-landschaftsfotograf-aalen-naturfotograf-wandern-ellwangen-hiking-heidenheim.jpg\"><img decoding=\"async\" src=\"https:\/\/weber-medien.de\/wp-content\/uploads\/2023\/04\/ostalbkreis-landschaftsfotograf-aalen-naturfotograf-wandern-ellwangen-hiking-heidenheim.jpg\" alt=\"\" \/><div class=\"thumb-info\"><h6><\/h6><\/div><\/a><\/div>\n\n\n\n<div class=\"collage-thumb\"><a class=\"image-link\" href=\"https:\/\/weber-medien.de\/wp-content\/uploads\/2023\/04\/aalen-landschaftsfotograf-ostalbkreis-naturfotograf-ellwangen-natur-fotograf-auftragsfotografie-heidenheim.jpg\"><img decoding=\"async\" src=\"https:\/\/weber-medien.de\/wp-content\/uploads\/2023\/04\/aalen-landschaftsfotograf-ostalbkreis-naturfotograf-ellwangen-natur-fotograf-auftragsfotografie-heidenheim.jpg\" alt=\"\" \/><div class=\"thumb-info\"><h6><\/h6><\/div><\/a><\/div>\n<\/div>\n\n\n\n<p><\/p>\n\n\n\n<p>Travel Reisen auf der Schw\u00e4bischen Alb. Wandern auf der Schw\u00e4bischen Alb. Reisen in Baden- W\u00fcrttemberg. Wandern und Natur genie\u00dfen auf der Ostalb. Hiking in Baden-W\u00fcrttemberg. Sonnenuntergang am Albtrauf. Landscapelovers Naturelovers Naturliebhaber Landschaftsliebhaber. Fotowanderung auf der Schw\u00e4bischen Alb. Phototraveling in S\u00fcddeutschland. Landscape Landscapephotographer Landscapephotography Naturephotography Naturfotografie Sunset Sonnenuntergang auf der Schw\u00e4bischen Alb.<\/p>\n\n\n\n<p>Wasseralfingen, Ostalbkreis, Fotostudio und Fotograf in Unterrombach, Hofherrnweiler, Forst, Oberrombach, Abtsgm\u00fcnd, H\u00fcttlingen, Adelmannsfelden, Hohenstadt, Neubronn, M\u00f6gglingen, B\u00f6bingen, Schw\u00e4bisch Gm\u00fcnd, N\u00f6rdlingen, Familienfotograf, Paarfotograf Shooting Paarshooting, Firmenfotograf, Vereinsfotograf, Vereinfotograf, Schulfotograf, Kikafotograf, Kindergatenfotograf, Bopfingen, Ostalb, Lauchheim, Westhausen, Neuler, Heubach, Bartholom\u00e4, Lauterburg, Steinheim, Steinheim am Albuch.<\/p>\n\n\n\n<p>Michael Weber Fotografie Fotograf Fotostudio Foto-Loft in Aalen aktiv auch in der Region &#8211; Ellwangen, Schnaitheim, Unterkochen, Oberkochen, K\u00f6nigsbronn, Essingen, M\u00f6gglingen, Heidenheim.<\/p>\n\n\n\n<p>&nbsp;Modefotografie, Landschaftsfotografie, Stra\u00dfenfotografie, Szenische Fotografie, Pin-up Fotografie, Kindergarten, Schule, Kinderfotograf, Klassenfoto, Hochzeitsreportagen, Familienportraits, Familienfotos Liebespaare, Kinder und Familien, Kinder &amp; Familien Schulfotograf, Kindergartenfotograf, Vereinfotograf, Vereinsfotograf, Sportfotograf, Makeup, Make-up, Make-up Artist, Visa, Visachist, Visagist, Brautstylist, Kosmetik, Cosmetic, Kosmetiker, Kosmetikerin, Make-up Profi, TFP-Vertrag Abtsgm\u00fcnd.<\/p>\n\n\n\n<p>Photoloft, Photo-Loft, Photo, Foto, Hochzeitsfotografie, Aktfotografie, Actionfotografie, Schwarzwei\u00dffotografie, Fotografik, Food-Fotografie, Konzertfotografie, Gothicfotografie, Casual Fotografie, Casualfotografie, Hochzeitsfotografie, Hochzeitsfotograf, Sensual Portrait, Architekturfotografie, Dokumentationsfotografie, Auftragsfotografie, Auftrag-Fotografie, TFP, TFP-Vertrag, TFP-Vertrag Aalen Sensual Fotografie, Sensual Photography, Boudoir, Boudoir Photography, Loft, Fotoloft, Foto-Loft, Hochzeitsfotos, Hochzeitsfotograf, Eventfotograf, Hochzeiten, Portraits, Akt, Dessous, Street, Streetart, Inddor, Outdoor, Fotostudio, Loft, Foto-Loft, Fotoloft.<\/p>\n\n\n\n<p>Portraitfotos, Portraitphotos, Foto-Portrait, Photo-Portrait, Fotoportrait,&nbsp;Streetphotography, Island-Fotografie, Islandphotography, Island-Photography, Island-Fotos, Island-Photos, Islandfotos, Islandphotos, Photoportrait, Fotoreportage, Photoreportage, Foto-Reportage, Photoreportage, Hochzeitsreportage, Island, Islandfotografie, Street, Streetfotografie, Street-Fotografie, Hochzeit Reportage, Reportage, Portrait-Foto, Portrait-Photo, Portraitfoto, Portraitphoto,&nbsp; uvm<\/p>\n","protected":false},"template":"","portfolio_category":[24],"class_list":["post-4114","bauman_portfolio","type-bauman_portfolio","status-publish","hentry","portfolio_category-landschaft"],"aioseo_notices":[],"yoast_head":"<!-- This site is optimized with the Yoast SEO plugin v27.5 - https:\/\/yoast.com\/product\/yoast-seo-wordpress\/ -->\n<title>Wandern Aalen Natur Ostalb Landschaft Ostalbkreis Hiking Ellwangen Landschaftsfotograf Heidenheim Naturfotograf Oberkochen - Fotografie Aalen Ellwangen Heidenheim Abtsgm\u00fcnd Oberkochen Unterkochen Schw\u00e4bisch Gm\u00fcnd Ostalb<\/title>\n<meta name=\"description\" content=\"Landschaftsfotograf in Aalen Naturfotograf Ostalbkreis Wandern Heidenheim Hiking Abtsgm\u00fcnd Wanderlust Hohenstadt Schw\u00e4bische-Alb Landscape-Photographer\" \/>\n<meta name=\"robots\" content=\"index, follow, max-snippet:-1, max-image-preview:large, max-video-preview:-1\" \/>\n<link rel=\"canonical\" href=\"https:\/\/weber-medien.de\/?bauman_portfolio=wandern-aalen-natur-ostalb-landschaft-ostalbkreis-hiking-ellwangen-landschaftsfotograf-heidenheim-naturfotograf-oberkochen\" \/>\n<meta property=\"og:locale\" content=\"de_DE\" \/>\n<meta property=\"og:type\" content=\"article\" \/>\n<meta property=\"og:title\" content=\"Wandern Aalen Natur Ostalb Landschaft Ostalbkreis Hiking Ellwangen Landschaftsfotograf Heidenheim Naturfotograf Oberkochen - Fotografie Aalen Ellwangen Heidenheim Abtsgm\u00fcnd Oberkochen Unterkochen Schw\u00e4bisch Gm\u00fcnd Ostalb\" \/>\n<meta property=\"og:description\" content=\"Landschaftsfotograf in Aalen Naturfotograf Ostalbkreis Wandern Heidenheim Hiking Abtsgm\u00fcnd Wanderlust Hohenstadt Schw\u00e4bische-Alb Landscape-Photographer\" \/>\n<meta property=\"og:url\" content=\"https:\/\/weber-medien.de\/?bauman_portfolio=wandern-aalen-natur-ostalb-landschaft-ostalbkreis-hiking-ellwangen-landschaftsfotograf-heidenheim-naturfotograf-oberkochen\" \/>\n<meta property=\"og:site_name\" content=\"Fotografie Aalen Ellwangen Heidenheim Abtsgm\u00fcnd Oberkochen Unterkochen Schw\u00e4bisch Gm\u00fcnd Ostalb\" \/>\n<meta property=\"article:publisher\" content=\"https:\/\/www.facebook.com\/weberfotografie\" \/>\n<meta property=\"article:modified_time\" content=\"2023-05-08T12:45:49+00:00\" \/>\n<meta property=\"og:image\" content=\"https:\/\/weber-medien.de\/wp-content\/uploads\/2021\/07\/michael-weber-fotografie-fotograf-fotostudio-ostalbkreis.jpg\" \/>\n\t<meta property=\"og:image:width\" content=\"1024\" \/>\n\t<meta property=\"og:image:height\" content=\"538\" \/>\n\t<meta property=\"og:image:type\" content=\"image\/jpeg\" \/>\n<meta name=\"twitter:card\" content=\"summary_large_image\" \/>\n<meta name=\"twitter:label1\" content=\"Gesch\u00e4tzte Lesezeit\" \/>\n\t<meta name=\"twitter:data1\" content=\"2\u00a0Minuten\" \/>\n<script type=\"application\/ld+json\" class=\"yoast-schema-graph\">{\"@context\":\"https:\\\/\\\/schema.org\",\"@graph\":[{\"@type\":\"WebPage\",\"@id\":\"https:\\\/\\\/weber-medien.de\\\/?bauman_portfolio=wandern-aalen-natur-ostalb-landschaft-ostalbkreis-hiking-ellwangen-landschaftsfotograf-heidenheim-naturfotograf-oberkochen\",\"url\":\"https:\\\/\\\/weber-medien.de\\\/?bauman_portfolio=wandern-aalen-natur-ostalb-landschaft-ostalbkreis-hiking-ellwangen-landschaftsfotograf-heidenheim-naturfotograf-oberkochen\",\"name\":\"Wandern Aalen Natur Ostalb Landschaft Ostalbkreis Hiking Ellwangen Landschaftsfotograf Heidenheim Naturfotograf Oberkochen - Fotografie Aalen Ellwangen Heidenheim Abtsgm\u00fcnd Oberkochen Unterkochen Schw\u00e4bisch Gm\u00fcnd Ostalb\",\"isPartOf\":{\"@id\":\"https:\\\/\\\/weber-medien.de\\\/#website\"},\"datePublished\":\"2023-04-09T07:27:59+00:00\",\"dateModified\":\"2023-05-08T12:45:49+00:00\",\"description\":\"Landschaftsfotograf in Aalen Naturfotograf Ostalbkreis Wandern Heidenheim Hiking Abtsgm\u00fcnd Wanderlust Hohenstadt Schw\u00e4bische-Alb Landscape-Photographer\",\"breadcrumb\":{\"@id\":\"https:\\\/\\\/weber-medien.de\\\/?bauman_portfolio=wandern-aalen-natur-ostalb-landschaft-ostalbkreis-hiking-ellwangen-landschaftsfotograf-heidenheim-naturfotograf-oberkochen#breadcrumb\"},\"inLanguage\":\"de\",\"potentialAction\":[{\"@type\":\"ReadAction\",\"target\":[\"https:\\\/\\\/weber-medien.de\\\/?bauman_portfolio=wandern-aalen-natur-ostalb-landschaft-ostalbkreis-hiking-ellwangen-landschaftsfotograf-heidenheim-naturfotograf-oberkochen\"]}]},{\"@type\":\"BreadcrumbList\",\"@id\":\"https:\\\/\\\/weber-medien.de\\\/?bauman_portfolio=wandern-aalen-natur-ostalb-landschaft-ostalbkreis-hiking-ellwangen-landschaftsfotograf-heidenheim-naturfotograf-oberkochen#breadcrumb\",\"itemListElement\":[{\"@type\":\"ListItem\",\"position\":1,\"name\":\"Startseite\",\"item\":\"https:\\\/\\\/weber-medien.de\\\/\"},{\"@type\":\"ListItem\",\"position\":2,\"name\":\"Wandern Aalen Natur Ostalb Landschaft Ostalbkreis Hiking Ellwangen Landschaftsfotograf Heidenheim Naturfotograf Oberkochen\"}]},{\"@type\":\"WebSite\",\"@id\":\"https:\\\/\\\/weber-medien.de\\\/#website\",\"url\":\"https:\\\/\\\/weber-medien.de\\\/\",\"name\":\"Fotografie Aalen Ellwangen Heidenheim Abtsgm\u00fcnd Oberkochen Unterkochen Schw\u00e4bisch Gm\u00fcnd Ostalb\",\"description\":\"Fotografie Ostalbkreis Michael Weber Fotograf Hochzeit\",\"publisher\":{\"@id\":\"https:\\\/\\\/weber-medien.de\\\/#organization\"},\"potentialAction\":[{\"@type\":\"SearchAction\",\"target\":{\"@type\":\"EntryPoint\",\"urlTemplate\":\"https:\\\/\\\/weber-medien.de\\\/?s={search_term_string}\"},\"query-input\":{\"@type\":\"PropertyValueSpecification\",\"valueRequired\":true,\"valueName\":\"search_term_string\"}}],\"inLanguage\":\"de\"},{\"@type\":\"Organization\",\"@id\":\"https:\\\/\\\/weber-medien.de\\\/#organization\",\"name\":\"Michael Weber Fotografie in Aalen Ostalbkreis\",\"url\":\"https:\\\/\\\/weber-medien.de\\\/\",\"logo\":{\"@type\":\"ImageObject\",\"inLanguage\":\"de\",\"@id\":\"https:\\\/\\\/weber-medien.de\\\/#\\\/schema\\\/logo\\\/image\\\/\",\"url\":\"https:\\\/\\\/weber-medien.de\\\/wp-content\\\/uploads\\\/2021\\\/07\\\/michael-weber-fotografie-fotograf-fotostudio-hochzeitsfotografie-aalen-ostalbkreis.jpg\",\"contentUrl\":\"https:\\\/\\\/weber-medien.de\\\/wp-content\\\/uploads\\\/2021\\\/07\\\/michael-weber-fotografie-fotograf-fotostudio-hochzeitsfotografie-aalen-ostalbkreis.jpg\",\"width\":1200,\"height\":630,\"caption\":\"Michael Weber Fotografie in Aalen Ostalbkreis\"},\"image\":{\"@id\":\"https:\\\/\\\/weber-medien.de\\\/#\\\/schema\\\/logo\\\/image\\\/\"},\"sameAs\":[\"https:\\\/\\\/www.facebook.com\\\/weberfotografie\",\"https:\\\/\\\/www.instagram.com\\\/weberfotografie\"]}]}<\/script>\n<!-- \/ Yoast SEO plugin. -->","yoast_head_json":{"title":"Wandern Aalen Natur Ostalb Landschaft Ostalbkreis Hiking Ellwangen Landschaftsfotograf Heidenheim Naturfotograf Oberkochen - Fotografie Aalen Ellwangen Heidenheim Abtsgm\u00fcnd Oberkochen Unterkochen Schw\u00e4bisch Gm\u00fcnd Ostalb","description":"Landschaftsfotograf in Aalen Naturfotograf Ostalbkreis Wandern Heidenheim Hiking Abtsgm\u00fcnd Wanderlust Hohenstadt Schw\u00e4bische-Alb Landscape-Photographer","robots":{"index":"index","follow":"follow","max-snippet":"max-snippet:-1","max-image-preview":"max-image-preview:large","max-video-preview":"max-video-preview:-1"},"canonical":"https:\/\/weber-medien.de\/?bauman_portfolio=wandern-aalen-natur-ostalb-landschaft-ostalbkreis-hiking-ellwangen-landschaftsfotograf-heidenheim-naturfotograf-oberkochen","og_locale":"de_DE","og_type":"article","og_title":"Wandern Aalen Natur Ostalb Landschaft Ostalbkreis Hiking Ellwangen Landschaftsfotograf Heidenheim Naturfotograf Oberkochen - Fotografie Aalen Ellwangen Heidenheim Abtsgm\u00fcnd Oberkochen Unterkochen Schw\u00e4bisch Gm\u00fcnd Ostalb","og_description":"Landschaftsfotograf in Aalen Naturfotograf Ostalbkreis Wandern Heidenheim Hiking Abtsgm\u00fcnd Wanderlust Hohenstadt Schw\u00e4bische-Alb Landscape-Photographer","og_url":"https:\/\/weber-medien.de\/?bauman_portfolio=wandern-aalen-natur-ostalb-landschaft-ostalbkreis-hiking-ellwangen-landschaftsfotograf-heidenheim-naturfotograf-oberkochen","og_site_name":"Fotografie Aalen Ellwangen Heidenheim Abtsgm\u00fcnd Oberkochen Unterkochen Schw\u00e4bisch Gm\u00fcnd Ostalb","article_publisher":"https:\/\/www.facebook.com\/weberfotografie","article_modified_time":"2023-05-08T12:45:49+00:00","og_image":[{"width":1024,"height":538,"url":"https:\/\/weber-medien.de\/wp-content\/uploads\/2021\/07\/michael-weber-fotografie-fotograf-fotostudio-ostalbkreis.jpg","type":"image\/jpeg"}],"twitter_card":"summary_large_image","twitter_misc":{"Gesch\u00e4tzte Lesezeit":"2\u00a0Minuten"},"schema":{"@context":"https:\/\/schema.org","@graph":[{"@type":"WebPage","@id":"https:\/\/weber-medien.de\/?bauman_portfolio=wandern-aalen-natur-ostalb-landschaft-ostalbkreis-hiking-ellwangen-landschaftsfotograf-heidenheim-naturfotograf-oberkochen","url":"https:\/\/weber-medien.de\/?bauman_portfolio=wandern-aalen-natur-ostalb-landschaft-ostalbkreis-hiking-ellwangen-landschaftsfotograf-heidenheim-naturfotograf-oberkochen","name":"Wandern Aalen Natur Ostalb Landschaft Ostalbkreis Hiking Ellwangen Landschaftsfotograf Heidenheim Naturfotograf Oberkochen - Fotografie Aalen Ellwangen Heidenheim Abtsgm\u00fcnd Oberkochen Unterkochen Schw\u00e4bisch Gm\u00fcnd Ostalb","isPartOf":{"@id":"https:\/\/weber-medien.de\/#website"},"datePublished":"2023-04-09T07:27:59+00:00","dateModified":"2023-05-08T12:45:49+00:00","description":"Landschaftsfotograf in Aalen Naturfotograf Ostalbkreis Wandern Heidenheim Hiking Abtsgm\u00fcnd Wanderlust Hohenstadt Schw\u00e4bische-Alb Landscape-Photographer","breadcrumb":{"@id":"https:\/\/weber-medien.de\/?bauman_portfolio=wandern-aalen-natur-ostalb-landschaft-ostalbkreis-hiking-ellwangen-landschaftsfotograf-heidenheim-naturfotograf-oberkochen#breadcrumb"},"inLanguage":"de","potentialAction":[{"@type":"ReadAction","target":["https:\/\/weber-medien.de\/?bauman_portfolio=wandern-aalen-natur-ostalb-landschaft-ostalbkreis-hiking-ellwangen-landschaftsfotograf-heidenheim-naturfotograf-oberkochen"]}]},{"@type":"BreadcrumbList","@id":"https:\/\/weber-medien.de\/?bauman_portfolio=wandern-aalen-natur-ostalb-landschaft-ostalbkreis-hiking-ellwangen-landschaftsfotograf-heidenheim-naturfotograf-oberkochen#breadcrumb","itemListElement":[{"@type":"ListItem","position":1,"name":"Startseite","item":"https:\/\/weber-medien.de\/"},{"@type":"ListItem","position":2,"name":"Wandern Aalen Natur Ostalb Landschaft Ostalbkreis Hiking Ellwangen Landschaftsfotograf Heidenheim Naturfotograf Oberkochen"}]},{"@type":"WebSite","@id":"https:\/\/weber-medien.de\/#website","url":"https:\/\/weber-medien.de\/","name":"Fotografie Aalen Ellwangen Heidenheim Abtsgm\u00fcnd Oberkochen Unterkochen Schw\u00e4bisch Gm\u00fcnd Ostalb","description":"Fotografie Ostalbkreis Michael Weber Fotograf Hochzeit","publisher":{"@id":"https:\/\/weber-medien.de\/#organization"},"potentialAction":[{"@type":"SearchAction","target":{"@type":"EntryPoint","urlTemplate":"https:\/\/weber-medien.de\/?s={search_term_string}"},"query-input":{"@type":"PropertyValueSpecification","valueRequired":true,"valueName":"search_term_string"}}],"inLanguage":"de"},{"@type":"Organization","@id":"https:\/\/weber-medien.de\/#organization","name":"Michael Weber Fotografie in Aalen Ostalbkreis","url":"https:\/\/weber-medien.de\/","logo":{"@type":"ImageObject","inLanguage":"de","@id":"https:\/\/weber-medien.de\/#\/schema\/logo\/image\/","url":"https:\/\/weber-medien.de\/wp-content\/uploads\/2021\/07\/michael-weber-fotografie-fotograf-fotostudio-hochzeitsfotografie-aalen-ostalbkreis.jpg","contentUrl":"https:\/\/weber-medien.de\/wp-content\/uploads\/2021\/07\/michael-weber-fotografie-fotograf-fotostudio-hochzeitsfotografie-aalen-ostalbkreis.jpg","width":1200,"height":630,"caption":"Michael Weber Fotografie in Aalen Ostalbkreis"},"image":{"@id":"https:\/\/weber-medien.de\/#\/schema\/logo\/image\/"},"sameAs":["https:\/\/www.facebook.com\/weberfotografie","https:\/\/www.instagram.com\/weberfotografie"]}]}},"_links":{"self":[{"href":"https:\/\/weber-medien.de\/index.php?rest_route=\/wp\/v2\/bauman_portfolio\/4114","targetHints":{"allow":["GET"]}}],"collection":[{"href":"https:\/\/weber-medien.de\/index.php?rest_route=\/wp\/v2\/bauman_portfolio"}],"about":[{"href":"https:\/\/weber-medien.de\/index.php?rest_route=\/wp\/v2\/types\/bauman_portfolio"}],"wp:attachment":[{"href":"https:\/\/weber-medien.de\/index.php?rest_route=%2Fwp%2Fv2%2Fmedia&parent=4114"}],"wp:term":[{"taxonomy":"portfolio_category","embeddable":true,"href":"https:\/\/weber-medien.de\/index.php?rest_route=%2Fwp%2Fv2%2Fportfolio_category&post=4114"}],"curies":[{"name":"wp","href":"https:\/\/api.w.org\/{rel}","templated":true}]}}