{"id":2634,"date":"2020-01-08T19:57:03","date_gmt":"2020-01-08T19:57:03","guid":{"rendered":"http:\/\/clapat.ro\/themes\/bauman-wordpress\/?page_id=2634"},"modified":"2025-03-12T10:03:31","modified_gmt":"2025-03-12T10:03:31","slug":"michael-weber-fotografie-in-aalen-ostalbkreis-abtsgmuend-fotostudio-hohenstadt-hochzeitsfotografie-ellwangen","status":"publish","type":"page","link":"https:\/\/weber-medien.de\/?page_id=2634","title":{"rendered":"\u00dcber uns &#8211; Michael Weber Fotografie Fotostudio Aalen &#8211; Ostalbkreis Hochzeitsfotograf Hochzeitsfeier Hochzeitsreportage Hochzeitsdokumentation Hochzeit Braut Br\u00e4utigam Hochzeitskleid Shooting Loft Ellwangen Abtsgm\u00fcnd Heidenheim Schw\u00e4bisch Gm\u00fcnd"},"content":{"rendered":"\n<div style=\"height:40px\" aria-hidden=\"true\" class=\"wp-block-spacer\"><\/div>\n\n\n\n<div class=\"wp-block-bauman-gutenberg-container row_padding_bottom\" style=\"background-color:transparent;text-align:left\">\n<div class=\"wp-block-columns is-layout-flex wp-container-core-columns-is-layout-9d6595d7 wp-block-columns-is-layout-flex\">\n<div class=\"wp-block-column is-layout-flow wp-block-column-is-layout-flow\">\n<p>Es ist alles nur ein Hobby mit ganz viel Leidenschaft!<br>Wir sind kein Gewerbe, kein Verkauf von Fotos oder Shootings!<\/p>\n\n\n\n<p>Diese Webseite ist eine private(!) virtuelle Online-Galerie.<\/p>\n\n\n\n<p>Graphic-Designer \/ Content-Creator \/ Photographer \/ Media-Artist \/ Krypto-Trader<\/p>\n\n\n\n<p>Ich arbeite mit modernen Sony Systemkameras, DJI-Drohnen, Adobe \/ Photoshop und 3D Rendering.<\/p>\n\n\n\n<strong><span style=\"color: #339966;\">Michael Weber Fotografie und Fotoart ist eine virtuelle Online-Galerie aus Fotografie, Photoshop-Kunst und 3D-Rendering. <p><p><p><p>\n25 Jahre Michael Weber Fotografie 2000-2025!<\/span><\/strong>\n\n\n\n<p><\/p>\n\n\n\n<p><\/p>\n\n\n\n<figure class=\"wp-block-image size-full\"><img loading=\"lazy\" decoding=\"async\" width=\"700\" height=\"525\" src=\"https:\/\/weber-medien.de\/wp-content\/uploads\/2025\/03\/michael-weber-aalen-ostalbkeis-fotostudio-fotograf-kunst-art-abtsgmuend.jpg\" alt=\"\" class=\"wp-image-4452\" srcset=\"https:\/\/weber-medien.de\/wp-content\/uploads\/2025\/03\/michael-weber-aalen-ostalbkeis-fotostudio-fotograf-kunst-art-abtsgmuend.jpg 700w, https:\/\/weber-medien.de\/wp-content\/uploads\/2025\/03\/michael-weber-aalen-ostalbkeis-fotostudio-fotograf-kunst-art-abtsgmuend-300x225.jpg 300w\" sizes=\"auto, (max-width: 700px) 100vw, 700px\" \/><figcaption class=\"wp-element-caption\">Michael Weber &#8211; Fotograf \/ Grafik-Designer, Aalen im Ostalbkreis<\/figcaption><\/figure>\n\n\n\n<p><\/p>\n\n\n\n<p><\/p>\n\n\n\n<p>Klicke auf meinen Drohnenf\u00fchrerschein und du kommst direkt zum Gigapixel-Panorama auf Aalen \/ Ostalbkreis. Aufgenommen mit einer unserer neuesten Drohnen.<\/p>\n\n\n\n<figure class=\"wp-block-image size-large is-resized\"><a href=\"https:\/\/www.fotostudio-aalen.de\/?page_id=2597\" target=\"_blank\" rel=\"Gigapixel Panorama Aalen Ostalbkreis noopener\"><img loading=\"lazy\" decoding=\"async\" width=\"1024\" height=\"766\" src=\"https:\/\/weber-medien.de\/wp-content\/uploads\/2021\/07\/aalen-ostalbkreis-eu-drohnenfuehrerschein-kompetenznachweis-drohnenfotografie-1024x766.png\" alt=\"\" class=\"wp-image-3522\" style=\"width:-293px;height:-218px\" srcset=\"https:\/\/weber-medien.de\/wp-content\/uploads\/2021\/07\/aalen-ostalbkreis-eu-drohnenfuehrerschein-kompetenznachweis-drohnenfotografie-1024x766.png 1024w, https:\/\/weber-medien.de\/wp-content\/uploads\/2021\/07\/aalen-ostalbkreis-eu-drohnenfuehrerschein-kompetenznachweis-drohnenfotografie-300x224.png 300w, https:\/\/weber-medien.de\/wp-content\/uploads\/2021\/07\/aalen-ostalbkreis-eu-drohnenfuehrerschein-kompetenznachweis-drohnenfotografie-768x574.png 768w, https:\/\/weber-medien.de\/wp-content\/uploads\/2021\/07\/aalen-ostalbkreis-eu-drohnenfuehrerschein-kompetenznachweis-drohnenfotografie.png 1500w\" sizes=\"auto, (max-width: 1024px) 100vw, 1024px\" \/><\/a><\/figure>\n\n\n\n<p>Ein aufregendes Projekt war die Milchstra\u00dfe \u00fcber Aalen zu fotografieren. Mit einer Drohne gar nicht so einfach. Schau dir unser Ergebnis gleich an. Wir bleiben nat\u00fcrlich dran und suchen uns st\u00e4ndig neue Orte und Aufgaben die wir meistern k\u00f6nnen.<\/p>\n\n\n\n<figure class=\"wp-block-gallery aligncenter has-nested-images columns-default is-cropped wp-block-gallery-1 is-layout-flex wp-block-gallery-is-layout-flex\">\n<figure class=\"wp-block-image size-large\"><img loading=\"lazy\" decoding=\"async\" width=\"1024\" height=\"683\" data-id=\"3525\" src=\"https:\/\/weber-medien.de\/wp-content\/uploads\/2021\/07\/aalen-milchstrasse-milkyway-bei-nacht-ostalbkreis-abtsgmuend-nachtfotografie-sterne-3000x2000-1-1024x683.jpg\" alt=\"Milchstra\u00dfe \u00fcber Aalen bei Nacht Milkyway Sterne Sternenhimmel Abtsgm\u00fcnd H\u00fcttlingen Heidenheim Ellwangen Schw\u00e4bisch Gm\u00fcnd Ostalbkreis\" class=\"wp-image-3525\" srcset=\"https:\/\/weber-medien.de\/wp-content\/uploads\/2021\/07\/aalen-milchstrasse-milkyway-bei-nacht-ostalbkreis-abtsgmuend-nachtfotografie-sterne-3000x2000-1-1024x683.jpg 1024w, https:\/\/weber-medien.de\/wp-content\/uploads\/2021\/07\/aalen-milchstrasse-milkyway-bei-nacht-ostalbkreis-abtsgmuend-nachtfotografie-sterne-3000x2000-1-300x200.jpg 300w, https:\/\/weber-medien.de\/wp-content\/uploads\/2021\/07\/aalen-milchstrasse-milkyway-bei-nacht-ostalbkreis-abtsgmuend-nachtfotografie-sterne-3000x2000-1-768x512.jpg 768w, https:\/\/weber-medien.de\/wp-content\/uploads\/2021\/07\/aalen-milchstrasse-milkyway-bei-nacht-ostalbkreis-abtsgmuend-nachtfotografie-sterne-3000x2000-1-1536x1024.jpg 1536w, https:\/\/weber-medien.de\/wp-content\/uploads\/2021\/07\/aalen-milchstrasse-milkyway-bei-nacht-ostalbkreis-abtsgmuend-nachtfotografie-sterne-3000x2000-1-2048x1365.jpg 2048w\" sizes=\"auto, (max-width: 1024px) 100vw, 1024px\" \/><\/figure>\n<\/figure>\n\n\n\n<div class=\"wp-block-columns alignfull is-layout-flex wp-container-core-columns-is-layout-9d6595d7 wp-block-columns-is-layout-flex\"><\/div>\n\n\n\n<p><\/p>\n\n\n\n<p>Unser Luxus Foto-Loft in Aalen im 360 Sph\u00e4ren Panorama f\u00fcr dich. <\/p>\n<\/div>\n<\/div>\n\n\n\n\t\t<div class=\"dimage-360-area\" id=\"dtcontainer_1\"><\/div>\r\n\t\t<script>\r\n\t\tvar div = document.getElementById('dtcontainer_1');\r\n\t\tvar PSV = new PhotoSphereViewer({\r\n\t\t\t\tpanorama: 'https:\/\/weber-medien.de\/wp-content\/uploads\/2020\/09\/aalen-luxus-loft-immobilien-kaufen-fotoloft-fotostudio-ostalbkreis-1-scaled.jpg',\r\n\t\t\t\tcontainer: div,\r\n\t\t\t\tdefault_position: {long: 0\/60},\r\n\t\t\t\ttime_anim: 1000,\r\n\t\t\t\tnavbar: true,\r\n\t\t\t\tallow_scroll_to_zoom: true,\r\n\t\t\t\tzoom_level: 0,\r\n\t\t\t\tanim_speed: '1rpm',\r\n\t\t\t\tnavbar_style: {\r\n\t\t\t\t\tbackgroundColor: 'rgba(58, 67, 77, 0.7)'\r\n\t\t\t\t},\t\t\r\n\t\t\t});\r\n\t\t<\/script>   \r\n\t\t\n\n\n\n<div style=\"height:40px\" aria-hidden=\"true\" class=\"wp-block-spacer\"><\/div>\n\n\n\n<p>Unsere Beleuchtung ist digital programmierbar und umfasst 700 HDR Stufen &#8211; also jede Farbe die du m\u00f6chtest.<\/p>\n\n\n\n<div style=\"height:42px\" aria-hidden=\"true\" class=\"wp-block-spacer\"><\/div>\n\n\n\n\t\t<div class=\"dimage-360-area\" id=\"dtcontainer_2\"><\/div>\r\n\t\t<script>\r\n\t\tvar div = document.getElementById('dtcontainer_2');\r\n\t\tvar PSV = new PhotoSphereViewer({\r\n\t\t\t\tpanorama: 'https:\/\/weber-medien.de\/wp-content\/uploads\/2020\/09\/ostalbkreis-luxus-loft-aalen-ellwangen-immobilien-kaufen-vip-lounche-abtsgmuend-heidenheim-scaled.jpg',\r\n\t\t\t\tcontainer: div,\r\n\t\t\t\tdefault_position: {long: 0\/60},\r\n\t\t\t\ttime_anim: 1000,\r\n\t\t\t\tnavbar: true,\r\n\t\t\t\tallow_scroll_to_zoom: true,\r\n\t\t\t\tzoom_level: 0,\r\n\t\t\t\tanim_speed: '1rpm',\r\n\t\t\t\tnavbar_style: {\r\n\t\t\t\t\tbackgroundColor: 'rgba(58, 67, 77, 0.7)'\r\n\t\t\t\t},\t\t\r\n\t\t\t});\r\n\t\t<\/script>   \r\n\t\t\n<\/div>\n\n\n\n<p><\/p>\n\n\n\n<p>Michael Weber Fotografie ist kein kommerzielles Fotostudio. Wir fotografieren <strong>ausschlie\u00dflich<\/strong> privat und in unserer Freizeit!<\/p>\n\n\n\n<p><\/p>\n\n\n\n<strong><span style=\"color: #339966;\">F\u00fcr alle G E Z &#8211; Tanten &#8211; dieses Projekt ist privat finanziert und hat nicht ansatzweise mit einem Gewerbe zu tun. Wenn ihr nervt k\u00fcmmert sich meine Rechtsschutz um euch. Ich verdiene immer noch als regul\u00e4r angestellter Grafiker mein Geld.\nMichael Weber Fotografie Fotostudio in Aalen &#8211; Ostalbkreis ist und bleibt ein<span style=\"color: #ff0000;\"> &#8222;non-commercial-project&#8220;<\/span>!<\/span><\/strong>\n\n\n\n<p><strong><em><strong><em>________________________<\/em><\/strong><\/em><\/strong><\/p>\n\n\n\n<p><\/p>\n\n\n\n<p>Michael Weber Fotografie in Aalen \/ Ostalbkreis ist eine rein private Webseite. Sie wird als virtuelle Online-Galerie genutzt. Schaut euch meine Bilder an. In diesem Sinne einen wundersch\u00f6nen Tag!<br><\/p>\n\n\n\n<p>Liebe Gr\u00fc\u00dfe euer Michael!<\/p>\n\n\n<div class=\"wp-block-image\">\n<figure class=\"aligncenter size-full is-resized\"><img loading=\"lazy\" decoding=\"async\" width=\"685\" height=\"195\" src=\"https:\/\/weber-medien.de\/wp-content\/uploads\/2023\/04\/michael-weber-fotografie-fotoart-aalen-fotografie-ostalbkreis-fotostudio-art.jpg\" alt=\"\" class=\"wp-image-4163\" style=\"width:507px;height:144px\" srcset=\"https:\/\/weber-medien.de\/wp-content\/uploads\/2023\/04\/michael-weber-fotografie-fotoart-aalen-fotografie-ostalbkreis-fotostudio-art.jpg 685w, https:\/\/weber-medien.de\/wp-content\/uploads\/2023\/04\/michael-weber-fotografie-fotoart-aalen-fotografie-ostalbkreis-fotostudio-art-300x85.jpg 300w\" sizes=\"auto, (max-width: 685px) 100vw, 685px\" \/><\/figure>\n<\/div>\n\n\n<hr class=\"wp-block-separator has-alpha-channel-opacity\"\/>\n\n\n\n<h3 class=\"wp-block-heading has-text-align-center\">meine Seiten:<\/h3>\n\n\n\n<p class=\"has-text-align-center\"><a href=\"https:\/\/www.fotostudio-aalen.de\" target=\"_blank\" rel=\"noreferrer noopener\">www.fotostudio-aalen.de<\/a><\/p>\n\n\n\n<p class=\"has-text-align-center\"><a href=\"https:\/\/www.weber-medien.de\" target=\"_blank\" rel=\"noreferrer noopener\">www.weber-medien.de<\/a><\/p>\n\n\n\n<p class=\"has-text-align-center\"><a href=\"http:\/\/www.weber-medien.com\" target=\"_blank\" rel=\"noreferrer noopener\">www.weber-medien.com<\/a><\/p>\n\n\n\n<p class=\"has-text-align-center\"><a href=\"http:\/\/www.michael-weber-fotoart.de\" target=\"_blank\" rel=\"noreferrer noopener\">www.michael-weber-fotoart.de<\/a><\/p>\n\n\n\n<p class=\"has-text-align-center\"><a href=\"https:\/\/www.facebook.com\/weberfotografie\" target=\"_blank\" rel=\"noreferrer noopener\">www.facebook.com\/weberfotografie<\/a><\/p>\n\n\n\n<p class=\"has-text-align-center\"><a href=\"https:\/\/www.facebook.com\/weberfotografie.aalen\" target=\"_blank\" rel=\"noreferrer noopener\">www.facebook.com\/weberfotografie.aalen<\/a><\/p>\n\n\n\n<p class=\"has-text-align-center\"><a href=\"https:\/\/www.instagram.com\/weberfotografie\" target=\"_blank\" rel=\"noreferrer noopener\">www.instagram.com\/weberfotografie<\/a><\/p>\n\n\n\n<p class=\"has-text-align-center\"><a href=\"https:\/\/www.instagram.com\/michaelweberfotografie\" target=\"_blank\" rel=\"noreferrer noopener\">www.instagram.com\/michaelweberfotografie<\/a><\/p>\n\n\n\n<p class=\"has-text-align-center\"><a href=\"https:\/\/twitter.com\/weberfotografie\" target=\"_blank\" rel=\"noreferrer noopener\">www.twitter.com\/weberfotografie<\/a><\/p>\n\n\n\n<p class=\"has-text-align-center\"><a href=\"https:\/\/tiktok.com\/@weberfotografie\" target=\"_blank\" rel=\"noreferrer noopener\">www.tiktok.com\/@weberfotografie<\/a><\/p>\n\n\n\n<p class=\"has-text-align-center\"><a href=\"https:\/\/www.threads.net\/@weberfotografie\" target=\"_blank\" rel=\"noreferrer noopener\">https:\/\/www.threads.net\/@weberfotografie<\/a><\/p>\n\n\n\n<p><\/p>\n\n\n\n<div class=\"wp-block-bauman-gutenberg-container row_padding_top row_padding_bottom white-section\" style=\"background-color:#131313;text-align:left\">\n<p style=\"font-size:1px\"><code><span style=\"color:#ededed\" class=\"has-inline-color\">Hochzeiten, Portraits, Akt, Dessous, Street, Streetart, Inddor, Outdoor, Fotostudio, Loft, Foto-Loft, Fotoloft, Photoloft, Photo-Loft, Photo, Foto, Hochzeitsfotografie, Aktfotografie, Actionfotografie, Architekturfotografie, Dokumentationsfotografie, Auftragsfotografie, Auftrag-Fotografie, TFP, TFP-Vertrag, TFP-Vertrag Aalen, TFP-Vertrag Abtsgm\u00fcnd, Modefotografie, Landschaftsfotografie, Stra\u00dfenfotografie, Szenische Fotografie, Pin-up Fotografie, Schwarzwei\u00dffotografie, Fotografik, Food-Fotografie, Konzertfotografie, Gothicfotografie, Casual Fotografie, Casualfotografie, Hochzeitsfotografie, Hochzeitsfotograf, Sensual Portrait, Sensual Fotografie, Sensual Photography, Boudoir, Boudoir Photography, Loft, Fotoloft, Foto-Loft, Hochzeitsfotos, Hochzeitsfotograf, Eventfotograf, Kindergarten, Schule, Kinderfotograf, Klassenfoto, Schulfotograf, Kindergartenfotograf, Vereinfotograf, Vereinsfotograf, Sportfotograf, Makeup, Make-up, Make-up Artist, Visa, Visachist, Visagist, Brautstylist, Kosmetik, Cosmetic, Kosmetiker, Kosmetikerin, Make-up Profi, Hochzeitsreportagen, Familienportraits, Familienfotos Liebespaare, Kinder und Familien, Kinder &amp; Familien, Hochzeit Reportage, Reportage, Portrait-Foto, Portrait-Photo, Portraitfoto, Portraitphoto, Portraitfotos, Portraitphotos, Foto-Portrait, Photo-Portrait, Fotoportrait, Photoportrait, Fotoreportage, Photoreportage, Foto-Reportage, Photoreportage, Hochzeitsreportage, Island, Islandfotografie, Street, Streetfotografie, Street-Fotografie, Streetphotography, Island-Fotografie, Islandphotography, Island-Photography, Island-Fotos, Island-Photos, Islandfotos, Islandphotos, Islandfoto, Islandphoto, Island-Foto, Island-Photo, uvm<\/span><\/code><\/p>\n\n\n\n<p style=\"font-size:8px\"><mark style=\"background-color:rgba(0, 0, 0, 0);color:#efefef\" class=\"has-inline-color\">Fotostudio, Aalen, Fotograf, Heidenheim, Shooting, Ellwangen, Auftragsfotografie, N\u00f6rdlingen, Hochzeitsfotografie, Bopfingen, Portrait, Hochzeit, Aalen, Abtsgm\u00fcnd, Neubronn, Studio, Loft, Fotoloft, Foto-Loft, Aalen-Loft, Aalen-Foto-Loft, Photo-Loft, Photoloft, Aalen-Photo-Loft, Kunst, Island, Geburtstag, Verein, Vereinsfotografie, Tierfotografie, Portraitfotografie, Vereinsfotografie, Reportage, Bayern, Ostalbkreis, Rainau, Westhausen, Lauchheim, Essingen, M\u00f6gglingen, Oberkochen, Unterkcohen, K\u00f6nigsbronn, Neuler, Treppach, Onatsfeld, Hammerstadt, Wasseralfingen, H\u00fcttlingen, Affalterried, G\u00f6ppingen, Gei\u00dflingen, Schw\u00e4bische Alb, Alb, Albtrauf, Schwaben, Baden, W\u00fcrttemberg, Badenw\u00fcrttemberg, Bodensee, Konstanz, Brenz, Brenzursprung, Augsburg, Donauw\u00f6rth, Dinkelsb\u00fchl, Crailsheim, Jagstzell, Stimpfach, Adelmannsfelden, Rosenberg, Schechingen, Reichenbach, Gaildorf<\/mark><\/p>\n<\/div>\n\n\n\n<div class=\"wp-block-bauman-gutenberg-container row_padding_top\" style=\"background-color:transparent;text-align:left\">\n<h5 class=\"wp-block-heading has-animation\">Unsere Models<\/h5>\n\n\n\n<h1 class=\"wp-block-heading has-mask\">hier geht es bald weiter<\/h1>\n\n\n\n<div style=\"height:80px\" aria-hidden=\"true\" class=\"wp-block-spacer\"><\/div>\n<\/div>\n\n\n\n<p><\/p>\n","protected":false},"excerpt":{"rendered":"<p>Michael Weber Fotografie ist kein kommerzielles Fotostudio. Wir fotografieren ausschlie\u00dflich privat und in unserer Freizeit! F\u00fcr alle G E Z &#8211; Tanten &#8211; dieses Projekt ist privat finanziert und hat nicht ansatzweise mit einem Gewerbe zu tun. Wenn ihr nervt k\u00fcmmert sich meine Rechtsschutz um euch. Ich verdiene immer noch als regul\u00e4r angestellter Grafiker mein [&hellip;]<\/p>\n","protected":false},"author":1,"featured_media":0,"parent":0,"menu_order":0,"comment_status":"closed","ping_status":"closed","template":"","meta":{"_exactmetrics_skip_tracking":false,"_exactmetrics_sitenote_active":false,"_exactmetrics_sitenote_note":"","_exactmetrics_sitenote_category":0,"_uf_show_specific_survey":0,"_uf_disable_surveys":false,"footnotes":""},"class_list":["post-2634","page","type-page","status-publish","hentry"],"aioseo_notices":[],"yoast_head":"<!-- This site is optimized with the Yoast SEO plugin v27.5 - https:\/\/yoast.com\/product\/yoast-seo-wordpress\/ -->\n<title>\u00dcber uns - Michael Weber Fotografie Fotostudio Aalen - Ostalbkreis Hochzeitsfotograf Hochzeitsfeier Hochzeitsreportage Hochzeitsdokumentation Hochzeit Braut Br\u00e4utigam Hochzeitskleid Shooting Loft Ellwangen Abtsgm\u00fcnd Heidenheim Schw\u00e4bisch Gm\u00fcnd - Fotografie Aalen Ellwangen Heidenheim Abtsgm\u00fcnd Oberkochen Unterkochen Schw\u00e4bisch Gm\u00fcnd Ostalb<\/title>\n<meta name=\"description\" content=\"Michael Weber Fotografie in Aalen Ostalbkreis Abtsgm\u00fcnd Hochzeitsfotografie Drohnenfotografie Ellwangen Heidenheim Paarshooting Familienfotograf\" \/>\n<meta name=\"robots\" content=\"index, follow, max-snippet:-1, max-image-preview:large, max-video-preview:-1\" \/>\n<link rel=\"canonical\" href=\"https:\/\/weber-medien.de\/?page_id=2634\" \/>\n<meta property=\"og:locale\" content=\"de_DE\" \/>\n<meta property=\"og:type\" content=\"article\" \/>\n<meta property=\"og:title\" content=\"\u00dcber uns - Michael Weber Fotografie Fotostudio Aalen - Ostalbkreis Hochzeitsfotograf Hochzeitsfeier Hochzeitsreportage Hochzeitsdokumentation Hochzeit Braut Br\u00e4utigam Hochzeitskleid Shooting Loft Ellwangen Abtsgm\u00fcnd Heidenheim Schw\u00e4bisch Gm\u00fcnd - Fotografie Aalen Ellwangen Heidenheim Abtsgm\u00fcnd Oberkochen Unterkochen Schw\u00e4bisch Gm\u00fcnd Ostalb\" \/>\n<meta property=\"og:description\" content=\"Michael Weber Fotografie in Aalen Ostalbkreis Abtsgm\u00fcnd Hochzeitsfotografie Drohnenfotografie Ellwangen Heidenheim Paarshooting Familienfotograf\" \/>\n<meta property=\"og:url\" content=\"https:\/\/weber-medien.de\/?page_id=2634\" \/>\n<meta property=\"og:site_name\" content=\"Fotografie Aalen Ellwangen Heidenheim Abtsgm\u00fcnd Oberkochen Unterkochen Schw\u00e4bisch Gm\u00fcnd Ostalb\" \/>\n<meta property=\"article:publisher\" content=\"https:\/\/www.facebook.com\/weberfotografie\" \/>\n<meta property=\"article:modified_time\" content=\"2025-03-12T10:03:31+00:00\" \/>\n<meta property=\"og:image\" content=\"https:\/\/weber-medien.de\/wp-content\/uploads\/2025\/03\/michael-weber-aalen-ostalbkeis-fotostudio-fotograf-kunst-art-abtsgmuend.jpg\" \/>\n\t<meta property=\"og:image:width\" content=\"700\" \/>\n\t<meta property=\"og:image:height\" content=\"525\" \/>\n\t<meta property=\"og:image:type\" content=\"image\/jpeg\" \/>\n<meta name=\"twitter:card\" content=\"summary_large_image\" \/>\n<meta name=\"twitter:label1\" content=\"Gesch\u00e4tzte Lesezeit\" \/>\n\t<meta name=\"twitter:data1\" content=\"3\u00a0Minuten\" \/>\n<script type=\"application\/ld+json\" class=\"yoast-schema-graph\">{\"@context\":\"https:\\\/\\\/schema.org\",\"@graph\":[{\"@type\":\"WebPage\",\"@id\":\"https:\\\/\\\/weber-medien.de\\\/?page_id=2634\",\"url\":\"https:\\\/\\\/weber-medien.de\\\/?page_id=2634\",\"name\":\"\u00dcber uns - Michael Weber Fotografie Fotostudio Aalen - Ostalbkreis Hochzeitsfotograf Hochzeitsfeier Hochzeitsreportage Hochzeitsdokumentation Hochzeit Braut Br\u00e4utigam Hochzeitskleid Shooting Loft Ellwangen Abtsgm\u00fcnd Heidenheim Schw\u00e4bisch Gm\u00fcnd - Fotografie Aalen Ellwangen Heidenheim Abtsgm\u00fcnd Oberkochen Unterkochen Schw\u00e4bisch Gm\u00fcnd Ostalb\",\"isPartOf\":{\"@id\":\"https:\\\/\\\/weber-medien.de\\\/#website\"},\"primaryImageOfPage\":{\"@id\":\"https:\\\/\\\/weber-medien.de\\\/?page_id=2634#primaryimage\"},\"image\":{\"@id\":\"https:\\\/\\\/weber-medien.de\\\/?page_id=2634#primaryimage\"},\"thumbnailUrl\":\"https:\\\/\\\/weber-medien.de\\\/wp-content\\\/uploads\\\/2025\\\/03\\\/michael-weber-aalen-ostalbkeis-fotostudio-fotograf-kunst-art-abtsgmuend.jpg\",\"datePublished\":\"2020-01-08T19:57:03+00:00\",\"dateModified\":\"2025-03-12T10:03:31+00:00\",\"description\":\"Michael Weber Fotografie in Aalen Ostalbkreis Abtsgm\u00fcnd Hochzeitsfotografie Drohnenfotografie Ellwangen Heidenheim Paarshooting Familienfotograf\",\"breadcrumb\":{\"@id\":\"https:\\\/\\\/weber-medien.de\\\/?page_id=2634#breadcrumb\"},\"inLanguage\":\"de\",\"potentialAction\":[{\"@type\":\"ReadAction\",\"target\":[\"https:\\\/\\\/weber-medien.de\\\/?page_id=2634\"]}]},{\"@type\":\"ImageObject\",\"inLanguage\":\"de\",\"@id\":\"https:\\\/\\\/weber-medien.de\\\/?page_id=2634#primaryimage\",\"url\":\"https:\\\/\\\/weber-medien.de\\\/wp-content\\\/uploads\\\/2025\\\/03\\\/michael-weber-aalen-ostalbkeis-fotostudio-fotograf-kunst-art-abtsgmuend.jpg\",\"contentUrl\":\"https:\\\/\\\/weber-medien.de\\\/wp-content\\\/uploads\\\/2025\\\/03\\\/michael-weber-aalen-ostalbkeis-fotostudio-fotograf-kunst-art-abtsgmuend.jpg\",\"width\":700,\"height\":525,\"caption\":\"Michael Weber Media Artist Ostalbkreis Fotograf Ostalb K\u00fcnstler Abtsgm\u00fcnd Fotostudio Neubronn Kunst Kochertal Art Ellwangen Fotoart Heidenheim Photoart Schw\u00e4bisch Gm\u00fcnd Fotokunst Fotostudio Grafik-Designer\"},{\"@type\":\"BreadcrumbList\",\"@id\":\"https:\\\/\\\/weber-medien.de\\\/?page_id=2634#breadcrumb\",\"itemListElement\":[{\"@type\":\"ListItem\",\"position\":1,\"name\":\"Startseite\",\"item\":\"https:\\\/\\\/weber-medien.de\\\/\"},{\"@type\":\"ListItem\",\"position\":2,\"name\":\"\u00dcber uns &#8211; Michael Weber Fotografie Fotostudio Aalen &#8211; Ostalbkreis Hochzeitsfotograf Hochzeitsfeier Hochzeitsreportage Hochzeitsdokumentation Hochzeit Braut Br\u00e4utigam Hochzeitskleid Shooting Loft Ellwangen Abtsgm\u00fcnd Heidenheim Schw\u00e4bisch Gm\u00fcnd\"}]},{\"@type\":\"WebSite\",\"@id\":\"https:\\\/\\\/weber-medien.de\\\/#website\",\"url\":\"https:\\\/\\\/weber-medien.de\\\/\",\"name\":\"Fotografie Aalen Ellwangen Heidenheim Abtsgm\u00fcnd Oberkochen Unterkochen Schw\u00e4bisch Gm\u00fcnd Ostalb\",\"description\":\"Fotografie Ostalbkreis Michael Weber Fotograf Hochzeit\",\"publisher\":{\"@id\":\"https:\\\/\\\/weber-medien.de\\\/#organization\"},\"potentialAction\":[{\"@type\":\"SearchAction\",\"target\":{\"@type\":\"EntryPoint\",\"urlTemplate\":\"https:\\\/\\\/weber-medien.de\\\/?s={search_term_string}\"},\"query-input\":{\"@type\":\"PropertyValueSpecification\",\"valueRequired\":true,\"valueName\":\"search_term_string\"}}],\"inLanguage\":\"de\"},{\"@type\":\"Organization\",\"@id\":\"https:\\\/\\\/weber-medien.de\\\/#organization\",\"name\":\"Michael Weber Fotografie in Aalen Ostalbkreis\",\"url\":\"https:\\\/\\\/weber-medien.de\\\/\",\"logo\":{\"@type\":\"ImageObject\",\"inLanguage\":\"de\",\"@id\":\"https:\\\/\\\/weber-medien.de\\\/#\\\/schema\\\/logo\\\/image\\\/\",\"url\":\"https:\\\/\\\/weber-medien.de\\\/wp-content\\\/uploads\\\/2021\\\/07\\\/michael-weber-fotografie-fotograf-fotostudio-hochzeitsfotografie-aalen-ostalbkreis.jpg\",\"contentUrl\":\"https:\\\/\\\/weber-medien.de\\\/wp-content\\\/uploads\\\/2021\\\/07\\\/michael-weber-fotografie-fotograf-fotostudio-hochzeitsfotografie-aalen-ostalbkreis.jpg\",\"width\":1200,\"height\":630,\"caption\":\"Michael Weber Fotografie in Aalen Ostalbkreis\"},\"image\":{\"@id\":\"https:\\\/\\\/weber-medien.de\\\/#\\\/schema\\\/logo\\\/image\\\/\"},\"sameAs\":[\"https:\\\/\\\/www.facebook.com\\\/weberfotografie\",\"https:\\\/\\\/www.instagram.com\\\/weberfotografie\"]}]}<\/script>\n<!-- \/ Yoast SEO plugin. -->","yoast_head_json":{"title":"\u00dcber uns - Michael Weber Fotografie Fotostudio Aalen - Ostalbkreis Hochzeitsfotograf Hochzeitsfeier Hochzeitsreportage Hochzeitsdokumentation Hochzeit Braut Br\u00e4utigam Hochzeitskleid Shooting Loft Ellwangen Abtsgm\u00fcnd Heidenheim Schw\u00e4bisch Gm\u00fcnd - Fotografie Aalen Ellwangen Heidenheim Abtsgm\u00fcnd Oberkochen Unterkochen Schw\u00e4bisch Gm\u00fcnd Ostalb","description":"Michael Weber Fotografie in Aalen Ostalbkreis Abtsgm\u00fcnd Hochzeitsfotografie Drohnenfotografie Ellwangen Heidenheim Paarshooting Familienfotograf","robots":{"index":"index","follow":"follow","max-snippet":"max-snippet:-1","max-image-preview":"max-image-preview:large","max-video-preview":"max-video-preview:-1"},"canonical":"https:\/\/weber-medien.de\/?page_id=2634","og_locale":"de_DE","og_type":"article","og_title":"\u00dcber uns - Michael Weber Fotografie Fotostudio Aalen - Ostalbkreis Hochzeitsfotograf Hochzeitsfeier Hochzeitsreportage Hochzeitsdokumentation Hochzeit Braut Br\u00e4utigam Hochzeitskleid Shooting Loft Ellwangen Abtsgm\u00fcnd Heidenheim Schw\u00e4bisch Gm\u00fcnd - Fotografie Aalen Ellwangen Heidenheim Abtsgm\u00fcnd Oberkochen Unterkochen Schw\u00e4bisch Gm\u00fcnd Ostalb","og_description":"Michael Weber Fotografie in Aalen Ostalbkreis Abtsgm\u00fcnd Hochzeitsfotografie Drohnenfotografie Ellwangen Heidenheim Paarshooting Familienfotograf","og_url":"https:\/\/weber-medien.de\/?page_id=2634","og_site_name":"Fotografie Aalen Ellwangen Heidenheim Abtsgm\u00fcnd Oberkochen Unterkochen Schw\u00e4bisch Gm\u00fcnd Ostalb","article_publisher":"https:\/\/www.facebook.com\/weberfotografie","article_modified_time":"2025-03-12T10:03:31+00:00","og_image":[{"width":700,"height":525,"url":"https:\/\/weber-medien.de\/wp-content\/uploads\/2025\/03\/michael-weber-aalen-ostalbkeis-fotostudio-fotograf-kunst-art-abtsgmuend.jpg","type":"image\/jpeg"}],"twitter_card":"summary_large_image","twitter_misc":{"Gesch\u00e4tzte Lesezeit":"3\u00a0Minuten"},"schema":{"@context":"https:\/\/schema.org","@graph":[{"@type":"WebPage","@id":"https:\/\/weber-medien.de\/?page_id=2634","url":"https:\/\/weber-medien.de\/?page_id=2634","name":"\u00dcber uns - Michael Weber Fotografie Fotostudio Aalen - Ostalbkreis Hochzeitsfotograf Hochzeitsfeier Hochzeitsreportage Hochzeitsdokumentation Hochzeit Braut Br\u00e4utigam Hochzeitskleid Shooting Loft Ellwangen Abtsgm\u00fcnd Heidenheim Schw\u00e4bisch Gm\u00fcnd - Fotografie Aalen Ellwangen Heidenheim Abtsgm\u00fcnd Oberkochen Unterkochen Schw\u00e4bisch Gm\u00fcnd Ostalb","isPartOf":{"@id":"https:\/\/weber-medien.de\/#website"},"primaryImageOfPage":{"@id":"https:\/\/weber-medien.de\/?page_id=2634#primaryimage"},"image":{"@id":"https:\/\/weber-medien.de\/?page_id=2634#primaryimage"},"thumbnailUrl":"https:\/\/weber-medien.de\/wp-content\/uploads\/2025\/03\/michael-weber-aalen-ostalbkeis-fotostudio-fotograf-kunst-art-abtsgmuend.jpg","datePublished":"2020-01-08T19:57:03+00:00","dateModified":"2025-03-12T10:03:31+00:00","description":"Michael Weber Fotografie in Aalen Ostalbkreis Abtsgm\u00fcnd Hochzeitsfotografie Drohnenfotografie Ellwangen Heidenheim Paarshooting Familienfotograf","breadcrumb":{"@id":"https:\/\/weber-medien.de\/?page_id=2634#breadcrumb"},"inLanguage":"de","potentialAction":[{"@type":"ReadAction","target":["https:\/\/weber-medien.de\/?page_id=2634"]}]},{"@type":"ImageObject","inLanguage":"de","@id":"https:\/\/weber-medien.de\/?page_id=2634#primaryimage","url":"https:\/\/weber-medien.de\/wp-content\/uploads\/2025\/03\/michael-weber-aalen-ostalbkeis-fotostudio-fotograf-kunst-art-abtsgmuend.jpg","contentUrl":"https:\/\/weber-medien.de\/wp-content\/uploads\/2025\/03\/michael-weber-aalen-ostalbkeis-fotostudio-fotograf-kunst-art-abtsgmuend.jpg","width":700,"height":525,"caption":"Michael Weber Media Artist Ostalbkreis Fotograf Ostalb K\u00fcnstler Abtsgm\u00fcnd Fotostudio Neubronn Kunst Kochertal Art Ellwangen Fotoart Heidenheim Photoart Schw\u00e4bisch Gm\u00fcnd Fotokunst Fotostudio Grafik-Designer"},{"@type":"BreadcrumbList","@id":"https:\/\/weber-medien.de\/?page_id=2634#breadcrumb","itemListElement":[{"@type":"ListItem","position":1,"name":"Startseite","item":"https:\/\/weber-medien.de\/"},{"@type":"ListItem","position":2,"name":"\u00dcber uns &#8211; Michael Weber Fotografie Fotostudio Aalen &#8211; Ostalbkreis Hochzeitsfotograf Hochzeitsfeier Hochzeitsreportage Hochzeitsdokumentation Hochzeit Braut Br\u00e4utigam Hochzeitskleid Shooting Loft Ellwangen Abtsgm\u00fcnd Heidenheim Schw\u00e4bisch Gm\u00fcnd"}]},{"@type":"WebSite","@id":"https:\/\/weber-medien.de\/#website","url":"https:\/\/weber-medien.de\/","name":"Fotografie Aalen Ellwangen Heidenheim Abtsgm\u00fcnd Oberkochen Unterkochen Schw\u00e4bisch Gm\u00fcnd Ostalb","description":"Fotografie Ostalbkreis Michael Weber Fotograf Hochzeit","publisher":{"@id":"https:\/\/weber-medien.de\/#organization"},"potentialAction":[{"@type":"SearchAction","target":{"@type":"EntryPoint","urlTemplate":"https:\/\/weber-medien.de\/?s={search_term_string}"},"query-input":{"@type":"PropertyValueSpecification","valueRequired":true,"valueName":"search_term_string"}}],"inLanguage":"de"},{"@type":"Organization","@id":"https:\/\/weber-medien.de\/#organization","name":"Michael Weber Fotografie in Aalen Ostalbkreis","url":"https:\/\/weber-medien.de\/","logo":{"@type":"ImageObject","inLanguage":"de","@id":"https:\/\/weber-medien.de\/#\/schema\/logo\/image\/","url":"https:\/\/weber-medien.de\/wp-content\/uploads\/2021\/07\/michael-weber-fotografie-fotograf-fotostudio-hochzeitsfotografie-aalen-ostalbkreis.jpg","contentUrl":"https:\/\/weber-medien.de\/wp-content\/uploads\/2021\/07\/michael-weber-fotografie-fotograf-fotostudio-hochzeitsfotografie-aalen-ostalbkreis.jpg","width":1200,"height":630,"caption":"Michael Weber Fotografie in Aalen Ostalbkreis"},"image":{"@id":"https:\/\/weber-medien.de\/#\/schema\/logo\/image\/"},"sameAs":["https:\/\/www.facebook.com\/weberfotografie","https:\/\/www.instagram.com\/weberfotografie"]}]}},"_links":{"self":[{"href":"https:\/\/weber-medien.de\/index.php?rest_route=\/wp\/v2\/pages\/2634","targetHints":{"allow":["GET"]}}],"collection":[{"href":"https:\/\/weber-medien.de\/index.php?rest_route=\/wp\/v2\/pages"}],"about":[{"href":"https:\/\/weber-medien.de\/index.php?rest_route=\/wp\/v2\/types\/page"}],"author":[{"embeddable":true,"href":"https:\/\/weber-medien.de\/index.php?rest_route=\/wp\/v2\/users\/1"}],"replies":[{"embeddable":true,"href":"https:\/\/weber-medien.de\/index.php?rest_route=%2Fwp%2Fv2%2Fcomments&post=2634"}],"version-history":[{"count":0,"href":"https:\/\/weber-medien.de\/index.php?rest_route=\/wp\/v2\/pages\/2634\/revisions"}],"wp:attachment":[{"href":"https:\/\/weber-medien.de\/index.php?rest_route=%2Fwp%2Fv2%2Fmedia&parent=2634"}],"curies":[{"name":"wp","href":"https:\/\/api.w.org\/{rel}","templated":true}]}}