{"id":2636,"date":"2020-01-08T19:57:22","date_gmt":"2020-01-08T19:57:22","guid":{"rendered":"http:\/\/clapat.ro\/themes\/bauman-wordpress\/?page_id=2636"},"modified":"2025-03-12T10:45:43","modified_gmt":"2025-03-12T10:45:43","slug":"contact","status":"publish","type":"page","link":"https:\/\/weber-medien.de\/?page_id=2636","title":{"rendered":"Fotostudio Aalen Ostalbkreis Abtsgm\u00fcnd Ellwangen Neubronn Neuler H\u00fcttlingen Loft Loftwohnung Ostalb Hochzeitsfotograf Hochezitsfeier Hochzeitsdokumentation Hochzeitsreportage Photographer Fotoshooting Motorradfotografie Autofotografie Familienshooting Auftragsfotografie Kindershooting Kindergartenfotografie"},"content":{"rendered":"\n<div class=\"wp-block-bauman-gutenberg-container row_padding_top\" style=\"background-color:transparent;text-align:left\">\n<h1 class=\"has-mask wp-block-heading\">Du m\u00f6chtest uns etwas mitteilen?<\/h1>\n\n\n\n<div style=\"height:100px\" aria-hidden=\"true\" class=\"wp-block-spacer\"><\/div>\n\n\n\n<div class=\"wp-block-columns is-layout-flex wp-container-core-columns-is-layout-9d6595d7 wp-block-columns-is-layout-flex\">\n<div class=\"wp-block-column is-layout-flow wp-block-column-is-layout-flow\" style=\"flex-basis:33.33%\">\n<div class=\"clapat-icon \"><i class=\"fa fa fa-paper-plane fa-2x fa-2x\" aria-hidden=\"true\"><\/i><\/div><h6>kunstbewerbung(a)fotostudio-aalen.de<\/h6><p>Email<\/p>\n\n\n\n<div style=\"height:20px\" aria-hidden=\"true\" class=\"wp-block-spacer\"><\/div>\n<\/div>\n\n\n\n<div class=\"wp-block-column is-layout-flow wp-block-column-is-layout-flow\" style=\"flex-basis:66.66%\">\n<div class=\"wpcf7 no-js\" id=\"wpcf7-f2781-o1\" lang=\"de-DE\" dir=\"ltr\" data-wpcf7-id=\"2781\">\n<div class=\"screen-reader-response\"><p role=\"status\" aria-live=\"polite\" aria-atomic=\"true\"><\/p> <ul><\/ul><\/div>\n<form action=\"\/index.php?rest_route=%2Fwp%2Fv2%2Fpages%2F2636#wpcf7-f2781-o1\" method=\"post\" class=\"wpcf7-form init\" aria-label=\"Kontaktformular\" novalidate=\"novalidate\" data-status=\"init\">\n<fieldset class=\"hidden-fields-container\"><input type=\"hidden\" name=\"_wpcf7\" value=\"2781\" \/><input type=\"hidden\" name=\"_wpcf7_version\" value=\"6.1.5\" \/><input type=\"hidden\" name=\"_wpcf7_locale\" value=\"de_DE\" \/><input type=\"hidden\" name=\"_wpcf7_unit_tag\" value=\"wpcf7-f2781-o1\" \/><input type=\"hidden\" name=\"_wpcf7_container_post\" value=\"0\" \/><input type=\"hidden\" name=\"_wpcf7_posted_data_hash\" value=\"\" \/><input type=\"hidden\" name=\"_wpcf7_recaptcha_response\" value=\"\" \/>\n<\/fieldset>\n<p><label> Dein Name (Pflichtfeld)<br \/>\n<span class=\"wpcf7-form-control-wrap\" data-name=\"your-name\"><input size=\"40\" maxlength=\"400\" class=\"wpcf7-form-control wpcf7-text wpcf7-validates-as-required\" aria-required=\"true\" aria-invalid=\"false\" value=\"\" type=\"text\" name=\"your-name\" \/><\/span> <\/label>\n<\/p>\n<p><label> Deine E-Mail-Adresse (Pflichtfeld)<br \/>\n<span class=\"wpcf7-form-control-wrap\" data-name=\"your-email\"><input size=\"40\" maxlength=\"400\" class=\"wpcf7-form-control wpcf7-email wpcf7-validates-as-required wpcf7-text wpcf7-validates-as-email\" aria-required=\"true\" aria-invalid=\"false\" value=\"\" type=\"email\" name=\"your-email\" \/><\/span> <\/label>\n<\/p>\n<p><label> Betreff<br \/>\n<span class=\"wpcf7-form-control-wrap\" data-name=\"your-subject\"><input size=\"40\" maxlength=\"400\" class=\"wpcf7-form-control wpcf7-text\" aria-invalid=\"false\" value=\"\" type=\"text\" name=\"your-subject\" \/><\/span> <\/label>\n<\/p>\n<p><label> Deine Nachricht<br \/>\n<span class=\"wpcf7-form-control-wrap\" data-name=\"your-message\"><textarea cols=\"40\" rows=\"10\" maxlength=\"2000\" class=\"wpcf7-form-control wpcf7-textarea\" aria-invalid=\"false\" name=\"your-message\"><\/textarea><\/span> <\/label>\n<\/p>\n<p><input class=\"wpcf7-form-control wpcf7-submit has-spinner\" type=\"submit\" value=\"Senden\" \/>\n<\/p><div class=\"wpcf7-response-output\" aria-hidden=\"true\"><\/div>\n<\/form>\n<\/div>\n\n<\/div>\n<\/div>\n<\/div>\n\n\n\n<p><\/p>\n","protected":false},"excerpt":{"rendered":"","protected":false},"author":1,"featured_media":0,"parent":0,"menu_order":0,"comment_status":"closed","ping_status":"closed","template":"","meta":{"_exactmetrics_skip_tracking":false,"_exactmetrics_sitenote_active":false,"_exactmetrics_sitenote_note":"","_exactmetrics_sitenote_category":0,"_uf_show_specific_survey":0,"_uf_disable_surveys":false,"footnotes":""},"class_list":["post-2636","page","type-page","status-publish","hentry"],"aioseo_notices":[],"yoast_head":"<!-- This site is optimized with the Yoast SEO plugin v27.4 - https:\/\/yoast.com\/product\/yoast-seo-wordpress\/ -->\n<title>Fotostudio Aalen Ostalbkreis Abtsgm\u00fcnd Ellwangen Neubronn Neuler H\u00fcttlingen Loft Loftwohnung Ostalb Hochzeitsfotograf Hochezitsfeier Hochzeitsdokumentation Hochzeitsreportage Photographer Fotoshooting Motorradfotografie Autofotografie Familienshooting Auftragsfotografie Kindershooting Kindergartenfotografie - Fotografie Aalen Ellwangen Heidenheim Abtsgm\u00fcnd Oberkochen Unterkochen Schw\u00e4bisch Gm\u00fcnd Ostalb<\/title>\n<meta name=\"description\" content=\"Heidenheim Fotostudio Fotograf Ostalbkreis Hochzeitsfotografie in Abtsgm\u00fcnd Hohenstadt Neubronn Aalen Wasseralfingen H\u00fcttlingen Oberkochen\" \/>\n<meta name=\"robots\" content=\"index, follow, max-snippet:-1, max-image-preview:large, max-video-preview:-1\" \/>\n<link rel=\"canonical\" href=\"https:\/\/weber-medien.de\/?page_id=2636\" \/>\n<meta property=\"og:locale\" content=\"de_DE\" \/>\n<meta property=\"og:type\" content=\"article\" \/>\n<meta property=\"og:title\" content=\"Fotostudio Aalen Ostalbkreis Abtsgm\u00fcnd Ellwangen Neubronn Neuler H\u00fcttlingen Loft Loftwohnung Ostalb Hochzeitsfotograf Hochezitsfeier Hochzeitsdokumentation Hochzeitsreportage Photographer Fotoshooting Motorradfotografie Autofotografie Familienshooting Auftragsfotografie Kindershooting Kindergartenfotografie - Fotografie Aalen Ellwangen Heidenheim Abtsgm\u00fcnd Oberkochen Unterkochen Schw\u00e4bisch Gm\u00fcnd Ostalb\" \/>\n<meta property=\"og:description\" content=\"Heidenheim Fotostudio Fotograf Ostalbkreis Hochzeitsfotografie in Abtsgm\u00fcnd Hohenstadt Neubronn Aalen Wasseralfingen H\u00fcttlingen Oberkochen\" \/>\n<meta property=\"og:url\" content=\"https:\/\/weber-medien.de\/?page_id=2636\" \/>\n<meta property=\"og:site_name\" content=\"Fotografie Aalen Ellwangen Heidenheim Abtsgm\u00fcnd Oberkochen Unterkochen Schw\u00e4bisch Gm\u00fcnd Ostalb\" \/>\n<meta property=\"article:publisher\" content=\"https:\/\/www.facebook.com\/weberfotografie\" \/>\n<meta property=\"article:modified_time\" content=\"2025-03-12T10:45:43+00:00\" \/>\n<meta property=\"og:image\" content=\"https:\/\/weber-medien.de\/wp-content\/uploads\/2021\/07\/michael-weber-fotografie-fotograf-fotostudio-ostalbkreis.jpg\" \/>\n\t<meta property=\"og:image:width\" content=\"1024\" \/>\n\t<meta property=\"og:image:height\" content=\"538\" \/>\n\t<meta property=\"og:image:type\" content=\"image\/jpeg\" \/>\n<meta name=\"twitter:card\" content=\"summary_large_image\" \/>\n<meta name=\"twitter:label1\" content=\"Gesch\u00e4tzte Lesezeit\" \/>\n\t<meta name=\"twitter:data1\" content=\"1\u00a0Minute\" \/>\n<script type=\"application\/ld+json\" class=\"yoast-schema-graph\">{\"@context\":\"https:\\\/\\\/schema.org\",\"@graph\":[{\"@type\":\"WebPage\",\"@id\":\"https:\\\/\\\/weber-medien.de\\\/?page_id=2636\",\"url\":\"https:\\\/\\\/weber-medien.de\\\/?page_id=2636\",\"name\":\"Fotostudio Aalen Ostalbkreis Abtsgm\u00fcnd Ellwangen Neubronn Neuler H\u00fcttlingen Loft Loftwohnung Ostalb Hochzeitsfotograf Hochezitsfeier Hochzeitsdokumentation Hochzeitsreportage Photographer Fotoshooting Motorradfotografie Autofotografie Familienshooting Auftragsfotografie Kindershooting Kindergartenfotografie - Fotografie Aalen Ellwangen Heidenheim Abtsgm\u00fcnd Oberkochen Unterkochen Schw\u00e4bisch Gm\u00fcnd Ostalb\",\"isPartOf\":{\"@id\":\"https:\\\/\\\/weber-medien.de\\\/#website\"},\"datePublished\":\"2020-01-08T19:57:22+00:00\",\"dateModified\":\"2025-03-12T10:45:43+00:00\",\"description\":\"Heidenheim Fotostudio Fotograf Ostalbkreis Hochzeitsfotografie in Abtsgm\u00fcnd Hohenstadt Neubronn Aalen Wasseralfingen H\u00fcttlingen Oberkochen\",\"breadcrumb\":{\"@id\":\"https:\\\/\\\/weber-medien.de\\\/?page_id=2636#breadcrumb\"},\"inLanguage\":\"de\",\"potentialAction\":[{\"@type\":\"ReadAction\",\"target\":[\"https:\\\/\\\/weber-medien.de\\\/?page_id=2636\"]}]},{\"@type\":\"BreadcrumbList\",\"@id\":\"https:\\\/\\\/weber-medien.de\\\/?page_id=2636#breadcrumb\",\"itemListElement\":[{\"@type\":\"ListItem\",\"position\":1,\"name\":\"Startseite\",\"item\":\"https:\\\/\\\/weber-medien.de\\\/\"},{\"@type\":\"ListItem\",\"position\":2,\"name\":\"Fotostudio Aalen Ostalbkreis Abtsgm\u00fcnd Ellwangen Neubronn Neuler H\u00fcttlingen Loft Loftwohnung Ostalb Hochzeitsfotograf Hochezitsfeier Hochzeitsdokumentation Hochzeitsreportage Photographer Fotoshooting Motorradfotografie Autofotografie Familienshooting Auftragsfotografie Kindershooting Kindergartenfotografie\"}]},{\"@type\":\"WebSite\",\"@id\":\"https:\\\/\\\/weber-medien.de\\\/#website\",\"url\":\"https:\\\/\\\/weber-medien.de\\\/\",\"name\":\"Fotografie Aalen Ellwangen Heidenheim Abtsgm\u00fcnd Oberkochen Unterkochen Schw\u00e4bisch Gm\u00fcnd Ostalb\",\"description\":\"Fotografie Ostalbkreis Michael Weber Fotograf Hochzeit\",\"publisher\":{\"@id\":\"https:\\\/\\\/weber-medien.de\\\/#organization\"},\"potentialAction\":[{\"@type\":\"SearchAction\",\"target\":{\"@type\":\"EntryPoint\",\"urlTemplate\":\"https:\\\/\\\/weber-medien.de\\\/?s={search_term_string}\"},\"query-input\":{\"@type\":\"PropertyValueSpecification\",\"valueRequired\":true,\"valueName\":\"search_term_string\"}}],\"inLanguage\":\"de\"},{\"@type\":\"Organization\",\"@id\":\"https:\\\/\\\/weber-medien.de\\\/#organization\",\"name\":\"Michael Weber Fotografie in Aalen Ostalbkreis\",\"url\":\"https:\\\/\\\/weber-medien.de\\\/\",\"logo\":{\"@type\":\"ImageObject\",\"inLanguage\":\"de\",\"@id\":\"https:\\\/\\\/weber-medien.de\\\/#\\\/schema\\\/logo\\\/image\\\/\",\"url\":\"https:\\\/\\\/weber-medien.de\\\/wp-content\\\/uploads\\\/2021\\\/07\\\/michael-weber-fotografie-fotograf-fotostudio-hochzeitsfotografie-aalen-ostalbkreis.jpg\",\"contentUrl\":\"https:\\\/\\\/weber-medien.de\\\/wp-content\\\/uploads\\\/2021\\\/07\\\/michael-weber-fotografie-fotograf-fotostudio-hochzeitsfotografie-aalen-ostalbkreis.jpg\",\"width\":1200,\"height\":630,\"caption\":\"Michael Weber Fotografie in Aalen Ostalbkreis\"},\"image\":{\"@id\":\"https:\\\/\\\/weber-medien.de\\\/#\\\/schema\\\/logo\\\/image\\\/\"},\"sameAs\":[\"https:\\\/\\\/www.facebook.com\\\/weberfotografie\",\"https:\\\/\\\/www.instagram.com\\\/weberfotografie\"]}]}<\/script>\n<!-- \/ Yoast SEO plugin. -->","yoast_head_json":{"title":"Fotostudio Aalen Ostalbkreis Abtsgm\u00fcnd Ellwangen Neubronn Neuler H\u00fcttlingen Loft Loftwohnung Ostalb Hochzeitsfotograf Hochezitsfeier Hochzeitsdokumentation Hochzeitsreportage Photographer Fotoshooting Motorradfotografie Autofotografie Familienshooting Auftragsfotografie Kindershooting Kindergartenfotografie - Fotografie Aalen Ellwangen Heidenheim Abtsgm\u00fcnd Oberkochen Unterkochen Schw\u00e4bisch Gm\u00fcnd Ostalb","description":"Heidenheim Fotostudio Fotograf Ostalbkreis Hochzeitsfotografie in Abtsgm\u00fcnd Hohenstadt Neubronn Aalen Wasseralfingen H\u00fcttlingen Oberkochen","robots":{"index":"index","follow":"follow","max-snippet":"max-snippet:-1","max-image-preview":"max-image-preview:large","max-video-preview":"max-video-preview:-1"},"canonical":"https:\/\/weber-medien.de\/?page_id=2636","og_locale":"de_DE","og_type":"article","og_title":"Fotostudio Aalen Ostalbkreis Abtsgm\u00fcnd Ellwangen Neubronn Neuler H\u00fcttlingen Loft Loftwohnung Ostalb Hochzeitsfotograf Hochezitsfeier Hochzeitsdokumentation Hochzeitsreportage Photographer Fotoshooting Motorradfotografie Autofotografie Familienshooting Auftragsfotografie Kindershooting Kindergartenfotografie - Fotografie Aalen Ellwangen Heidenheim Abtsgm\u00fcnd Oberkochen Unterkochen Schw\u00e4bisch Gm\u00fcnd Ostalb","og_description":"Heidenheim Fotostudio Fotograf Ostalbkreis Hochzeitsfotografie in Abtsgm\u00fcnd Hohenstadt Neubronn Aalen Wasseralfingen H\u00fcttlingen Oberkochen","og_url":"https:\/\/weber-medien.de\/?page_id=2636","og_site_name":"Fotografie Aalen Ellwangen Heidenheim Abtsgm\u00fcnd Oberkochen Unterkochen Schw\u00e4bisch Gm\u00fcnd Ostalb","article_publisher":"https:\/\/www.facebook.com\/weberfotografie","article_modified_time":"2025-03-12T10:45:43+00:00","og_image":[{"width":1024,"height":538,"url":"https:\/\/weber-medien.de\/wp-content\/uploads\/2021\/07\/michael-weber-fotografie-fotograf-fotostudio-ostalbkreis.jpg","type":"image\/jpeg"}],"twitter_card":"summary_large_image","twitter_misc":{"Gesch\u00e4tzte Lesezeit":"1\u00a0Minute"},"schema":{"@context":"https:\/\/schema.org","@graph":[{"@type":"WebPage","@id":"https:\/\/weber-medien.de\/?page_id=2636","url":"https:\/\/weber-medien.de\/?page_id=2636","name":"Fotostudio Aalen Ostalbkreis Abtsgm\u00fcnd Ellwangen Neubronn Neuler H\u00fcttlingen Loft Loftwohnung Ostalb Hochzeitsfotograf Hochezitsfeier Hochzeitsdokumentation Hochzeitsreportage Photographer Fotoshooting Motorradfotografie Autofotografie Familienshooting Auftragsfotografie Kindershooting Kindergartenfotografie - Fotografie Aalen Ellwangen Heidenheim Abtsgm\u00fcnd Oberkochen Unterkochen Schw\u00e4bisch Gm\u00fcnd Ostalb","isPartOf":{"@id":"https:\/\/weber-medien.de\/#website"},"datePublished":"2020-01-08T19:57:22+00:00","dateModified":"2025-03-12T10:45:43+00:00","description":"Heidenheim Fotostudio Fotograf Ostalbkreis Hochzeitsfotografie in Abtsgm\u00fcnd Hohenstadt Neubronn Aalen Wasseralfingen H\u00fcttlingen Oberkochen","breadcrumb":{"@id":"https:\/\/weber-medien.de\/?page_id=2636#breadcrumb"},"inLanguage":"de","potentialAction":[{"@type":"ReadAction","target":["https:\/\/weber-medien.de\/?page_id=2636"]}]},{"@type":"BreadcrumbList","@id":"https:\/\/weber-medien.de\/?page_id=2636#breadcrumb","itemListElement":[{"@type":"ListItem","position":1,"name":"Startseite","item":"https:\/\/weber-medien.de\/"},{"@type":"ListItem","position":2,"name":"Fotostudio Aalen Ostalbkreis Abtsgm\u00fcnd Ellwangen Neubronn Neuler H\u00fcttlingen Loft Loftwohnung Ostalb Hochzeitsfotograf Hochezitsfeier Hochzeitsdokumentation Hochzeitsreportage Photographer Fotoshooting Motorradfotografie Autofotografie Familienshooting Auftragsfotografie Kindershooting Kindergartenfotografie"}]},{"@type":"WebSite","@id":"https:\/\/weber-medien.de\/#website","url":"https:\/\/weber-medien.de\/","name":"Fotografie Aalen Ellwangen Heidenheim Abtsgm\u00fcnd Oberkochen Unterkochen Schw\u00e4bisch Gm\u00fcnd Ostalb","description":"Fotografie Ostalbkreis Michael Weber Fotograf Hochzeit","publisher":{"@id":"https:\/\/weber-medien.de\/#organization"},"potentialAction":[{"@type":"SearchAction","target":{"@type":"EntryPoint","urlTemplate":"https:\/\/weber-medien.de\/?s={search_term_string}"},"query-input":{"@type":"PropertyValueSpecification","valueRequired":true,"valueName":"search_term_string"}}],"inLanguage":"de"},{"@type":"Organization","@id":"https:\/\/weber-medien.de\/#organization","name":"Michael Weber Fotografie in Aalen Ostalbkreis","url":"https:\/\/weber-medien.de\/","logo":{"@type":"ImageObject","inLanguage":"de","@id":"https:\/\/weber-medien.de\/#\/schema\/logo\/image\/","url":"https:\/\/weber-medien.de\/wp-content\/uploads\/2021\/07\/michael-weber-fotografie-fotograf-fotostudio-hochzeitsfotografie-aalen-ostalbkreis.jpg","contentUrl":"https:\/\/weber-medien.de\/wp-content\/uploads\/2021\/07\/michael-weber-fotografie-fotograf-fotostudio-hochzeitsfotografie-aalen-ostalbkreis.jpg","width":1200,"height":630,"caption":"Michael Weber Fotografie in Aalen Ostalbkreis"},"image":{"@id":"https:\/\/weber-medien.de\/#\/schema\/logo\/image\/"},"sameAs":["https:\/\/www.facebook.com\/weberfotografie","https:\/\/www.instagram.com\/weberfotografie"]}]}},"_links":{"self":[{"href":"https:\/\/weber-medien.de\/index.php?rest_route=\/wp\/v2\/pages\/2636","targetHints":{"allow":["GET"]}}],"collection":[{"href":"https:\/\/weber-medien.de\/index.php?rest_route=\/wp\/v2\/pages"}],"about":[{"href":"https:\/\/weber-medien.de\/index.php?rest_route=\/wp\/v2\/types\/page"}],"author":[{"embeddable":true,"href":"https:\/\/weber-medien.de\/index.php?rest_route=\/wp\/v2\/users\/1"}],"replies":[{"embeddable":true,"href":"https:\/\/weber-medien.de\/index.php?rest_route=%2Fwp%2Fv2%2Fcomments&post=2636"}],"version-history":[{"count":0,"href":"https:\/\/weber-medien.de\/index.php?rest_route=\/wp\/v2\/pages\/2636\/revisions"}],"wp:attachment":[{"href":"https:\/\/weber-medien.de\/index.php?rest_route=%2Fwp%2Fv2%2Fmedia&parent=2636"}],"curies":[{"name":"wp","href":"https:\/\/api.w.org\/{rel}","templated":true}]}}